{"id":12483,"date":"2024-05-28T15:13:51","date_gmt":"2024-05-28T13:13:51","guid":{"rendered":"https:\/\/absl.cz\/?post_type=avada_portfolio&#038;p=12483"},"modified":"2024-06-27T15:17:41","modified_gmt":"2024-06-27T13:17:41","slug":"esg-v-praxi-diverzita-inkluze-a-energeticka-efektivita-jako-hnaci-sila-zmen","status":"publish","type":"avada_portfolio","link":"https:\/\/absl.cz\/cs\/news\/esg-v-praxi-diverzita-inkluze-a-energeticka-efektivita-jako-hnaci-sila-zmen\/","title":{"rendered":"ESG v praxi: Diverzita, inkluze a energetick\u00e1 efektivita jako hnac\u00ed s\u00edla zm\u011bn"},"content":{"rendered":"<div class=\"fusion-fullwidth fullwidth-box fusion-builder-row-1 fusion-flex-container has-pattern-background has-mask-background nonhundred-percent-fullwidth non-hundred-percent-height-scrolling\" style=\"--awb-border-radius-top-left:0px;--awb-border-radius-top-right:0px;--awb-border-radius-bottom-right:0px;--awb-border-radius-bottom-left:0px;--awb-flex-wrap:wrap;\" ><div class=\"fusion-builder-row fusion-row fusion-flex-align-items-flex-start fusion-flex-content-wrap\" style=\"max-width:1123.2px;margin-left: calc(-4% \/ 2 );margin-right: calc(-4% \/ 2 );\"><div class=\"fusion-layout-column fusion_builder_column fusion-builder-column-0 fusion_builder_column_1_1 1_1 fusion-flex-column\" style=\"--awb-bg-size:cover;--awb-width-large:100%;--awb-margin-top-large:0px;--awb-spacing-right-large:1.92%;--awb-margin-bottom-large:20px;--awb-spacing-left-large:1.92%;--awb-width-medium:100%;--awb-order-medium:0;--awb-spacing-right-medium:1.92%;--awb-spacing-left-medium:1.92%;--awb-width-small:100%;--awb-order-small:0;--awb-spacing-right-small:1.92%;--awb-spacing-left-small:1.92%;\"><div class=\"fusion-column-wrapper fusion-column-has-shadow fusion-flex-justify-content-flex-start fusion-content-layout-column\"><div class=\"fusion-text fusion-text-1\"><p><strong>Podpora diverzity a inkluze, redukce odpadu a nasazov\u00e1n\u00ed energeticky \u00fa\u010dinn\u00fdch technologi\u00ed \u2013 to jsou t\u0159i hlavn\u00ed oblasti, na kter\u00e9 se podle nejnov\u011bj\u0161\u00edho pr\u016fzkumu asociace ABSL zam\u011b\u0159uj\u00ed firmy z kancel\u00e1\u0159sk\u00fdch obor\u016f v oblasti ESG. Podle nov\u00fdch pravidel mus\u00ed n\u011bkter\u00e9 spole\u010dnosti od leto\u0161n\u00edho ledna sv\u016fj v\u00fdkon povinn\u011b vykazovat v r\u00e1mci ESG reportingu, do roku 2026 se pak tato povinnost roz\u0161\u00ed\u0159\u00ed i na dal\u0161\u00ed subjekty. Podle ABSL se v posledn\u00edch letech udr\u017eiteln\u00fdm strategi\u00edm v\u011bnovalo 88 % firem z oboru IT a podnikov\u00fdch slu\u017eeb, maj\u00ed tak v pln\u011bn\u00ed c\u00edl\u016f n\u00e1skok.<\/strong><\/p>\n<h4><strong>Diverzita a inkluze v hlavn\u00ed roli<\/strong><\/h4>\n<p>Nov\u00fd pr\u016fzkum asociace ABSL uk\u00e1zal, \u017ee diverzita a inkluze tento obor p\u0159\u00edmo charakterizuj\u00ed. V oboru pracuje 90 n\u00e1rodnost\u00ed, 66 % center se v\u011bnuje za\u010dle\u0148ov\u00e1n\u00ed jedinc\u016f se zdravotn\u00edm posti\u017een\u00edm, 73 % center m\u00e1 politiku podporuj\u00edc\u00ed rodi\u010de na rodi\u010dovsk\u00e9 dovolen\u00e9 nebo po n\u00ed, zhruba \u010dtvrtina firem zintenziv\u0148uje n\u00e1bor v\u011bkov\u00e9 skupiny 55+ a polovina m\u00e1 programy na podporu LGBTQ+ komunity. Nav\u00edc 42 % \u010dlen\u016f vrcholov\u00e9ho veden\u00ed tvo\u0159\u00ed \u017eeny, co\u017e tento obor stav\u00ed vysoko nad \u010desk\u00fd a dokonce i evropsk\u00fd pr\u016fm\u011br. Dle studie Deloitte \u017deny ve veden\u00ed p\u0159itom \u010cesk\u00e1 republika se sv\u00fdm 17,2% zastoupen\u00edm \u017een ve veden\u00ed zaost\u00e1v\u00e1 jak za celosv\u011btov\u00fdm (19,7 %) tak evropsk\u00fdm (30,7 %) pr\u016fm\u011brem.<\/p>\n<blockquote>\n<p>\u201eN\u00e1\u0161 nejnov\u011bj\u0161\u00ed pr\u016fzkum op\u011bt potvrdil, \u017ee obor IT a podnikov\u00fdch slu\u017eeb m\u00e1 diverzitu doslova ve sv\u00e9m DNA. Podstatn\u00e9 ov\u0161em je, \u017ee nejen t\u00fdmy zam\u011bstnanc\u016f, ale i vrcholov\u00e9 veden\u00ed jsou slo\u017eeny z r\u016fznorod\u00fdch skupin,\u201c<\/p>\n<\/blockquote>\n<p>\u0159\u00edk\u00e1 Jonathan Appleton, \u0159editel ABSL a zd\u016fraz\u0148uje skute\u010dnost, \u017ee pr\u00e1v\u011b d\u00edky tomu centra dosahuj\u00ed v\u00fdborn\u00fdch v\u00fdsledk\u016f na poli inovac\u00ed i efektivity a ji\u017e dv\u011b des\u00edtky let dynamicky rostou.<\/p>\n<h4><strong>Jak chr\u00e1nit \u017eivotn\u00ed prost\u0159ed\u00ed?<\/strong><\/h4>\n<div class=\"clear\">\n<div class=\"ad\">\n<div id=\"r-clanekws\" class=\"r-main m76 s_widesquare_clankovy\">\n<div class=\"r-head\">Vedle vynikaj\u00edc\u00edch v\u00fdsledk\u016f v \u201eS\u201c \u010d\u00e1sti ESG vykazuje obor v\u00fdborn\u00fd v\u00fdkon i oblasti \u201eE\u201c, tedy environment\u00e1ln\u00ed. V n\u00ed firmy podle pr\u016fzkumu nej\u010dast\u011bji jako sv\u016fj prvn\u00ed krok k ochran\u011b \u017eivotn\u00edho prost\u0159ed\u00ed realizuj\u00ed redukci odpadu (83 %). Vysok\u00fdch 76 % firem pak investuje do energeticky \u00fa\u010dinn\u00fdch za\u0159\u00edzen\u00ed a technologi\u00ed a t\u00e9m\u011b\u0159 polovina dotazovan\u00fdch (48 %) vyjad\u0159uje popt\u00e1vku po \u201ezelen\u00fdch\u201c budov\u00e1ch a kancel\u00e1\u0159\u00edch a sou\u010dasn\u011b \u017e\u00e1d\u00e1 o udr\u017eiteln\u00e9 postupy od sv\u00fdch dodavatel\u016f (45 %).<\/div>\n<\/div>\n<\/div>\n<\/div>\n<p>Z\u00e1jem o \u201ezelen\u00e9\u201c kancel\u00e1\u0159e potvrzuje i spole\u010dnost Colliers.<\/p>\n<blockquote>\n<p>\u00a0\u201eESG je dnes t\u00e9matem ji\u017e prakticky v\u0161ech spole\u010dnost\u00ed, kter\u00e9 \u0159e\u0161\u00ed redesign st\u00e1vaj\u00edc\u00edch prostor nebo popt\u00e1vaj\u00ed nov\u00e9 administrativn\u00ed prostory. Cht\u011bj\u00ed, aby byly v souladu s modern\u00edmi po\u017eadavky na pou\u017eit\u00e9 materi\u00e1ly, vyu\u017eit\u00ed obnoviteln\u00e9 energie, uhl\u00edkovou stopu, nakl\u00e1d\u00e1n\u00ed s odpady, zdrav\u00e9 pracovn\u00ed prost\u0159ed\u00ed \u010di hospod\u00e1rn\u00e9 nakl\u00e1d\u00e1n\u00ed s vodou,\u201c<\/p>\n<\/blockquote>\n<p>\u0159\u00edk\u00e1 Jana Vlkov\u00e1, \u0159editelka odd\u011blen\u00ed Workplace Advisory a Office Agency ve spole\u010dnosti Colliers, s t\u00edm, \u017ee k projekt\u016fm, kter\u00e9 v maxim\u00e1ln\u00ed mo\u017en\u00e9 m\u00ed\u0159e napl\u0148uj\u00ed aktu\u00e1ln\u00ed po\u017eadavky ESG pat\u0159\u00ed nap\u0159\u00edklad projekt PORT7 od developera Skanska v Praze 7 nebo projekt Hagibor od spole\u010dnosti Crestyl. P\u0159i vytv\u00e1\u0159en\u00ed sv\u00fdch ESG report\u016f v\u0161ak dle Jany Vlkov\u00e9 firmy \u010dasto zji\u0161\u0165uj\u00ed, \u017ee nemaj\u00ed o sv\u00fdch budov\u00e1ch a jejich v\u00fdkonu dostatek informac\u00ed.<\/p>\n<h4><strong>Anal\u00fdzou dat k \u00faspor\u00e1m<\/strong><\/h4>\n<p>V pra\u017esk\u00e9m centru inova\u010dn\u00edch a podnikov\u00fdch slu\u017eeb SAP Services si s t\u00edm ov\u0161em snadno poradili &#8211; vyvinili si jednoduch\u00fd n\u00e1stroj Sustainability dashboard, kter\u00fd je postaven\u00fd na technologii SAP Analytics Cloud a um\u00ed sledovat spot\u0159ebu vody a energie a p\u0159epo\u010d\u00edt\u00e1vat ji na vytvo\u0159en\u00e9 mno\u017estv\u00ed CO2. Tento monitoring umo\u017e\u0148uje odhalit celou \u0159adu zaj\u00edmav\u00fdch informac\u00ed, nap\u0159\u00edklad m\u00edsta, kde se zbyte\u010dn\u011b energiemi pl\u00fdtv\u00e1. T\u00fdm spr\u00e1vy budov pak s pomoc\u00ed t\u011bchto dat m\u016f\u017ee reagovat na abnorm\u00e1ln\u00ed hodnoty a p\u0159ed\u00e1vat v\u00fdsledky m\u011b\u0159en\u00ed do centr\u00e1ly pro p\u0159\u00edpravu glob\u00e1ln\u00edho v\u00fdro\u010dn\u00edho ESG reportu. Krom\u011b vody a energi\u00ed bude n\u00e1stroj v SAP Services sledovat i mno\u017estv\u00ed odpadu, kter\u00fd vznik\u00e1 v kancel\u00e1\u0159\u00edch, a do budoucna firma pl\u00e1nuje i monitoring uhl\u00edkov\u00e9 stopy ve spojitosti s firemn\u00edmi auty.<\/p>\n<h4><strong>Energeticky \u00fa\u010dinn\u00e9 technologie sni\u017euj\u00ed dopady i n\u00e1klady<\/strong><\/h4>\n<p>Ve snaze omezit ekologick\u00fd dopad a pos\u00edlit udr\u017eitelnost, firmy tak\u00e9 st\u00e1le v\u00edce p\u0159istupuj\u00ed k vyu\u017e\u00edv\u00e1n\u00ed energeticky \u00fa\u010dinn\u00fdch technologi\u00ed. Vedle \u00fasporn\u00fdch syst\u00e9m\u016f vyt\u00e1p\u011bn\u00ed a chlazen\u00ed v budov\u011b \u010di inteligentn\u00edch syst\u00e9m\u016f osv\u011btlen\u00ed se do pop\u0159ed\u00ed z\u00e1jmu dost\u00e1vaj\u00ed i \u00fasporn\u00e1 \u0159e\u0161en\u00ed na ukl\u00e1d\u00e1n\u00ed a spr\u00e1vu dat. D\u016fvod je z\u0159ejm\u00fd, datov\u00e1 centra odpov\u00eddaj\u00ed za 1-2 % ve\u0161ker\u00e9 spot\u0159eby energie a d\u00edky ob\u0159\u00edm n\u00e1r\u016fst\u016fm objem\u016f dat jejich energetick\u00e9 n\u00e1roky d\u00e1le porostou. Na \u00falo\u017ei\u0161t\u011b z toho obvykle p\u0159ipad\u00e1 kolem 20 %. Se zaj\u00edmav\u00fdm \u0159e\u0161en\u00edm v t\u00e9to oblasti p\u0159i\u0161la spole\u010dnost Pure Storage, kter\u00e1 v r\u00e1mci sv\u00fdch \u0159e\u0161en\u00ed datov\u00fdch \u00falo\u017ei\u0161\u0165 vyu\u017e\u00edvaj\u00edc\u00edch technologie flash umo\u017e\u0148uje sv\u00fdm z\u00e1kazn\u00edk\u016fm z\u00e1sadn\u00ed sn\u00ed\u017een\u00ed spot\u0159eby energie i emis\u00ed oxidu uhli\u010dit\u00e9ho. Jej\u00ed \u00falo\u017en\u00e1 pole toti\u017e pojmou v\u00edce dat na men\u0161\u00ed plochu ne\u017e tradi\u010dn\u00ed \u00falo\u017en\u00e9 produkty a to znamen\u00e1, \u017ee mohou p\u0159in\u00e9st a\u017e 85% sn\u00ed\u017een\u00ed spot\u0159eby energie ve srovn\u00e1n\u00ed s konkuren\u010dn\u00edmi produkty. Tento aspekt nab\u00fdv\u00e1 na d\u016fle\u017eitosti v souvislosti s dramatick\u00fdm n\u00e1r\u016fstem nestrukturovan\u00fdch dat.<\/p>\n<\/div><\/div><\/div><\/div><\/div>\n","protected":false},"excerpt":{"rendered":"","protected":false},"author":6,"featured_media":12484,"menu_order":0,"comment_status":"open","ping_status":"closed","template":"","format":"standard","meta":{"_acf_changed":false,"footnotes":""},"portfolio_category":[35],"portfolio_skills":[],"portfolio_tags":[],"class_list":["post-12483","avada_portfolio","type-avada_portfolio","status-publish","format-standard","has-post-thumbnail","hentry","portfolio_category-absl-v-mediich"],"acf":[],"yoast_head":"<!-- This site is optimized with the Yoast SEO plugin v27.4 - https:\/\/yoast.com\/product\/yoast-seo-wordpress\/ -->\n<title>ESG v praxi: Diverzita, inkluze a energetick\u00e1 efektivita jako hnac\u00ed s\u00edla zm\u011bn - absl<\/title>\n<meta name=\"robots\" content=\"index, follow, max-snippet:-1, max-image-preview:large, max-video-preview:-1\" \/>\n<link rel=\"canonical\" href=\"https:\/\/absl.cz\/cs\/news\/esg-v-praxi-diverzita-inkluze-a-energeticka-efektivita-jako-hnaci-sila-zmen\/\" \/>\n<meta property=\"og:locale\" content=\"cs_CZ\" \/>\n<meta property=\"og:type\" content=\"article\" \/>\n<meta property=\"og:title\" content=\"ESG v praxi: Diverzita, inkluze a energetick\u00e1 efektivita jako hnac\u00ed s\u00edla zm\u011bn - absl\" \/>\n<meta property=\"og:url\" content=\"https:\/\/absl.cz\/cs\/news\/esg-v-praxi-diverzita-inkluze-a-energeticka-efektivita-jako-hnaci-sila-zmen\/\" \/>\n<meta property=\"og:site_name\" content=\"absl\" \/>\n<meta property=\"article:modified_time\" content=\"2024-06-27T13:17:41+00:00\" \/>\n<meta property=\"og:image\" content=\"https:\/\/absl.cz\/wp-content\/uploads\/2024\/06\/Screenshot-2024-06-27-15.14.18.jpg\" \/>\n\t<meta property=\"og:image:width\" content=\"821\" \/>\n\t<meta property=\"og:image:height\" content=\"448\" \/>\n\t<meta property=\"og:image:type\" content=\"image\/jpeg\" \/>\n<meta name=\"twitter:card\" content=\"summary_large_image\" \/>\n<meta name=\"twitter:label1\" content=\"Odhadovan\u00e1 doba \u010dten\u00ed\" \/>\n\t<meta name=\"twitter:data1\" content=\"4 minuty\" \/>\n<script type=\"application\/ld+json\" class=\"yoast-schema-graph\">{\"@context\":\"https:\\\/\\\/schema.org\",\"@graph\":[{\"@type\":\"WebPage\",\"@id\":\"https:\\\/\\\/absl.cz\\\/cs\\\/news\\\/esg-v-praxi-diverzita-inkluze-a-energeticka-efektivita-jako-hnaci-sila-zmen\\\/\",\"url\":\"https:\\\/\\\/absl.cz\\\/cs\\\/news\\\/esg-v-praxi-diverzita-inkluze-a-energeticka-efektivita-jako-hnaci-sila-zmen\\\/\",\"name\":\"ESG v praxi: Diverzita, inkluze a energetick\u00e1 efektivita jako hnac\u00ed s\u00edla zm\u011bn - absl\",\"isPartOf\":{\"@id\":\"https:\\\/\\\/absl.cz\\\/cs\\\/#website\"},\"primaryImageOfPage\":{\"@id\":\"https:\\\/\\\/absl.cz\\\/cs\\\/news\\\/esg-v-praxi-diverzita-inkluze-a-energeticka-efektivita-jako-hnaci-sila-zmen\\\/#primaryimage\"},\"image\":{\"@id\":\"https:\\\/\\\/absl.cz\\\/cs\\\/news\\\/esg-v-praxi-diverzita-inkluze-a-energeticka-efektivita-jako-hnaci-sila-zmen\\\/#primaryimage\"},\"thumbnailUrl\":\"https:\\\/\\\/absl.cz\\\/wp-content\\\/uploads\\\/2024\\\/06\\\/Screenshot-2024-06-27-15.14.18.jpg\",\"datePublished\":\"2024-05-28T13:13:51+00:00\",\"dateModified\":\"2024-06-27T13:17:41+00:00\",\"breadcrumb\":{\"@id\":\"https:\\\/\\\/absl.cz\\\/cs\\\/news\\\/esg-v-praxi-diverzita-inkluze-a-energeticka-efektivita-jako-hnaci-sila-zmen\\\/#breadcrumb\"},\"inLanguage\":\"cs\",\"potentialAction\":[{\"@type\":\"ReadAction\",\"target\":[\"https:\\\/\\\/absl.cz\\\/cs\\\/news\\\/esg-v-praxi-diverzita-inkluze-a-energeticka-efektivita-jako-hnaci-sila-zmen\\\/\"]}]},{\"@type\":\"ImageObject\",\"inLanguage\":\"cs\",\"@id\":\"https:\\\/\\\/absl.cz\\\/cs\\\/news\\\/esg-v-praxi-diverzita-inkluze-a-energeticka-efektivita-jako-hnaci-sila-zmen\\\/#primaryimage\",\"url\":\"https:\\\/\\\/absl.cz\\\/wp-content\\\/uploads\\\/2024\\\/06\\\/Screenshot-2024-06-27-15.14.18.jpg\",\"contentUrl\":\"https:\\\/\\\/absl.cz\\\/wp-content\\\/uploads\\\/2024\\\/06\\\/Screenshot-2024-06-27-15.14.18.jpg\",\"width\":821,\"height\":448},{\"@type\":\"BreadcrumbList\",\"@id\":\"https:\\\/\\\/absl.cz\\\/cs\\\/news\\\/esg-v-praxi-diverzita-inkluze-a-energeticka-efektivita-jako-hnaci-sila-zmen\\\/#breadcrumb\",\"itemListElement\":[{\"@type\":\"ListItem\",\"position\":1,\"name\":\"Portfolio\",\"item\":\"https:\\\/\\\/absl.cz\\\/portfolio-items\\\/\"},{\"@type\":\"ListItem\",\"position\":2,\"name\":\"ESG v praxi: Diverzita, inkluze a energetick\u00e1 efektivita jako hnac\u00ed s\u00edla zm\u011bn\"}]},{\"@type\":\"WebSite\",\"@id\":\"https:\\\/\\\/absl.cz\\\/cs\\\/#website\",\"url\":\"https:\\\/\\\/absl.cz\\\/cs\\\/\",\"name\":\"absl\",\"description\":\"\",\"potentialAction\":[{\"@type\":\"SearchAction\",\"target\":{\"@type\":\"EntryPoint\",\"urlTemplate\":\"https:\\\/\\\/absl.cz\\\/cs\\\/?s={search_term_string}\"},\"query-input\":{\"@type\":\"PropertyValueSpecification\",\"valueRequired\":true,\"valueName\":\"search_term_string\"}}],\"inLanguage\":\"cs\"}]}<\/script>\n<!-- \/ Yoast SEO plugin. -->","yoast_head_json":{"title":"ESG v praxi: Diverzita, inkluze a energetick\u00e1 efektivita jako hnac\u00ed s\u00edla zm\u011bn - absl","robots":{"index":"index","follow":"follow","max-snippet":"max-snippet:-1","max-image-preview":"max-image-preview:large","max-video-preview":"max-video-preview:-1"},"canonical":"https:\/\/absl.cz\/cs\/news\/esg-v-praxi-diverzita-inkluze-a-energeticka-efektivita-jako-hnaci-sila-zmen\/","og_locale":"cs_CZ","og_type":"article","og_title":"ESG v praxi: Diverzita, inkluze a energetick\u00e1 efektivita jako hnac\u00ed s\u00edla zm\u011bn - absl","og_url":"https:\/\/absl.cz\/cs\/news\/esg-v-praxi-diverzita-inkluze-a-energeticka-efektivita-jako-hnaci-sila-zmen\/","og_site_name":"absl","article_modified_time":"2024-06-27T13:17:41+00:00","og_image":[{"width":821,"height":448,"url":"https:\/\/absl.cz\/wp-content\/uploads\/2024\/06\/Screenshot-2024-06-27-15.14.18.jpg","type":"image\/jpeg"}],"twitter_card":"summary_large_image","twitter_misc":{"Odhadovan\u00e1 doba \u010dten\u00ed":"4 minuty"},"schema":{"@context":"https:\/\/schema.org","@graph":[{"@type":"WebPage","@id":"https:\/\/absl.cz\/cs\/news\/esg-v-praxi-diverzita-inkluze-a-energeticka-efektivita-jako-hnaci-sila-zmen\/","url":"https:\/\/absl.cz\/cs\/news\/esg-v-praxi-diverzita-inkluze-a-energeticka-efektivita-jako-hnaci-sila-zmen\/","name":"ESG v praxi: Diverzita, inkluze a energetick\u00e1 efektivita jako hnac\u00ed s\u00edla zm\u011bn - absl","isPartOf":{"@id":"https:\/\/absl.cz\/cs\/#website"},"primaryImageOfPage":{"@id":"https:\/\/absl.cz\/cs\/news\/esg-v-praxi-diverzita-inkluze-a-energeticka-efektivita-jako-hnaci-sila-zmen\/#primaryimage"},"image":{"@id":"https:\/\/absl.cz\/cs\/news\/esg-v-praxi-diverzita-inkluze-a-energeticka-efektivita-jako-hnaci-sila-zmen\/#primaryimage"},"thumbnailUrl":"https:\/\/absl.cz\/wp-content\/uploads\/2024\/06\/Screenshot-2024-06-27-15.14.18.jpg","datePublished":"2024-05-28T13:13:51+00:00","dateModified":"2024-06-27T13:17:41+00:00","breadcrumb":{"@id":"https:\/\/absl.cz\/cs\/news\/esg-v-praxi-diverzita-inkluze-a-energeticka-efektivita-jako-hnaci-sila-zmen\/#breadcrumb"},"inLanguage":"cs","potentialAction":[{"@type":"ReadAction","target":["https:\/\/absl.cz\/cs\/news\/esg-v-praxi-diverzita-inkluze-a-energeticka-efektivita-jako-hnaci-sila-zmen\/"]}]},{"@type":"ImageObject","inLanguage":"cs","@id":"https:\/\/absl.cz\/cs\/news\/esg-v-praxi-diverzita-inkluze-a-energeticka-efektivita-jako-hnaci-sila-zmen\/#primaryimage","url":"https:\/\/absl.cz\/wp-content\/uploads\/2024\/06\/Screenshot-2024-06-27-15.14.18.jpg","contentUrl":"https:\/\/absl.cz\/wp-content\/uploads\/2024\/06\/Screenshot-2024-06-27-15.14.18.jpg","width":821,"height":448},{"@type":"BreadcrumbList","@id":"https:\/\/absl.cz\/cs\/news\/esg-v-praxi-diverzita-inkluze-a-energeticka-efektivita-jako-hnaci-sila-zmen\/#breadcrumb","itemListElement":[{"@type":"ListItem","position":1,"name":"Portfolio","item":"https:\/\/absl.cz\/portfolio-items\/"},{"@type":"ListItem","position":2,"name":"ESG v praxi: Diverzita, inkluze a energetick\u00e1 efektivita jako hnac\u00ed s\u00edla zm\u011bn"}]},{"@type":"WebSite","@id":"https:\/\/absl.cz\/cs\/#website","url":"https:\/\/absl.cz\/cs\/","name":"absl","description":"","potentialAction":[{"@type":"SearchAction","target":{"@type":"EntryPoint","urlTemplate":"https:\/\/absl.cz\/cs\/?s={search_term_string}"},"query-input":{"@type":"PropertyValueSpecification","valueRequired":true,"valueName":"search_term_string"}}],"inLanguage":"cs"}]}},"_links":{"self":[{"href":"https:\/\/absl.cz\/cs\/wp-json\/wp\/v2\/avada_portfolio\/12483","targetHints":{"allow":["GET"]}}],"collection":[{"href":"https:\/\/absl.cz\/cs\/wp-json\/wp\/v2\/avada_portfolio"}],"about":[{"href":"https:\/\/absl.cz\/cs\/wp-json\/wp\/v2\/types\/avada_portfolio"}],"author":[{"embeddable":true,"href":"https:\/\/absl.cz\/cs\/wp-json\/wp\/v2\/users\/6"}],"replies":[{"embeddable":true,"href":"https:\/\/absl.cz\/cs\/wp-json\/wp\/v2\/comments?post=12483"}],"version-history":[{"count":1,"href":"https:\/\/absl.cz\/cs\/wp-json\/wp\/v2\/avada_portfolio\/12483\/revisions"}],"predecessor-version":[{"id":12486,"href":"https:\/\/absl.cz\/cs\/wp-json\/wp\/v2\/avada_portfolio\/12483\/revisions\/12486"}],"wp:featuredmedia":[{"embeddable":true,"href":"https:\/\/absl.cz\/cs\/wp-json\/wp\/v2\/media\/12484"}],"wp:attachment":[{"href":"https:\/\/absl.cz\/cs\/wp-json\/wp\/v2\/media?parent=12483"}],"wp:term":[{"taxonomy":"portfolio_category","embeddable":true,"href":"https:\/\/absl.cz\/cs\/wp-json\/wp\/v2\/portfolio_category?post=12483"},{"taxonomy":"portfolio_skills","embeddable":true,"href":"https:\/\/absl.cz\/cs\/wp-json\/wp\/v2\/portfolio_skills?post=12483"},{"taxonomy":"portfolio_tags","embeddable":true,"href":"https:\/\/absl.cz\/cs\/wp-json\/wp\/v2\/portfolio_tags?post=12483"}],"curies":[{"name":"wp","href":"https:\/\/api.w.org\/{rel}","templated":true}]}}