{"id":18566,"date":"2025-11-04T10:01:37","date_gmt":"2025-11-04T09:01:37","guid":{"rendered":"https:\/\/absl.cz\/portfolio-items\/czech-business-services-sector-grows-by-7-it-could-employ-260000-people-by-2030\/"},"modified":"2025-11-04T10:11:08","modified_gmt":"2025-11-04T09:11:08","slug":"czech-business-services-sector-grows-by-7-it-could-employ-260000-people-by-2030","status":"publish","type":"avada_portfolio","link":"https:\/\/absl.cz\/cs\/news\/czech-business-services-sector-grows-by-7-it-could-employ-260000-people-by-2030\/","title":{"rendered":"\u010cesk\u00fd obor podnikov\u00fdch slu\u017eeb roste o 7 %. Do roku 2030 m\u016f\u017ee zam\u011bstn\u00e1vat 260 tis\u00edc lid\u00ed"},"content":{"rendered":"<p><div class=\"fusion-fullwidth fullwidth-box fusion-builder-row-1 fusion-flex-container has-pattern-background has-mask-background nonhundred-percent-fullwidth non-hundred-percent-height-scrolling\" style=\"--awb-border-radius-top-left:0px;--awb-border-radius-top-right:0px;--awb-border-radius-bottom-right:0px;--awb-border-radius-bottom-left:0px;--awb-flex-wrap:wrap;\" ><div class=\"fusion-builder-row fusion-row fusion-flex-align-items-flex-start fusion-flex-content-wrap\" style=\"max-width:1123.2px;margin-left: calc(-4% \/ 2 );margin-right: calc(-4% \/ 2 );\"><div class=\"fusion-layout-column fusion_builder_column fusion-builder-column-0 fusion_builder_column_1_1 1_1 fusion-flex-column\" style=\"--awb-bg-size:cover;--awb-width-large:100%;--awb-margin-top-large:0px;--awb-spacing-right-large:1.92%;--awb-margin-bottom-large:20px;--awb-spacing-left-large:1.92%;--awb-width-medium:100%;--awb-order-medium:0;--awb-spacing-right-medium:1.92%;--awb-spacing-left-medium:1.92%;--awb-width-small:100%;--awb-order-small:0;--awb-spacing-right-small:1.92%;--awb-spacing-left-small:1.92%;\"><div class=\"fusion-column-wrapper fusion-column-has-shadow fusion-flex-justify-content-flex-start fusion-content-layout-column\"><div class=\"fusion-text fusion-text-1\"><p><b>\u010cesk\u00fd obor podnikov\u00fdch slu\u017eeb letos podle pr\u016fzkumu asociace ABSL rostl sedmiprocentn\u00edm tempem a aktu\u00e1ln\u011b zam\u011bstn\u00e1v\u00e1 v\u00edce ne\u017e 200 000 lid\u00ed. V p\u0159\u00ed\u0161t\u00edch dvou letech pl\u00e1nuje 67 % center d\u00e1le expandovat a 63 % z nich chce roz\u0161i\u0159ovat sv\u00e9 aktivity \u2013 p\u0159edev\u0161\u00edm sm\u011brem k\u00a0pos\u00edlen\u00ed efektivity, bezpe\u010dnosti a odolnosti mate\u0159sk\u00fdch firem. R\u016fst p\u0159itom nen\u00ed kr\u00e1tkodob\u00fd. Sektor o\u010dek\u00e1v\u00e1, \u017ee si v dal\u0161\u00edch letech udr\u017e\u00ed stabiln\u00ed p\u011btiprocentn\u00ed tempo, a do roku 2030 by mohl zam\u011bstn\u00e1vat a\u017e 260 000 kvalifikovan\u00fdch odborn\u00edk\u016f. Rostouc\u00ed geopolitick\u00e9 nap\u011bt\u00ed, kybernetick\u00e9 hrozby, dezinformace i naru\u0161en\u00ed dodavatelsk\u00fdch \u0159et\u011bzc\u016f toti\u017e zvy\u0161uj\u00ed tlak na firmy po cel\u00e9m sv\u011bt\u011b \u2013 a pr\u00e1v\u011b centra podnikov\u00fdch slu\u017eeb jim pom\u00e1haj\u00ed tyto v\u00fdzvy zvl\u00e1dat.<\/b><\/p>\n<blockquote>\n<p><i><span style=\"font-weight: 400;\">\u201e\u017dijeme v dob\u011b, kterou ovliv\u0148uje \u0159ada soub\u011b\u017en\u00fdch tlak\u016f \u2013 geopolitick\u00e1 nejistota, rychl\u00e9 technologick\u00e9 zm\u011bny, rostouc\u00ed hrozby v oblasti kybernetick\u00e9 bezpe\u010dnosti a zvy\u0161uj\u00edc\u00ed se n\u00e1klady i nedostatek talent\u016f. V takov\u00e9m prost\u0159ed\u00ed hraje sektor podnikov\u00fdch slu\u017eeb kl\u00ed\u010dovou roli: pom\u00e1h\u00e1 firm\u00e1m udr\u017eet odolnost, agilitu a udr\u017eiteln\u00fd r\u016fst,\u201c <\/span><\/i><\/p>\n<\/blockquote>\n<p><span style=\"font-weight: 400;\">uv\u00e1d\u00ed Jonathan Appleton, zakladatel a v\u00fdkonn\u00fd \u0159editel asociace ABSL, a dod\u00e1v\u00e1:<\/span><\/p>\n<blockquote>\n<p><i><span style=\"font-weight: 400;\"> \u201eObor m\u00e1 za sebou mimo\u0159\u00e1dn\u011b stabiln\u00ed dek\u00e1du a jeho role v \u010desk\u00e9 ekonomice d\u00e1le roste. S v\u00edce ne\u017e 200 tis\u00edci profesion\u00e1ly v 500 centrech, kter\u00e1 poskytuj\u00ed slu\u017eby n\u011bkter\u00fdm z nejv\u011bt\u0161\u00edch mezin\u00e1rodn\u00edch spole\u010dnost\u00ed sv\u011bta, p\u0159isp\u00edv\u00e1 tento sektor p\u0159ibli\u017en\u011b 10 % \u010desk\u00e9mu HDP. Stal se tak\u00e9 jedn\u00edm z hlavn\u00edch motor\u016f r\u016fstu \u010desk\u00fdch m\u011bst \u2013 p\u0159itahuje zahrani\u010dn\u00ed investice i vysoce kvalifikovan\u00e9 odborn\u00edky.\u201c<\/span><\/i><\/p>\n<\/blockquote>\n<h4><b>Odolnost, technologie a bezpe\u010dnost v propojen\u00e9m sv\u011bt\u011b<\/b><\/h4>\n<p><span style=\"font-weight: 400;\">Velmi d\u016fle\u017eitou roli hraj\u00ed v\u00a0oboru a jeho aktivit\u00e1ch technologie. Podle leto\u0161n\u00edho pr\u016fzkumu ABSL ji\u017e <\/span><span style=\"font-weight: 400;\"><br \/>\n<\/span><span style=\"font-weight: 400;\">47 % \u010desk\u00fdch center vyu\u017e\u00edv\u00e1 pokro\u010dilou \u00farove\u0148 digitalizace s v\u00edce integrovan\u00fdmi \u0159e\u0161en\u00edmi a m\u011b\u0159iteln\u00fdmi p\u0159\u00ednosy pro efektivitu. T\u0159etina center (33 %) uplat\u0148uje strategii \u201eAI-first\u201c, tedy automatizaci a um\u011blou inteligenci nap\u0159\u00ed\u010d cel\u00fdm podnik\u00e1n\u00edm. T\u00e9m\u011b\u0159 \u010dtvrtina (23 %) m\u00e1 nav\u00edc vlastn\u00ed AI t\u00fdm, kter\u00fd se star\u00e1 o inovace a rozvoj digit\u00e1ln\u00edch \u0159e\u0161en\u00ed. V\u0161e s\u00a0c\u00edlem zv\u00fd\u0161it efektivitu i hodnotu podnikov\u00fdch proces\u016f. Ruku v ruce s\u00a0vysokou m\u00edrou vyu\u017eit\u00ed technologi\u00ed ov\u0161em roste pot\u0159eba chr\u00e1nit firmy p\u0159ed nov\u00fdmi typy hrozeb.<\/span><\/p>\n<p><span style=\"font-weight: 400;\">T\u00e9mata technologick\u00e9 odolnosti, odpov\u011bdn\u00e9ho vyu\u017e\u00edv\u00e1n\u00ed um\u011bl\u00e9 inteligence a ochrany p\u0159ed nov\u00fdmi digit\u00e1ln\u00edmi hrozbami se proto dost\u00e1vaj\u00ed mezi d\u016fle\u017eit\u00e9 priority oboru a dominuj\u00ed i leto\u0161n\u00ed konferenci ABSL, kter\u00e1 se kon\u00e1 4.\u20135. listopadu v Brn\u011b \u2013 m\u011bst\u011b s nejvy\u0161\u0161\u00ed koncentrac\u00ed zam\u011bstnanc\u016f v oboru podnikov\u00fdch slu\u017eeb v\u00a0\u010cesk\u00e9 republice.<\/span> <span style=\"font-weight: 400;\">V\u00edce ne\u017e 500 \u010desk\u00fdch i mezin\u00e1rodn\u00edch odborn\u00edk\u016f zde bude b\u011bhem v\u00edce ne\u017e 100 p\u0159edn\u00e1\u0161ek a odborn\u00fdch panel\u016f diskutovat o tom, jak mohou podnikov\u00e9 slu\u017eby vyu\u017e\u00edt potenci\u00e1l um\u011bl\u00e9 inteligence a digit\u00e1ln\u00edch inovac\u00ed, ani\u017e by p\u0159itom ohrozily kybernetickou bezpe\u010dnost firem, jejich dat a inova\u010dn\u00edch projekt\u016f.<\/span><\/p>\n<p><span style=\"font-weight: 400;\">AI je toti\u017e nejen n\u00e1strojem inovac\u00ed, ale i potenci\u00e1ln\u00edm zdrojem rizik. Krom\u011b zneu\u017eit\u00ed AI k obch\u00e1zen\u00ed bezpe\u010dnostn\u00edch syst\u00e9m\u016f, \u00fanik\u016fm citliv\u00fdch dat p\u0159es ve\u0159ejn\u00e9 AI n\u00e1stroje, zneu\u017e\u00edv\u00e1n\u00ed model\u016f AI nebo \u00fatoky \u0159\u00edzen\u00e9 AI m\u016f\u017ee j\u00edt i o deepfake technologie, kter\u00e9 b\u00fdvaj\u00ed st\u00e1le \u010dast\u011bji zneu\u017e\u00edv\u00e1ny nejen k \u0161\u00ed\u0159en\u00ed dezinformac\u00ed, ale i k manipulaci s intern\u00edmi procesy firem<\/span><i><span style=\"font-weight: 400;\">. <\/span><\/i><\/p>\n<blockquote>\n<p><i><span style=\"font-weight: 400;\">\u201eRizika spojen\u00e1 s deepfake vy\u017eaduj\u00ed v\u00edce ne\u017e jen zabezpe\u010den\u00ed technologie \u2013 vy\u017eaduj\u00ed siln\u00e9 vnit\u0159n\u00ed kontroln\u00ed prost\u0159ed\u00ed, jako jsou jasn\u00e9 kontroln\u00ed mechanismy pro komunikaci veden\u00ed a protokoly pro rozhodov\u00e1n\u00ed. Spole\u010dnosti by m\u011bly zabezpe\u010dit sv\u00e9 platebn\u00ed a komunika\u010dn\u00ed kan\u00e1ly a z\u00e1rove\u0148 \u0161kolit zam\u011bstnance, aby dok\u00e1zali rozpoznat a nahl\u00e1sit podez\u0159el\u00fd obsah. A kone\u010dn\u011b, robustn\u00ed pl\u00e1n reakce na krize s rychlou eskalac\u00ed zaji\u0161\u0165uje, \u017ee organizace mohou jednat rozhodn\u00fdm zp\u016fsobem, aby ochr\u00e1nily svou reputaci,\u201c<\/span><\/i><\/p>\n<\/blockquote>\n<p><span style=\"font-weight: 400;\">uv\u00e1d\u00ed Michal Wojnar, \u0159editel kybernetick\u00e9 bezpe\u010dnosti ve spole\u010dnosti PwC, kter\u00e1 je diamantov\u00fdm partnerem konference.<\/span><\/p>\n<h4><b>Brno: Centrum sv\u011btov\u00fdch talent\u016f<\/b><\/h4>\n<p><span style=\"font-weight: 400;\">Leto\u0161n\u00ed konference se kon\u00e1 pr\u00e1v\u011b v Brn\u011b, kter\u00e9 m\u00e1 v r\u00e1mci oboru podnikov\u00fdch slu\u017eeb v \u010cesku v\u00fdjime\u010dn\u00e9 postaven\u00ed. Brno je druh\u00fdm nejv\u011bt\u0161\u00edm centrem podnikov\u00fdch slu\u017eeb v zemi a sou\u010dasn\u011b m\u011bstem s nejvy\u0161\u0161\u00ed hustotou zam\u011bstnanosti v tomto odv\u011btv\u00ed \u2013 v oboru zde pracuje t\u00e9m\u011b\u0159 ka\u017ed\u00fd p\u00e1t\u00fd obyvatel v produktivn\u00edm v\u011bku. Celkem brn\u011bnsk\u00e1 centra zam\u011bstn\u00e1vaj\u00ed 44 000 odborn\u00edk\u016f a ro\u010dn\u011b vytv\u00e1\u0159ej\u00ed 2 000 nov\u00fdch pracovn\u00edch m\u00edst. Nejen m\u00edstn\u00ed, ale i mezin\u00e1rodn\u00ed profesion\u00e1lov\u00e9 tak zde maj\u00ed mimo\u0159\u00e1dnou p\u0159\u00edle\u017eitost spolupracovat na projektech, kter\u00e9 formuj\u00ed reakce firem na nov\u00e9 v\u00fdzvy v oblasti AI, udr\u017eitelnosti a digit\u00e1ln\u00ed spr\u00e1vy.<\/span><\/p>\n<blockquote>\n<p><span style=\"font-weight: 400;\">\u201e<\/span><i><span style=\"font-weight: 400;\">V p\u0159\u00ed\u0161t\u00edch t\u0159ech a\u017e p\u011bti letech o\u010dek\u00e1v\u00e1me, \u017ee \u010desk\u00e1 centra podnikov\u00fdch slu\u017eeb budou je\u0161t\u011b siln\u011bji dominovat v oblasti datov\u00e9 analytiky, automatizace, zav\u00e1d\u011bn\u00ed um\u011bl\u00e9 inteligence a kybernetick\u00e9 bezpe\u010dnosti \u2013 co\u017e v\u0161e je nezbytn\u00e9 pro to, aby spole\u010dnosti z\u016fstaly konkurenceschopn\u00e9 v komplexn\u00edm glob\u00e1ln\u00edm prost\u0159ed\u00ed,\u201c<\/span><\/i><\/p>\n<\/blockquote>\n<p><span style=\"font-weight: 400;\"> uzav\u00edr\u00e1 Jonathan Appleton.<\/span><\/p>\n<\/div><div class=\"fusion-image-carousel fusion-image-carousel-auto fusion-image-carousel-1 fusion-carousel-border\"><div class=\"awb-carousel awb-swiper awb-swiper-carousel\" data-autoplay=\"no\" data-columns=\"1\" data-itemmargin=\"9\" data-itemwidth=\"180\" data-touchscroll=\"no\" data-imagesize=\"auto\" style=\"--awb-columns:1;--awb-column-spacing:9px;\"><div class=\"swiper-wrapper awb-image-carousel-wrapper fusion-flex-align-items-center\"><div class=\"swiper-slide\"><div class=\"fusion-carousel-item-wrapper\"><div class=\"fusion-image-wrapper hover-type-none\"><img decoding=\"async\" width=\"1620\" height=\"1080\" src=\"https:\/\/absl.cz\/wp-content\/uploads\/2025\/11\/ABSL_Konference_4.11.2025_foto_Vaclav-Hubacek_NOXmedia_cz-3.jpg\" class=\"attachment-full size-full\" alt=\"\" srcset=\"https:\/\/absl.cz\/wp-content\/uploads\/2025\/11\/ABSL_Konference_4.11.2025_foto_Vaclav-Hubacek_NOXmedia_cz-3-200x133.jpg 200w, https:\/\/absl.cz\/wp-content\/uploads\/2025\/11\/ABSL_Konference_4.11.2025_foto_Vaclav-Hubacek_NOXmedia_cz-3-300x200.jpg 300w, https:\/\/absl.cz\/wp-content\/uploads\/2025\/11\/ABSL_Konference_4.11.2025_foto_Vaclav-Hubacek_NOXmedia_cz-3-400x267.jpg 400w, https:\/\/absl.cz\/wp-content\/uploads\/2025\/11\/ABSL_Konference_4.11.2025_foto_Vaclav-Hubacek_NOXmedia_cz-3-600x400.jpg 600w, https:\/\/absl.cz\/wp-content\/uploads\/2025\/11\/ABSL_Konference_4.11.2025_foto_Vaclav-Hubacek_NOXmedia_cz-3-768x512.jpg 768w, https:\/\/absl.cz\/wp-content\/uploads\/2025\/11\/ABSL_Konference_4.11.2025_foto_Vaclav-Hubacek_NOXmedia_cz-3-800x533.jpg 800w, https:\/\/absl.cz\/wp-content\/uploads\/2025\/11\/ABSL_Konference_4.11.2025_foto_Vaclav-Hubacek_NOXmedia_cz-3-1024x683.jpg 1024w, https:\/\/absl.cz\/wp-content\/uploads\/2025\/11\/ABSL_Konference_4.11.2025_foto_Vaclav-Hubacek_NOXmedia_cz-3-1200x800.jpg 1200w, https:\/\/absl.cz\/wp-content\/uploads\/2025\/11\/ABSL_Konference_4.11.2025_foto_Vaclav-Hubacek_NOXmedia_cz-3-1536x1024.jpg 1536w, https:\/\/absl.cz\/wp-content\/uploads\/2025\/11\/ABSL_Konference_4.11.2025_foto_Vaclav-Hubacek_NOXmedia_cz-3.jpg 1620w\" sizes=\"(max-width: 1620px) 100vw, 1620px\" \/><\/div><\/div><\/div><div class=\"swiper-slide\"><div class=\"fusion-carousel-item-wrapper\"><div class=\"fusion-image-wrapper hover-type-none\"><img decoding=\"async\" width=\"1620\" height=\"1080\" src=\"https:\/\/absl.cz\/wp-content\/uploads\/2025\/11\/ABSL_Konference_4.11.2025_foto_Vaclav-Hubacek_NOXmedia_cz-1.jpg\" class=\"attachment-full size-full\" alt=\"\" srcset=\"https:\/\/absl.cz\/wp-content\/uploads\/2025\/11\/ABSL_Konference_4.11.2025_foto_Vaclav-Hubacek_NOXmedia_cz-1-200x133.jpg 200w, https:\/\/absl.cz\/wp-content\/uploads\/2025\/11\/ABSL_Konference_4.11.2025_foto_Vaclav-Hubacek_NOXmedia_cz-1-300x200.jpg 300w, https:\/\/absl.cz\/wp-content\/uploads\/2025\/11\/ABSL_Konference_4.11.2025_foto_Vaclav-Hubacek_NOXmedia_cz-1-400x267.jpg 400w, https:\/\/absl.cz\/wp-content\/uploads\/2025\/11\/ABSL_Konference_4.11.2025_foto_Vaclav-Hubacek_NOXmedia_cz-1-600x400.jpg 600w, https:\/\/absl.cz\/wp-content\/uploads\/2025\/11\/ABSL_Konference_4.11.2025_foto_Vaclav-Hubacek_NOXmedia_cz-1-768x512.jpg 768w, https:\/\/absl.cz\/wp-content\/uploads\/2025\/11\/ABSL_Konference_4.11.2025_foto_Vaclav-Hubacek_NOXmedia_cz-1-800x533.jpg 800w, https:\/\/absl.cz\/wp-content\/uploads\/2025\/11\/ABSL_Konference_4.11.2025_foto_Vaclav-Hubacek_NOXmedia_cz-1-1024x683.jpg 1024w, https:\/\/absl.cz\/wp-content\/uploads\/2025\/11\/ABSL_Konference_4.11.2025_foto_Vaclav-Hubacek_NOXmedia_cz-1-1200x800.jpg 1200w, https:\/\/absl.cz\/wp-content\/uploads\/2025\/11\/ABSL_Konference_4.11.2025_foto_Vaclav-Hubacek_NOXmedia_cz-1-1536x1024.jpg 1536w, https:\/\/absl.cz\/wp-content\/uploads\/2025\/11\/ABSL_Konference_4.11.2025_foto_Vaclav-Hubacek_NOXmedia_cz-1.jpg 1620w\" sizes=\"(max-width: 1620px) 100vw, 1620px\" \/><\/div><\/div><\/div><div class=\"swiper-slide\"><div class=\"fusion-carousel-item-wrapper\"><div class=\"fusion-image-wrapper hover-type-none\"><img decoding=\"async\" width=\"1620\" height=\"1080\" src=\"https:\/\/absl.cz\/wp-content\/uploads\/2025\/11\/ABSL_Konference_4.11.2025_foto_Vaclav-Hubacek_NOXmedia_cz-2.jpg\" class=\"attachment-full size-full\" alt=\"\" srcset=\"https:\/\/absl.cz\/wp-content\/uploads\/2025\/11\/ABSL_Konference_4.11.2025_foto_Vaclav-Hubacek_NOXmedia_cz-2-200x133.jpg 200w, https:\/\/absl.cz\/wp-content\/uploads\/2025\/11\/ABSL_Konference_4.11.2025_foto_Vaclav-Hubacek_NOXmedia_cz-2-300x200.jpg 300w, https:\/\/absl.cz\/wp-content\/uploads\/2025\/11\/ABSL_Konference_4.11.2025_foto_Vaclav-Hubacek_NOXmedia_cz-2-400x267.jpg 400w, https:\/\/absl.cz\/wp-content\/uploads\/2025\/11\/ABSL_Konference_4.11.2025_foto_Vaclav-Hubacek_NOXmedia_cz-2-600x400.jpg 600w, https:\/\/absl.cz\/wp-content\/uploads\/2025\/11\/ABSL_Konference_4.11.2025_foto_Vaclav-Hubacek_NOXmedia_cz-2-768x512.jpg 768w, https:\/\/absl.cz\/wp-content\/uploads\/2025\/11\/ABSL_Konference_4.11.2025_foto_Vaclav-Hubacek_NOXmedia_cz-2-800x533.jpg 800w, https:\/\/absl.cz\/wp-content\/uploads\/2025\/11\/ABSL_Konference_4.11.2025_foto_Vaclav-Hubacek_NOXmedia_cz-2-1024x683.jpg 1024w, https:\/\/absl.cz\/wp-content\/uploads\/2025\/11\/ABSL_Konference_4.11.2025_foto_Vaclav-Hubacek_NOXmedia_cz-2-1200x800.jpg 1200w, https:\/\/absl.cz\/wp-content\/uploads\/2025\/11\/ABSL_Konference_4.11.2025_foto_Vaclav-Hubacek_NOXmedia_cz-2-1536x1024.jpg 1536w, https:\/\/absl.cz\/wp-content\/uploads\/2025\/11\/ABSL_Konference_4.11.2025_foto_Vaclav-Hubacek_NOXmedia_cz-2.jpg 1620w\" sizes=\"(max-width: 1620px) 100vw, 1620px\" \/><\/div><\/div><\/div><\/div><div class=\"awb-swiper-button awb-swiper-button-prev\"><i class=\"awb-icon-angle-left\" aria-hidden=\"true\"><\/i><\/div><div class=\"awb-swiper-button awb-swiper-button-next\"><i class=\"awb-icon-angle-right\" aria-hidden=\"true\"><\/i><\/div><\/div><\/div><\/div><\/div><\/div><\/div><div class=\"fusion-fullwidth fullwidth-box fusion-builder-row-2 fusion-flex-container has-pattern-background has-mask-background nonhundred-percent-fullwidth non-hundred-percent-height-scrolling\" style=\"--awb-border-radius-top-left:0px;--awb-border-radius-top-right:0px;--awb-border-radius-bottom-right:0px;--awb-border-radius-bottom-left:0px;--awb-margin-top:30px;--awb-flex-wrap:wrap;\" ><div class=\"fusion-builder-row fusion-row fusion-flex-align-items-flex-start fusion-flex-content-wrap\" style=\"max-width:1123.2px;margin-left: calc(-4% \/ 2 );margin-right: calc(-4% \/ 2 );\"><div class=\"fusion-layout-column fusion_builder_column fusion-builder-column-1 fusion_builder_column_1_1 1_1 fusion-flex-column\" style=\"--awb-bg-size:cover;--awb-width-large:100%;--awb-margin-top-large:0px;--awb-spacing-right-large:1.92%;--awb-margin-bottom-large:20px;--awb-spacing-left-large:1.92%;--awb-width-medium:100%;--awb-order-medium:0;--awb-spacing-right-medium:1.92%;--awb-spacing-left-medium:1.92%;--awb-width-small:100%;--awb-order-small:0;--awb-spacing-right-small:1.92%;--awb-spacing-left-small:1.92%;\"><div class=\"fusion-column-wrapper fusion-column-has-shadow fusion-flex-justify-content-flex-start fusion-content-layout-column\"><div class=\"fusion-title title fusion-title-1 fusion-sep-none fusion-title-text fusion-title-size-two\"><h2 class=\"fusion-title-heading title-heading-left\" style=\"margin:0;\">O ABSL \u010cesk\u00e1 Republika<\/h2><\/div><div class=\"fusion-text fusion-text-2\"><p>ABSL (Asociace l\u00eddr\u016f v oblasti podnikov\u00fdch slu\u017eeb v \u010cesk\u00e9 republice) je sdru\u017een\u00ed spole\u010dnost\u00ed p\u016fsob\u00edc\u00edch v odv\u011btv\u00ed sd\u00edlen\u00fdch podnikov\u00fdch slu\u017eeb, kter\u00e9 p\u0159edstavuje v\u00fdznamn\u00fd zdroj pracovn\u00edch m\u00edst v \u010cesk\u00e9 republice. ABSL byla zalo\u017eena v roce 2013 s c\u00edlem podporovat spole\u010dnosti v odv\u011btv\u00ed podnikov\u00fdch slu\u017eeb, sd\u00edlet osv\u011bd\u010den\u00e9 postupy a pom\u00e1hat rozv\u00edjet \u010dinnosti sv\u00fdch \u010dlen\u016f a dal\u0161\u00edch subjekt\u016f p\u016fsob\u00edc\u00edch v tomto segmentu. Z\u00e1rove\u0148 ABSL poskytuje podporu zahrani\u010dn\u00edm investor\u016fm, kte\u0159\u00ed cht\u011bj\u00ed zalo\u017eit sv\u00e1 centra obchodn\u00edch slu\u017eeb v \u010cesk\u00e9 republice. V sou\u010dasn\u00e9 dob\u011b je v \u010cesk\u00e9 republice t\u00e9m\u011b\u0159 400 center, kter\u00e1 zam\u011bstn\u00e1vaj\u00ed 160 000 lid\u00ed. V\u00edce informac\u00ed naleznete na<a href=\"https:\/\/absl.cz\/cs\/\" target=\"_blank\" rel=\"noopener\"> www.absl.cz.<\/a><\/p>\n<\/div><div class=\"fusion-image-element \" style=\"text-align:left;--awb-max-width:120px;--awb-caption-title-font-family:var(--h2_typography-font-family);--awb-caption-title-font-weight:var(--h2_typography-font-weight);--awb-caption-title-font-style:var(--h2_typography-font-style);--awb-caption-title-size:var(--h2_typography-font-size);--awb-caption-title-transform:var(--h2_typography-text-transform);--awb-caption-title-line-height:var(--h2_typography-line-height);--awb-caption-title-letter-spacing:var(--h2_typography-letter-spacing);\"><span class=\" fusion-imageframe imageframe-none imageframe-1 hover-type-none\"><a class=\"fusion-no-lightbox\" href=\"absl.cz\" target=\"_blank\" aria-label=\"ABSL logo square\" rel=\"noopener noreferrer\"><img decoding=\"async\" width=\"756\" height=\"756\" src=\"https:\/\/absl.cz\/wp-content\/uploads\/2024\/02\/ABSL-logo-square.png\" alt class=\"img-responsive wp-image-9366\" srcset=\"https:\/\/absl.cz\/wp-content\/uploads\/2024\/02\/ABSL-logo-square-200x200.png 200w, https:\/\/absl.cz\/wp-content\/uploads\/2024\/02\/ABSL-logo-square-400x400.png 400w, https:\/\/absl.cz\/wp-content\/uploads\/2024\/02\/ABSL-logo-square-600x600.png 600w, https:\/\/absl.cz\/wp-content\/uploads\/2024\/02\/ABSL-logo-square.png 756w\" sizes=\"(max-width: 640px) 100vw, 756px\" \/><\/a><\/span><\/div><div style=\"text-align:left;\"><a class=\"fusion-button button-flat button-medium button-default fusion-button-default button-1 fusion-button-default-span fusion-button-default-type\" target=\"_self\" href=\"mailto:absl@absl.cz\"><span class=\"fusion-button-text\">Kontaktujte n\u00e1s absl@absl.cz<\/span><\/a><\/div><\/div><\/div><\/div><\/div><\/p>\n","protected":false},"excerpt":{"rendered":"","protected":false},"author":6,"featured_media":18560,"menu_order":0,"comment_status":"open","ping_status":"closed","template":"","format":"standard","meta":{"_acf_changed":false,"footnotes":""},"portfolio_category":[35,31,32],"portfolio_skills":[],"portfolio_tags":[],"class_list":["post-18566","avada_portfolio","type-avada_portfolio","status-publish","format-standard","has-post-thumbnail","hentry","portfolio_category-absl-v-mediich","portfolio_category-novinky","portfolio_category-tiskove-zpravy"],"acf":[],"yoast_head":"<!-- This site is optimized with the Yoast SEO plugin v27.4 - https:\/\/yoast.com\/product\/yoast-seo-wordpress\/ -->\n<title>\u010cesk\u00fd obor podnikov\u00fdch slu\u017eeb roste o 7 %. Do roku 2030 m\u016f\u017ee zam\u011bstn\u00e1vat 260 tis\u00edc lid\u00ed - absl<\/title>\n<meta name=\"robots\" content=\"index, follow, max-snippet:-1, max-image-preview:large, max-video-preview:-1\" \/>\n<link rel=\"canonical\" href=\"https:\/\/absl.cz\/cs\/news\/czech-business-services-sector-grows-by-7-it-could-employ-260000-people-by-2030\/\" \/>\n<meta property=\"og:locale\" content=\"cs_CZ\" \/>\n<meta property=\"og:type\" content=\"article\" \/>\n<meta property=\"og:title\" content=\"\u010cesk\u00fd obor podnikov\u00fdch slu\u017eeb roste o 7 %. Do roku 2030 m\u016f\u017ee zam\u011bstn\u00e1vat 260 tis\u00edc lid\u00ed - absl\" \/>\n<meta property=\"og:url\" content=\"https:\/\/absl.cz\/cs\/news\/czech-business-services-sector-grows-by-7-it-could-employ-260000-people-by-2030\/\" \/>\n<meta property=\"og:site_name\" content=\"absl\" \/>\n<meta property=\"article:modified_time\" content=\"2025-11-04T09:11:08+00:00\" \/>\n<meta property=\"og:image\" content=\"https:\/\/absl.cz\/wp-content\/uploads\/2025\/11\/ABSL_Konference_4.11.2025_foto_Vaclav-Hubacek_NOXmedia_cz-2.jpg\" \/>\n\t<meta property=\"og:image:width\" content=\"1620\" \/>\n\t<meta property=\"og:image:height\" content=\"1080\" \/>\n\t<meta property=\"og:image:type\" content=\"image\/jpeg\" \/>\n<meta name=\"twitter:card\" content=\"summary_large_image\" \/>\n<meta name=\"twitter:label1\" content=\"Odhadovan\u00e1 doba \u010dten\u00ed\" \/>\n\t<meta name=\"twitter:data1\" content=\"4 minuty\" \/>\n<script type=\"application\/ld+json\" class=\"yoast-schema-graph\">{\"@context\":\"https:\\\/\\\/schema.org\",\"@graph\":[{\"@type\":\"WebPage\",\"@id\":\"https:\\\/\\\/absl.cz\\\/cs\\\/news\\\/czech-business-services-sector-grows-by-7-it-could-employ-260000-people-by-2030\\\/\",\"url\":\"https:\\\/\\\/absl.cz\\\/cs\\\/news\\\/czech-business-services-sector-grows-by-7-it-could-employ-260000-people-by-2030\\\/\",\"name\":\"\u010cesk\u00fd obor podnikov\u00fdch slu\u017eeb roste o 7 %. Do roku 2030 m\u016f\u017ee zam\u011bstn\u00e1vat 260 tis\u00edc lid\u00ed - absl\",\"isPartOf\":{\"@id\":\"https:\\\/\\\/absl.cz\\\/cs\\\/#website\"},\"primaryImageOfPage\":{\"@id\":\"https:\\\/\\\/absl.cz\\\/cs\\\/news\\\/czech-business-services-sector-grows-by-7-it-could-employ-260000-people-by-2030\\\/#primaryimage\"},\"image\":{\"@id\":\"https:\\\/\\\/absl.cz\\\/cs\\\/news\\\/czech-business-services-sector-grows-by-7-it-could-employ-260000-people-by-2030\\\/#primaryimage\"},\"thumbnailUrl\":\"https:\\\/\\\/absl.cz\\\/wp-content\\\/uploads\\\/2025\\\/11\\\/ABSL_Konference_4.11.2025_foto_Vaclav-Hubacek_NOXmedia_cz-2.jpg\",\"datePublished\":\"2025-11-04T09:01:37+00:00\",\"dateModified\":\"2025-11-04T09:11:08+00:00\",\"breadcrumb\":{\"@id\":\"https:\\\/\\\/absl.cz\\\/cs\\\/news\\\/czech-business-services-sector-grows-by-7-it-could-employ-260000-people-by-2030\\\/#breadcrumb\"},\"inLanguage\":\"cs\",\"potentialAction\":[{\"@type\":\"ReadAction\",\"target\":[\"https:\\\/\\\/absl.cz\\\/cs\\\/news\\\/czech-business-services-sector-grows-by-7-it-could-employ-260000-people-by-2030\\\/\"]}]},{\"@type\":\"ImageObject\",\"inLanguage\":\"cs\",\"@id\":\"https:\\\/\\\/absl.cz\\\/cs\\\/news\\\/czech-business-services-sector-grows-by-7-it-could-employ-260000-people-by-2030\\\/#primaryimage\",\"url\":\"https:\\\/\\\/absl.cz\\\/wp-content\\\/uploads\\\/2025\\\/11\\\/ABSL_Konference_4.11.2025_foto_Vaclav-Hubacek_NOXmedia_cz-2.jpg\",\"contentUrl\":\"https:\\\/\\\/absl.cz\\\/wp-content\\\/uploads\\\/2025\\\/11\\\/ABSL_Konference_4.11.2025_foto_Vaclav-Hubacek_NOXmedia_cz-2.jpg\",\"width\":1620,\"height\":1080},{\"@type\":\"BreadcrumbList\",\"@id\":\"https:\\\/\\\/absl.cz\\\/cs\\\/news\\\/czech-business-services-sector-grows-by-7-it-could-employ-260000-people-by-2030\\\/#breadcrumb\",\"itemListElement\":[{\"@type\":\"ListItem\",\"position\":1,\"name\":\"Portfolio\",\"item\":\"https:\\\/\\\/absl.cz\\\/portfolio-items\\\/\"},{\"@type\":\"ListItem\",\"position\":2,\"name\":\"\u010cesk\u00fd obor podnikov\u00fdch slu\u017eeb roste o 7 %. Do roku 2030 m\u016f\u017ee zam\u011bstn\u00e1vat 260 tis\u00edc lid\u00ed\"}]},{\"@type\":\"WebSite\",\"@id\":\"https:\\\/\\\/absl.cz\\\/cs\\\/#website\",\"url\":\"https:\\\/\\\/absl.cz\\\/cs\\\/\",\"name\":\"absl\",\"description\":\"\",\"potentialAction\":[{\"@type\":\"SearchAction\",\"target\":{\"@type\":\"EntryPoint\",\"urlTemplate\":\"https:\\\/\\\/absl.cz\\\/cs\\\/?s={search_term_string}\"},\"query-input\":{\"@type\":\"PropertyValueSpecification\",\"valueRequired\":true,\"valueName\":\"search_term_string\"}}],\"inLanguage\":\"cs\"}]}<\/script>\n<!-- \/ Yoast SEO plugin. -->","yoast_head_json":{"title":"\u010cesk\u00fd obor podnikov\u00fdch slu\u017eeb roste o 7 %. Do roku 2030 m\u016f\u017ee zam\u011bstn\u00e1vat 260 tis\u00edc lid\u00ed - absl","robots":{"index":"index","follow":"follow","max-snippet":"max-snippet:-1","max-image-preview":"max-image-preview:large","max-video-preview":"max-video-preview:-1"},"canonical":"https:\/\/absl.cz\/cs\/news\/czech-business-services-sector-grows-by-7-it-could-employ-260000-people-by-2030\/","og_locale":"cs_CZ","og_type":"article","og_title":"\u010cesk\u00fd obor podnikov\u00fdch slu\u017eeb roste o 7 %. Do roku 2030 m\u016f\u017ee zam\u011bstn\u00e1vat 260 tis\u00edc lid\u00ed - absl","og_url":"https:\/\/absl.cz\/cs\/news\/czech-business-services-sector-grows-by-7-it-could-employ-260000-people-by-2030\/","og_site_name":"absl","article_modified_time":"2025-11-04T09:11:08+00:00","og_image":[{"width":1620,"height":1080,"url":"https:\/\/absl.cz\/wp-content\/uploads\/2025\/11\/ABSL_Konference_4.11.2025_foto_Vaclav-Hubacek_NOXmedia_cz-2.jpg","type":"image\/jpeg"}],"twitter_card":"summary_large_image","twitter_misc":{"Odhadovan\u00e1 doba \u010dten\u00ed":"4 minuty"},"schema":{"@context":"https:\/\/schema.org","@graph":[{"@type":"WebPage","@id":"https:\/\/absl.cz\/cs\/news\/czech-business-services-sector-grows-by-7-it-could-employ-260000-people-by-2030\/","url":"https:\/\/absl.cz\/cs\/news\/czech-business-services-sector-grows-by-7-it-could-employ-260000-people-by-2030\/","name":"\u010cesk\u00fd obor podnikov\u00fdch slu\u017eeb roste o 7 %. Do roku 2030 m\u016f\u017ee zam\u011bstn\u00e1vat 260 tis\u00edc lid\u00ed - absl","isPartOf":{"@id":"https:\/\/absl.cz\/cs\/#website"},"primaryImageOfPage":{"@id":"https:\/\/absl.cz\/cs\/news\/czech-business-services-sector-grows-by-7-it-could-employ-260000-people-by-2030\/#primaryimage"},"image":{"@id":"https:\/\/absl.cz\/cs\/news\/czech-business-services-sector-grows-by-7-it-could-employ-260000-people-by-2030\/#primaryimage"},"thumbnailUrl":"https:\/\/absl.cz\/wp-content\/uploads\/2025\/11\/ABSL_Konference_4.11.2025_foto_Vaclav-Hubacek_NOXmedia_cz-2.jpg","datePublished":"2025-11-04T09:01:37+00:00","dateModified":"2025-11-04T09:11:08+00:00","breadcrumb":{"@id":"https:\/\/absl.cz\/cs\/news\/czech-business-services-sector-grows-by-7-it-could-employ-260000-people-by-2030\/#breadcrumb"},"inLanguage":"cs","potentialAction":[{"@type":"ReadAction","target":["https:\/\/absl.cz\/cs\/news\/czech-business-services-sector-grows-by-7-it-could-employ-260000-people-by-2030\/"]}]},{"@type":"ImageObject","inLanguage":"cs","@id":"https:\/\/absl.cz\/cs\/news\/czech-business-services-sector-grows-by-7-it-could-employ-260000-people-by-2030\/#primaryimage","url":"https:\/\/absl.cz\/wp-content\/uploads\/2025\/11\/ABSL_Konference_4.11.2025_foto_Vaclav-Hubacek_NOXmedia_cz-2.jpg","contentUrl":"https:\/\/absl.cz\/wp-content\/uploads\/2025\/11\/ABSL_Konference_4.11.2025_foto_Vaclav-Hubacek_NOXmedia_cz-2.jpg","width":1620,"height":1080},{"@type":"BreadcrumbList","@id":"https:\/\/absl.cz\/cs\/news\/czech-business-services-sector-grows-by-7-it-could-employ-260000-people-by-2030\/#breadcrumb","itemListElement":[{"@type":"ListItem","position":1,"name":"Portfolio","item":"https:\/\/absl.cz\/portfolio-items\/"},{"@type":"ListItem","position":2,"name":"\u010cesk\u00fd obor podnikov\u00fdch slu\u017eeb roste o 7 %. Do roku 2030 m\u016f\u017ee zam\u011bstn\u00e1vat 260 tis\u00edc lid\u00ed"}]},{"@type":"WebSite","@id":"https:\/\/absl.cz\/cs\/#website","url":"https:\/\/absl.cz\/cs\/","name":"absl","description":"","potentialAction":[{"@type":"SearchAction","target":{"@type":"EntryPoint","urlTemplate":"https:\/\/absl.cz\/cs\/?s={search_term_string}"},"query-input":{"@type":"PropertyValueSpecification","valueRequired":true,"valueName":"search_term_string"}}],"inLanguage":"cs"}]}},"_links":{"self":[{"href":"https:\/\/absl.cz\/cs\/wp-json\/wp\/v2\/avada_portfolio\/18566","targetHints":{"allow":["GET"]}}],"collection":[{"href":"https:\/\/absl.cz\/cs\/wp-json\/wp\/v2\/avada_portfolio"}],"about":[{"href":"https:\/\/absl.cz\/cs\/wp-json\/wp\/v2\/types\/avada_portfolio"}],"author":[{"embeddable":true,"href":"https:\/\/absl.cz\/cs\/wp-json\/wp\/v2\/users\/6"}],"replies":[{"embeddable":true,"href":"https:\/\/absl.cz\/cs\/wp-json\/wp\/v2\/comments?post=18566"}],"version-history":[{"count":1,"href":"https:\/\/absl.cz\/cs\/wp-json\/wp\/v2\/avada_portfolio\/18566\/revisions"}],"predecessor-version":[{"id":18567,"href":"https:\/\/absl.cz\/cs\/wp-json\/wp\/v2\/avada_portfolio\/18566\/revisions\/18567"}],"wp:featuredmedia":[{"embeddable":true,"href":"https:\/\/absl.cz\/cs\/wp-json\/wp\/v2\/media\/18560"}],"wp:attachment":[{"href":"https:\/\/absl.cz\/cs\/wp-json\/wp\/v2\/media?parent=18566"}],"wp:term":[{"taxonomy":"portfolio_category","embeddable":true,"href":"https:\/\/absl.cz\/cs\/wp-json\/wp\/v2\/portfolio_category?post=18566"},{"taxonomy":"portfolio_skills","embeddable":true,"href":"https:\/\/absl.cz\/cs\/wp-json\/wp\/v2\/portfolio_skills?post=18566"},{"taxonomy":"portfolio_tags","embeddable":true,"href":"https:\/\/absl.cz\/cs\/wp-json\/wp\/v2\/portfolio_tags?post=18566"}],"curies":[{"name":"wp","href":"https:\/\/api.w.org\/{rel}","templated":true}]}}