{"id":19912,"date":"2026-03-05T10:26:55","date_gmt":"2026-03-05T09:26:55","guid":{"rendered":"https:\/\/absl.cz\/?post_type=avada_portfolio&#038;p=19912"},"modified":"2026-03-05T19:57:06","modified_gmt":"2026-03-05T18:57:06","slug":"sektor-it-a-podnikovych-sluzeb-v-cr-dosahl-200-tisic-zamestnancu-vznik-novych-mist-zpomaluje-hodnota-kterou-zamestnanci-dokazi-vytvorit-ve-spolupraci-s-ai-roste","status":"publish","type":"avada_portfolio","link":"https:\/\/absl.cz\/cs\/news\/sektor-it-a-podnikovych-sluzeb-v-cr-dosahl-200-tisic-zamestnancu-vznik-novych-mist-zpomaluje-hodnota-kterou-zamestnanci-dokazi-vytvorit-ve-spolupraci-s-ai-roste\/","title":{"rendered":"Sektor IT a podnikov\u00fdch slu\u017eeb v \u010cR dos\u00e1hl 200 tis\u00edc zam\u011bstnanc\u016f. Vznik nov\u00fdch m\u00edst zpomaluje, hodnota, kterou zam\u011bstnanci dok\u00e1\u017e\u00ed vytvo\u0159it ve spolupr\u00e1ci s AI, roste"},"content":{"rendered":"<p><div class=\"fusion-fullwidth fullwidth-box fusion-builder-row-1 fusion-flex-container has-pattern-background has-mask-background nonhundred-percent-fullwidth non-hundred-percent-height-scrolling\" style=\"--awb-border-radius-top-left:0px;--awb-border-radius-top-right:0px;--awb-border-radius-bottom-right:0px;--awb-border-radius-bottom-left:0px;--awb-flex-wrap:wrap;\" ><div class=\"fusion-builder-row fusion-row fusion-flex-align-items-flex-start fusion-flex-content-wrap\" style=\"max-width:1123.2px;margin-left: calc(-4% \/ 2 );margin-right: calc(-4% \/ 2 );\"><div class=\"fusion-layout-column fusion_builder_column fusion-builder-column-0 fusion_builder_column_1_1 1_1 fusion-flex-column\" style=\"--awb-bg-size:cover;--awb-width-large:100%;--awb-margin-top-large:0px;--awb-spacing-right-large:1.92%;--awb-margin-bottom-large:20px;--awb-spacing-left-large:1.92%;--awb-width-medium:100%;--awb-order-medium:0;--awb-spacing-right-medium:1.92%;--awb-spacing-left-medium:1.92%;--awb-width-small:100%;--awb-order-small:0;--awb-spacing-right-small:1.92%;--awb-spacing-left-small:1.92%;\"><div class=\"fusion-column-wrapper fusion-column-has-shadow fusion-flex-justify-content-flex-start fusion-content-layout-column\"><div class=\"fusion-text fusion-text-1\"><p><strong>Sektor IT a podnikov\u00fdch slu\u017eeb v \u010cesk\u00e9 republice aktu\u00e1ln\u011b zam\u011bstn\u00e1v\u00e1 p\u0159ibli\u017en\u011b 200 000 lid\u00ed a v roce 2026 by m\u011bl podle nejnov\u011bj\u0161\u00edho pr\u016fzkumu asociace ABSL vzr\u016fst o dal\u0161\u00edch 14 000 pracovn\u00edk\u016f. Pl\u00e1novan\u00fd p\u011btiprocentn\u00ed n\u00e1r\u016fst je ve srovn\u00e1n\u00ed s\u00a0r\u016fstem v p\u0159edchoz\u00edch dvou dek\u00e1d\u00e1ch sice zpomalen\u00edm, produktivita center v\u0161ak p\u0159esto roste. A to zejm\u00e9na d\u00edky spolupr\u00e1ci lid\u00ed s um\u011blou inteligenc\u00ed. Tu aktivn\u011b vyu\u017e\u00edv\u00e1 ji\u017e 80 % center, co\u017e je zhruba \u010dty\u0159ikr\u00e1t v\u00edce, ne\u017e kolik dle \u010cS\u00da \u010din\u00ed pr\u016fm\u011br v\u00a0\u010cR.<\/strong><\/p>\n<h3><b>Stabiln\u00ed r\u016fst a siln\u00fd ekonomick\u00fd p\u0159\u00ednos<\/b><\/h3>\n<p><span style=\"font-weight: 400;\">IT a podnikov\u00e9 slu\u017eby dnes p\u0159edstavuj\u00ed jeden z nejv\u00fdznamn\u011bj\u0161\u00edch segment\u016f \u010desk\u00e9 ekonomiky. Dv\u011b st\u011b tis\u00edc pracovn\u00edch m\u00edst generuje ro\u010dn\u00ed mzdov\u00e9 n\u00e1klady ve v\u00fd\u0161i p\u0159ibli\u017en\u011b 210 miliard korun. Zam\u011bstnanci sektoru z\u00e1rove\u0148 ka\u017edoro\u010dn\u011b utrat\u00ed v \u010desk\u00e9 ekonomice zhruba 90 miliard korun a na dani z p\u0159\u00edjmu fyzick\u00fdch osob odvedou p\u0159ibli\u017en\u011b 24 miliard korun. Aktivita center nav\u00edc nep\u0159\u00edmo podporuje dal\u0161\u00edch p\u0159ibli\u017en\u011b 140 000 pracovn\u00edch m\u00edst v navazuj\u00edc\u00edch odv\u011btv\u00edch.<\/span><\/p>\n<blockquote>\n<p><i><span style=\"font-weight: 400;\">\u201eTato \u010d\u00edsla nazna\u010duj\u00ed, \u017ee se sektor IT a podnikov\u00fdch slu\u017eeb stal skute\u010dn\u011b d\u016fle\u017eit\u00fdm pil\u00ed\u0159em \u010desk\u00e9 ekonomiky. Vedle toho, \u017ee vytv\u00e1\u0159\u00ed vysoce kvalifikovan\u00e1 pracovn\u00ed m\u00edsta, p\u0159in\u00e1\u0161\u00ed i v\u00fdrazn\u00fd multiplika\u010dn\u00ed efekt do dal\u0161\u00edch obor\u016f a ve\u0159ejn\u00fdch rozpo\u010dt\u016f,\u201c<\/span><\/i><\/p>\n<\/blockquote>\n<p><span style=\"font-weight: 400;\">\u0159\u00edk\u00e1 Jonathan Appleton, \u0159editel asociace ABSL, kter\u00e1 sdru\u017euje firmy podnikaj\u00edc\u00ed v\u00a0tomto oboru.<\/span><\/p>\n<h3><b>Od r\u016fstu po\u010dtu zam\u011bstnanc\u016f k r\u016fstu hodnoty<\/b><\/h3>\n<p><span style=\"font-weight: 400;\">Uvnit\u0159 samotn\u00e9ho sektoru pak aktu\u00e1ln\u011b prob\u00edhaj\u00ed v\u00fdrazn\u00e9 zm\u011bny. Po obdob\u00ed rychl\u00e9 expanze a r\u016fstu po\u010dtu zam\u011bstnanc\u016f p\u0159ich\u00e1z\u00ed f\u00e1ze stabiln\u011bj\u0161\u00edho, ale kvalitativn\u011b n\u00e1ro\u010dn\u011bj\u0161\u00edho r\u016fstu. Pln\u00fdch 80 % center uv\u00e1d\u00ed, \u017ee se zam\u011b\u0159uje na zvy\u0161ov\u00e1n\u00ed produktivity p\u0159i zachov\u00e1n\u00ed st\u00e1vaj\u00edc\u00edho po\u010dtu zam\u011bstnanc\u016f. Stejn\u00fd pod\u00edl center p\u0159itom s\u00e1z\u00ed na technologie, zejm\u00e9na pak um\u011blou inteligenci, kter\u00e1 se stala nejroz\u0161\u00ed\u0159en\u011bj\u0161\u00ed technologi\u00ed nap\u0159\u00ed\u010d oborem.<\/span><\/p>\n<blockquote>\n<p><i><span style=\"font-weight: 400;\">\u201ePosouv\u00e1me se od jednoduch\u00e9ho navy\u0161ov\u00e1n\u00ed po\u010dtu zam\u011bstnanc\u016f k ot\u00e1zce, kolik hodnoty dok\u00e1\u017eou lid\u00e9 a technologie vytvo\u0159it spole\u010dn\u011b. Um\u011bl\u00e1 inteligence nen\u00ed n\u00e1hradou lid\u00ed, ale n\u00e1strojem, kter\u00fd jim umo\u017e\u0148uje soust\u0159edit se na komplexn\u011bj\u0161\u00ed, kreativn\u011bj\u0161\u00ed a strategi\u010dt\u011bj\u0161\u00ed \u010dinnosti,\u201c <\/span><\/i><\/p>\n<\/blockquote>\n<p><span style=\"font-weight: 400;\">dopl\u0148uje Jonathan Appleton.<\/span><\/p>\n<p><span style=\"font-weight: 400;\">Centra dnes st\u00e1le \u010dast\u011bji implementuj\u00ed pokro\u010dil\u00e9 n\u00e1stroje s integrovanou generativn\u00ed AI, kter\u00e9 dok\u00e1\u017eou pracovat s kontextem, analyzovat strukturovan\u00e1 i nestrukturovan\u00e1 data a samostatn\u011b \u0159\u00eddit vybran\u00e9 procesy. Typick\u00fdm p\u0159\u00edkladem je \u0159e\u0161en\u00ed Bionic Agent spole\u010dnosti Siemens, kter\u00e9 za sv\u016fj mimo\u0159\u00e1dn\u00fd p\u0159\u00ednos z\u00edskalo ocen\u011bn\u00ed ABSL Diamonds. Tato platforma vyu\u017e\u00edvaj\u00edc\u00ed generativn\u00ed AI a velk\u00e9 jazykov\u00e9 modely ji\u017e zpracovala v\u00edce ne\u017e 1,4 milionu z\u00e1kaznick\u00fdch po\u017eadavk\u016f a u\u0161et\u0159ila p\u0159es 70 000 hodin lidsk\u00e9 pr\u00e1ce. M\u00edsto jednoduch\u00e9 robotick\u00e9 automatizace tak do praxe vstupuj\u00ed inteligentn\u00ed digit\u00e1ln\u00ed asistenti, kte\u0159\u00ed dok\u00e1\u017eou samostatn\u011b vyhodnotit po\u017eadavek, zah\u00e1jit proces a p\u0159ipravit odpov\u011b\u010f.<\/span><\/p>\n<h3><b>Glob\u00e1ln\u00ed sektor, lok\u00e1ln\u00ed pravidla. Zm\u011bna zajist\u00ed udr\u017eitelnou konkurenceschopnost \u010cR<\/b><\/h3>\n<p><span style=\"font-weight: 400;\">Podnikov\u00e9 slu\u017eby jsou ze sv\u00e9 podstaty glob\u00e1ln\u00ed odv\u011btv\u00ed. V\u00edce ne\u017e 40 % zam\u011bstnanc\u016f tvo\u0159\u00ed cizinci, centra obsluhuj\u00ed mezin\u00e1rodn\u00ed klienty a funguj\u00ed v angli\u010dtin\u011b i dal\u0161\u00edch jazyc\u00edch. Procesy jsou sd\u00edleny nap\u0159\u00ed\u010d kontinenty a t\u00fdmy b\u011b\u017en\u011b spolupracuj\u00ed virtu\u00e1ln\u011b.<\/span><\/p>\n<p><span style=\"font-weight: 400;\">\u010cesk\u00e1 republika z\u00e1rove\u0148 z\u016fst\u00e1v\u00e1 v\u00a0hled\u00e1\u010dk\u016f dal\u0161\u00edch investor\u016f z tohoto segmentu, ka\u017edoro\u010dn\u011b se o zalo\u017een\u00ed nov\u00e9ho \u010di roz\u0161\u00ed\u0159en\u00ed st\u00e1vaj\u00edc\u00edho centra podnikov\u00fdch slu\u017eeb v\u00a0\u010cR uva\u017euje n\u011bkolika des\u00edtek v\u00fdznamn\u00fdch mezin\u00e1rodn\u00edch spole\u010dnost\u00ed. Trend potvrzuj\u00ed i data CzechInvest, podle nich\u017e se v posledn\u00edch patn\u00e1cti a\u017e dvaceti letech struktura p\u0159\u00edm\u00fdch zahrani\u010dn\u00edch investic do \u010ceska posunula od p\u0159ev\u00e1\u017en\u011b v\u00fdrobn\u00edch projekt\u016f sm\u011brem k aktivit\u00e1m s vy\u0161\u0161\u00ed p\u0159idanou hodnotou, jako jsou pokro\u010dil\u00e9 technologie, v\u00fdzkum a v\u00fdvoj \u010di podnikov\u00e9 slu\u017eby.<\/span><\/p>\n<p><span style=\"font-weight: 400;\">Mezin\u00e1rodn\u00ed aspekt oboru v\u0161ak nar\u00e1\u017e\u00ed na limity lok\u00e1ln\u00ed legislativy. Omezen\u00ed dlouhodob\u011bj\u0161\u00ed pr\u00e1ce ze zahrani\u010d\u00ed z d\u016fvodu da\u0148ov\u00fdch pravidel, slo\u017eit\u00e9 a zdlouhav\u00e9 procesy z\u00edsk\u00e1v\u00e1n\u00ed v\u00edz a pracovn\u00edch povolen\u00ed pro ob\u010dany t\u0159et\u00edch zem\u00ed \u010di rostouc\u00ed administrativn\u00ed z\u00e1t\u011b\u017e p\u0159edstavuj\u00ed faktory, kter\u00e9 mohou v budoucnu sni\u017eovat atraktivitu \u010cesk\u00e9 republiky jak pro investory, tak i pro uchaze\u010de ze zahrani\u010d\u00ed.<\/span><\/p>\n<blockquote>\n<p><i><span style=\"font-weight: 400;\">\u201ePokud je talent glob\u00e1ln\u00ed, ale pravidla z\u016fst\u00e1vaj\u00ed \u010dist\u011b lok\u00e1ln\u00ed, vznik\u00e1 nap\u011bt\u00ed, kter\u00e9 m\u016f\u017ee v\u00e9st k odlivu lid\u00ed i investic. \u010cesk\u00e1 republika m\u00e1 v\u00fdbornou reputaci i kvalitn\u00ed pracovn\u00ed s\u00edlu, ale aby si tuto pozici udr\u017eela, mus\u00ed regulatorn\u00ed prost\u0159ed\u00ed dr\u017eet krok s realitou digit\u00e1ln\u00ed ekonomiky,\u201c <\/span><\/i><\/p>\n<\/blockquote>\n<p><span style=\"font-weight: 400;\">upozor\u0148uje Jonathan Appleton.<\/span><\/p>\n<\/div><\/div><\/div><\/div><\/div><div class=\"fusion-fullwidth fullwidth-box fusion-builder-row-2 fusion-flex-container has-pattern-background has-mask-background nonhundred-percent-fullwidth non-hundred-percent-height-scrolling\" style=\"--awb-border-radius-top-left:0px;--awb-border-radius-top-right:0px;--awb-border-radius-bottom-right:0px;--awb-border-radius-bottom-left:0px;--awb-flex-wrap:wrap;\" ><div class=\"fusion-builder-row fusion-row fusion-flex-align-items-flex-start fusion-flex-content-wrap\" style=\"max-width:1123.2px;margin-left: calc(-4% \/ 2 );margin-right: calc(-4% \/ 2 );\"><div class=\"fusion-layout-column fusion_builder_column fusion-builder-column-1 fusion_builder_column_1_1 1_1 fusion-flex-column\" style=\"--awb-bg-size:cover;--awb-width-large:100%;--awb-margin-top-large:0px;--awb-spacing-right-large:1.92%;--awb-margin-bottom-large:20px;--awb-spacing-left-large:1.92%;--awb-width-medium:100%;--awb-order-medium:0;--awb-spacing-right-medium:1.92%;--awb-spacing-left-medium:1.92%;--awb-width-small:100%;--awb-order-small:0;--awb-spacing-right-small:1.92%;--awb-spacing-left-small:1.92%;\"><div class=\"fusion-column-wrapper fusion-column-has-shadow fusion-flex-justify-content-flex-start fusion-content-layout-column\"><div class=\"fusion-title title fusion-title-1 fusion-sep-none fusion-title-text fusion-title-size-two\" style=\"--awb-font-size:24px;\"><h2 class=\"fusion-title-heading title-heading-left\" style=\"margin:0;font-size:1em;\">O ABSL Czech Republic<\/h2><\/div><div class=\"fusion-text fusion-text-2\"><p style=\"text-align: left;\">ABSL (Association of Business Service Leaders in the Czech Republic) je organizace sdru\u017euj\u00edc\u00ed spole\u010dnosti p\u016fsob\u00edc\u00ed v segmentu sd\u00edlen\u00fdch podnikov\u00fdch slu\u017eeb, kter\u00fd p\u0159edstavuje siln\u00fd zdroj zam\u011bstnanosti v \u010cesk\u00e9 republice. ABSL vznikla v roce 2013 s c\u00edlem podporovat spole\u010dnosti z oblasti podnikov\u00fdch slu\u017eeb, sd\u00edlet best practices a pom\u00e1hat s rozvojem aktivit sv\u00fdch \u010dlen\u016f i jin\u00fdch subjekt\u016f p\u016fsob\u00edc\u00edch v tomto segmentu. Z\u00e1rove\u0148 ABSL poskytuje podporu zahrani\u010dn\u00edm investor\u016fm, kte\u0159\u00ed cht\u011bj\u00ed v \u010cR z\u0159\u00eddit sv\u00e1 centra podnikov\u00fdch slu\u017eeb. V sou\u010dasnosti v \u010cR p\u016fsob\u00ed t\u00e9m\u011b\u0159 <strong>400 center zam\u011bstn\u00e1vaj\u00edc\u00edch ji\u017e 160 000 lid\u00ed<\/strong>.\u00a0 V\u00edce informac\u00ed naleznete na <a href=\"http:\/\/www.absl.cz\">www.absl.cz<\/a>.<\/p>\n<\/div><div class=\"fusion-image-element \" style=\"text-align:left;--awb-max-width:120px;--awb-caption-title-font-family:var(--h2_typography-font-family);--awb-caption-title-font-weight:var(--h2_typography-font-weight);--awb-caption-title-font-style:var(--h2_typography-font-style);--awb-caption-title-size:var(--h2_typography-font-size);--awb-caption-title-transform:var(--h2_typography-text-transform);--awb-caption-title-line-height:var(--h2_typography-line-height);--awb-caption-title-letter-spacing:var(--h2_typography-letter-spacing);\"><span class=\" fusion-imageframe imageframe-none imageframe-1 hover-type-none\"><a class=\"fusion-no-lightbox\" href=\"absl.cz\" target=\"_blank\" aria-label=\"ABSL_Logo_RGB_Main small\" rel=\"noopener noreferrer\"><img decoding=\"async\" width=\"969\" height=\"270\" src=\"https:\/\/absl.cz\/wp-content\/uploads\/2024\/02\/ABSL_Logo_RGB_Main-small.png\" alt class=\"img-responsive wp-image-9390\" srcset=\"https:\/\/absl.cz\/wp-content\/uploads\/2024\/02\/ABSL_Logo_RGB_Main-small-200x56.png 200w, https:\/\/absl.cz\/wp-content\/uploads\/2024\/02\/ABSL_Logo_RGB_Main-small-400x111.png 400w, https:\/\/absl.cz\/wp-content\/uploads\/2024\/02\/ABSL_Logo_RGB_Main-small-600x167.png 600w, https:\/\/absl.cz\/wp-content\/uploads\/2024\/02\/ABSL_Logo_RGB_Main-small-800x223.png 800w, https:\/\/absl.cz\/wp-content\/uploads\/2024\/02\/ABSL_Logo_RGB_Main-small.png 969w\" sizes=\"(max-width: 640px) 100vw, 969px\" \/><\/a><\/span><\/div><div style=\"text-align:left;\"><a class=\"fusion-button button-flat button-medium button-default fusion-button-default button-1 fusion-button-default-span fusion-button-default-type\" target=\"_self\" href=\"mailto:absl@absl.cz\"><span class=\"fusion-button-text\">Spojte se s n\u00e1mi na absl@absl.cz<\/span><\/a><\/div><\/div><\/div><\/div><\/div><\/p>\n","protected":false},"excerpt":{"rendered":"","protected":false},"author":6,"featured_media":19879,"menu_order":0,"comment_status":"open","ping_status":"closed","template":"","format":"standard","meta":{"_acf_changed":false,"footnotes":""},"portfolio_category":[31,32],"portfolio_skills":[],"portfolio_tags":[],"class_list":["post-19912","avada_portfolio","type-avada_portfolio","status-publish","format-standard","has-post-thumbnail","hentry","portfolio_category-novinky","portfolio_category-tiskove-zpravy"],"acf":[],"yoast_head":"<!-- This site is optimized with the Yoast SEO plugin v27.4 - https:\/\/yoast.com\/product\/yoast-seo-wordpress\/ -->\n<title>Sektor IT a podnikov\u00fdch slu\u017eeb v \u010cR dos\u00e1hl 200 tis\u00edc zam\u011bstnanc\u016f. Vznik nov\u00fdch m\u00edst zpomaluje, hodnota, kterou zam\u011bstnanci dok\u00e1\u017e\u00ed vytvo\u0159it ve spolupr\u00e1ci s AI, roste - absl<\/title>\n<meta name=\"robots\" content=\"index, follow, max-snippet:-1, max-image-preview:large, max-video-preview:-1\" \/>\n<link rel=\"canonical\" href=\"https:\/\/absl.cz\/cs\/news\/sektor-it-a-podnikovych-sluzeb-v-cr-dosahl-200-tisic-zamestnancu-vznik-novych-mist-zpomaluje-hodnota-kterou-zamestnanci-dokazi-vytvorit-ve-spolupraci-s-ai-roste\/\" \/>\n<meta property=\"og:locale\" content=\"cs_CZ\" \/>\n<meta property=\"og:type\" content=\"article\" \/>\n<meta property=\"og:title\" content=\"Sektor IT a podnikov\u00fdch slu\u017eeb v \u010cR dos\u00e1hl 200 tis\u00edc zam\u011bstnanc\u016f. Vznik nov\u00fdch m\u00edst zpomaluje, hodnota, kterou zam\u011bstnanci dok\u00e1\u017e\u00ed vytvo\u0159it ve spolupr\u00e1ci s AI, roste - absl\" \/>\n<meta property=\"og:url\" content=\"https:\/\/absl.cz\/cs\/news\/sektor-it-a-podnikovych-sluzeb-v-cr-dosahl-200-tisic-zamestnancu-vznik-novych-mist-zpomaluje-hodnota-kterou-zamestnanci-dokazi-vytvorit-ve-spolupraci-s-ai-roste\/\" \/>\n<meta property=\"og:site_name\" content=\"absl\" \/>\n<meta property=\"article:modified_time\" content=\"2026-03-05T18:57:06+00:00\" \/>\n<meta property=\"og:image\" content=\"https:\/\/absl.cz\/wp-content\/uploads\/2025\/08\/Colliers-Webinar-3.jpg\" \/>\n\t<meta property=\"og:image:width\" content=\"800\" \/>\n\t<meta property=\"og:image:height\" content=\"358\" \/>\n\t<meta property=\"og:image:type\" content=\"image\/jpeg\" \/>\n<meta name=\"twitter:card\" content=\"summary_large_image\" \/>\n<meta name=\"twitter:label1\" content=\"Odhadovan\u00e1 doba \u010dten\u00ed\" \/>\n\t<meta name=\"twitter:data1\" content=\"4 minuty\" \/>\n<script type=\"application\/ld+json\" class=\"yoast-schema-graph\">{\"@context\":\"https:\\\/\\\/schema.org\",\"@graph\":[{\"@type\":\"WebPage\",\"@id\":\"https:\\\/\\\/absl.cz\\\/cs\\\/news\\\/sektor-it-a-podnikovych-sluzeb-v-cr-dosahl-200-tisic-zamestnancu-vznik-novych-mist-zpomaluje-hodnota-kterou-zamestnanci-dokazi-vytvorit-ve-spolupraci-s-ai-roste\\\/\",\"url\":\"https:\\\/\\\/absl.cz\\\/cs\\\/news\\\/sektor-it-a-podnikovych-sluzeb-v-cr-dosahl-200-tisic-zamestnancu-vznik-novych-mist-zpomaluje-hodnota-kterou-zamestnanci-dokazi-vytvorit-ve-spolupraci-s-ai-roste\\\/\",\"name\":\"Sektor IT a podnikov\u00fdch slu\u017eeb v \u010cR dos\u00e1hl 200 tis\u00edc zam\u011bstnanc\u016f. Vznik nov\u00fdch m\u00edst zpomaluje, hodnota, kterou zam\u011bstnanci dok\u00e1\u017e\u00ed vytvo\u0159it ve spolupr\u00e1ci s AI, roste - absl\",\"isPartOf\":{\"@id\":\"https:\\\/\\\/absl.cz\\\/cs\\\/#website\"},\"primaryImageOfPage\":{\"@id\":\"https:\\\/\\\/absl.cz\\\/cs\\\/news\\\/sektor-it-a-podnikovych-sluzeb-v-cr-dosahl-200-tisic-zamestnancu-vznik-novych-mist-zpomaluje-hodnota-kterou-zamestnanci-dokazi-vytvorit-ve-spolupraci-s-ai-roste\\\/#primaryimage\"},\"image\":{\"@id\":\"https:\\\/\\\/absl.cz\\\/cs\\\/news\\\/sektor-it-a-podnikovych-sluzeb-v-cr-dosahl-200-tisic-zamestnancu-vznik-novych-mist-zpomaluje-hodnota-kterou-zamestnanci-dokazi-vytvorit-ve-spolupraci-s-ai-roste\\\/#primaryimage\"},\"thumbnailUrl\":\"https:\\\/\\\/absl.cz\\\/wp-content\\\/uploads\\\/2025\\\/08\\\/Colliers-Webinar-3.jpg\",\"datePublished\":\"2026-03-05T09:26:55+00:00\",\"dateModified\":\"2026-03-05T18:57:06+00:00\",\"breadcrumb\":{\"@id\":\"https:\\\/\\\/absl.cz\\\/cs\\\/news\\\/sektor-it-a-podnikovych-sluzeb-v-cr-dosahl-200-tisic-zamestnancu-vznik-novych-mist-zpomaluje-hodnota-kterou-zamestnanci-dokazi-vytvorit-ve-spolupraci-s-ai-roste\\\/#breadcrumb\"},\"inLanguage\":\"cs\",\"potentialAction\":[{\"@type\":\"ReadAction\",\"target\":[\"https:\\\/\\\/absl.cz\\\/cs\\\/news\\\/sektor-it-a-podnikovych-sluzeb-v-cr-dosahl-200-tisic-zamestnancu-vznik-novych-mist-zpomaluje-hodnota-kterou-zamestnanci-dokazi-vytvorit-ve-spolupraci-s-ai-roste\\\/\"]}]},{\"@type\":\"ImageObject\",\"inLanguage\":\"cs\",\"@id\":\"https:\\\/\\\/absl.cz\\\/cs\\\/news\\\/sektor-it-a-podnikovych-sluzeb-v-cr-dosahl-200-tisic-zamestnancu-vznik-novych-mist-zpomaluje-hodnota-kterou-zamestnanci-dokazi-vytvorit-ve-spolupraci-s-ai-roste\\\/#primaryimage\",\"url\":\"https:\\\/\\\/absl.cz\\\/wp-content\\\/uploads\\\/2025\\\/08\\\/Colliers-Webinar-3.jpg\",\"contentUrl\":\"https:\\\/\\\/absl.cz\\\/wp-content\\\/uploads\\\/2025\\\/08\\\/Colliers-Webinar-3.jpg\",\"width\":800,\"height\":358},{\"@type\":\"BreadcrumbList\",\"@id\":\"https:\\\/\\\/absl.cz\\\/cs\\\/news\\\/sektor-it-a-podnikovych-sluzeb-v-cr-dosahl-200-tisic-zamestnancu-vznik-novych-mist-zpomaluje-hodnota-kterou-zamestnanci-dokazi-vytvorit-ve-spolupraci-s-ai-roste\\\/#breadcrumb\",\"itemListElement\":[{\"@type\":\"ListItem\",\"position\":1,\"name\":\"Portfolio\",\"item\":\"https:\\\/\\\/absl.cz\\\/portfolio-items\\\/\"},{\"@type\":\"ListItem\",\"position\":2,\"name\":\"Sektor IT a podnikov\u00fdch slu\u017eeb v \u010cR dos\u00e1hl 200 tis\u00edc zam\u011bstnanc\u016f. Vznik nov\u00fdch m\u00edst zpomaluje, hodnota, kterou zam\u011bstnanci dok\u00e1\u017e\u00ed vytvo\u0159it ve spolupr\u00e1ci s AI, roste\"}]},{\"@type\":\"WebSite\",\"@id\":\"https:\\\/\\\/absl.cz\\\/cs\\\/#website\",\"url\":\"https:\\\/\\\/absl.cz\\\/cs\\\/\",\"name\":\"absl\",\"description\":\"\",\"potentialAction\":[{\"@type\":\"SearchAction\",\"target\":{\"@type\":\"EntryPoint\",\"urlTemplate\":\"https:\\\/\\\/absl.cz\\\/cs\\\/?s={search_term_string}\"},\"query-input\":{\"@type\":\"PropertyValueSpecification\",\"valueRequired\":true,\"valueName\":\"search_term_string\"}}],\"inLanguage\":\"cs\"}]}<\/script>\n<!-- \/ Yoast SEO plugin. -->","yoast_head_json":{"title":"Sektor IT a podnikov\u00fdch slu\u017eeb v \u010cR dos\u00e1hl 200 tis\u00edc zam\u011bstnanc\u016f. Vznik nov\u00fdch m\u00edst zpomaluje, hodnota, kterou zam\u011bstnanci dok\u00e1\u017e\u00ed vytvo\u0159it ve spolupr\u00e1ci s AI, roste - absl","robots":{"index":"index","follow":"follow","max-snippet":"max-snippet:-1","max-image-preview":"max-image-preview:large","max-video-preview":"max-video-preview:-1"},"canonical":"https:\/\/absl.cz\/cs\/news\/sektor-it-a-podnikovych-sluzeb-v-cr-dosahl-200-tisic-zamestnancu-vznik-novych-mist-zpomaluje-hodnota-kterou-zamestnanci-dokazi-vytvorit-ve-spolupraci-s-ai-roste\/","og_locale":"cs_CZ","og_type":"article","og_title":"Sektor IT a podnikov\u00fdch slu\u017eeb v \u010cR dos\u00e1hl 200 tis\u00edc zam\u011bstnanc\u016f. Vznik nov\u00fdch m\u00edst zpomaluje, hodnota, kterou zam\u011bstnanci dok\u00e1\u017e\u00ed vytvo\u0159it ve spolupr\u00e1ci s AI, roste - absl","og_url":"https:\/\/absl.cz\/cs\/news\/sektor-it-a-podnikovych-sluzeb-v-cr-dosahl-200-tisic-zamestnancu-vznik-novych-mist-zpomaluje-hodnota-kterou-zamestnanci-dokazi-vytvorit-ve-spolupraci-s-ai-roste\/","og_site_name":"absl","article_modified_time":"2026-03-05T18:57:06+00:00","og_image":[{"width":800,"height":358,"url":"https:\/\/absl.cz\/wp-content\/uploads\/2025\/08\/Colliers-Webinar-3.jpg","type":"image\/jpeg"}],"twitter_card":"summary_large_image","twitter_misc":{"Odhadovan\u00e1 doba \u010dten\u00ed":"4 minuty"},"schema":{"@context":"https:\/\/schema.org","@graph":[{"@type":"WebPage","@id":"https:\/\/absl.cz\/cs\/news\/sektor-it-a-podnikovych-sluzeb-v-cr-dosahl-200-tisic-zamestnancu-vznik-novych-mist-zpomaluje-hodnota-kterou-zamestnanci-dokazi-vytvorit-ve-spolupraci-s-ai-roste\/","url":"https:\/\/absl.cz\/cs\/news\/sektor-it-a-podnikovych-sluzeb-v-cr-dosahl-200-tisic-zamestnancu-vznik-novych-mist-zpomaluje-hodnota-kterou-zamestnanci-dokazi-vytvorit-ve-spolupraci-s-ai-roste\/","name":"Sektor IT a podnikov\u00fdch slu\u017eeb v \u010cR dos\u00e1hl 200 tis\u00edc zam\u011bstnanc\u016f. Vznik nov\u00fdch m\u00edst zpomaluje, hodnota, kterou zam\u011bstnanci dok\u00e1\u017e\u00ed vytvo\u0159it ve spolupr\u00e1ci s AI, roste - absl","isPartOf":{"@id":"https:\/\/absl.cz\/cs\/#website"},"primaryImageOfPage":{"@id":"https:\/\/absl.cz\/cs\/news\/sektor-it-a-podnikovych-sluzeb-v-cr-dosahl-200-tisic-zamestnancu-vznik-novych-mist-zpomaluje-hodnota-kterou-zamestnanci-dokazi-vytvorit-ve-spolupraci-s-ai-roste\/#primaryimage"},"image":{"@id":"https:\/\/absl.cz\/cs\/news\/sektor-it-a-podnikovych-sluzeb-v-cr-dosahl-200-tisic-zamestnancu-vznik-novych-mist-zpomaluje-hodnota-kterou-zamestnanci-dokazi-vytvorit-ve-spolupraci-s-ai-roste\/#primaryimage"},"thumbnailUrl":"https:\/\/absl.cz\/wp-content\/uploads\/2025\/08\/Colliers-Webinar-3.jpg","datePublished":"2026-03-05T09:26:55+00:00","dateModified":"2026-03-05T18:57:06+00:00","breadcrumb":{"@id":"https:\/\/absl.cz\/cs\/news\/sektor-it-a-podnikovych-sluzeb-v-cr-dosahl-200-tisic-zamestnancu-vznik-novych-mist-zpomaluje-hodnota-kterou-zamestnanci-dokazi-vytvorit-ve-spolupraci-s-ai-roste\/#breadcrumb"},"inLanguage":"cs","potentialAction":[{"@type":"ReadAction","target":["https:\/\/absl.cz\/cs\/news\/sektor-it-a-podnikovych-sluzeb-v-cr-dosahl-200-tisic-zamestnancu-vznik-novych-mist-zpomaluje-hodnota-kterou-zamestnanci-dokazi-vytvorit-ve-spolupraci-s-ai-roste\/"]}]},{"@type":"ImageObject","inLanguage":"cs","@id":"https:\/\/absl.cz\/cs\/news\/sektor-it-a-podnikovych-sluzeb-v-cr-dosahl-200-tisic-zamestnancu-vznik-novych-mist-zpomaluje-hodnota-kterou-zamestnanci-dokazi-vytvorit-ve-spolupraci-s-ai-roste\/#primaryimage","url":"https:\/\/absl.cz\/wp-content\/uploads\/2025\/08\/Colliers-Webinar-3.jpg","contentUrl":"https:\/\/absl.cz\/wp-content\/uploads\/2025\/08\/Colliers-Webinar-3.jpg","width":800,"height":358},{"@type":"BreadcrumbList","@id":"https:\/\/absl.cz\/cs\/news\/sektor-it-a-podnikovych-sluzeb-v-cr-dosahl-200-tisic-zamestnancu-vznik-novych-mist-zpomaluje-hodnota-kterou-zamestnanci-dokazi-vytvorit-ve-spolupraci-s-ai-roste\/#breadcrumb","itemListElement":[{"@type":"ListItem","position":1,"name":"Portfolio","item":"https:\/\/absl.cz\/portfolio-items\/"},{"@type":"ListItem","position":2,"name":"Sektor IT a podnikov\u00fdch slu\u017eeb v \u010cR dos\u00e1hl 200 tis\u00edc zam\u011bstnanc\u016f. Vznik nov\u00fdch m\u00edst zpomaluje, hodnota, kterou zam\u011bstnanci dok\u00e1\u017e\u00ed vytvo\u0159it ve spolupr\u00e1ci s AI, roste"}]},{"@type":"WebSite","@id":"https:\/\/absl.cz\/cs\/#website","url":"https:\/\/absl.cz\/cs\/","name":"absl","description":"","potentialAction":[{"@type":"SearchAction","target":{"@type":"EntryPoint","urlTemplate":"https:\/\/absl.cz\/cs\/?s={search_term_string}"},"query-input":{"@type":"PropertyValueSpecification","valueRequired":true,"valueName":"search_term_string"}}],"inLanguage":"cs"}]}},"_links":{"self":[{"href":"https:\/\/absl.cz\/cs\/wp-json\/wp\/v2\/avada_portfolio\/19912","targetHints":{"allow":["GET"]}}],"collection":[{"href":"https:\/\/absl.cz\/cs\/wp-json\/wp\/v2\/avada_portfolio"}],"about":[{"href":"https:\/\/absl.cz\/cs\/wp-json\/wp\/v2\/types\/avada_portfolio"}],"author":[{"embeddable":true,"href":"https:\/\/absl.cz\/cs\/wp-json\/wp\/v2\/users\/6"}],"replies":[{"embeddable":true,"href":"https:\/\/absl.cz\/cs\/wp-json\/wp\/v2\/comments?post=19912"}],"version-history":[{"count":1,"href":"https:\/\/absl.cz\/cs\/wp-json\/wp\/v2\/avada_portfolio\/19912\/revisions"}],"predecessor-version":[{"id":19913,"href":"https:\/\/absl.cz\/cs\/wp-json\/wp\/v2\/avada_portfolio\/19912\/revisions\/19913"}],"wp:featuredmedia":[{"embeddable":true,"href":"https:\/\/absl.cz\/cs\/wp-json\/wp\/v2\/media\/19879"}],"wp:attachment":[{"href":"https:\/\/absl.cz\/cs\/wp-json\/wp\/v2\/media?parent=19912"}],"wp:term":[{"taxonomy":"portfolio_category","embeddable":true,"href":"https:\/\/absl.cz\/cs\/wp-json\/wp\/v2\/portfolio_category?post=19912"},{"taxonomy":"portfolio_skills","embeddable":true,"href":"https:\/\/absl.cz\/cs\/wp-json\/wp\/v2\/portfolio_skills?post=19912"},{"taxonomy":"portfolio_tags","embeddable":true,"href":"https:\/\/absl.cz\/cs\/wp-json\/wp\/v2\/portfolio_tags?post=19912"}],"curies":[{"name":"wp","href":"https:\/\/api.w.org\/{rel}","templated":true}]}}