{"id":19980,"date":"2026-04-09T11:04:34","date_gmt":"2026-04-09T09:04:34","guid":{"rendered":"https:\/\/absl.cz\/?post_type=avada_portfolio&#038;p=19980"},"modified":"2026-04-09T11:14:13","modified_gmt":"2026-04-09T09:14:13","slug":"valka-na-blizkem-vychode-zvysuje-duraz-firem-na-bezpecnost-stredni-evropa-ziskava-na-atraktivite","status":"publish","type":"avada_portfolio","link":"https:\/\/absl.cz\/cs\/news\/valka-na-blizkem-vychode-zvysuje-duraz-firem-na-bezpecnost-stredni-evropa-ziskava-na-atraktivite\/","title":{"rendered":"V\u00e1lka na Bl\u00edzk\u00e9m v\u00fdchod\u011b zvy\u0161uje d\u016fraz firem na bezpe\u010dnost. St\u0159edn\u00ed Evropa z\u00edsk\u00e1v\u00e1 na atraktivit\u011b"},"content":{"rendered":"<p><div class=\"fusion-fullwidth fullwidth-box fusion-builder-row-1 fusion-flex-container has-pattern-background has-mask-background nonhundred-percent-fullwidth non-hundred-percent-height-scrolling\" style=\"--awb-border-radius-top-left:0px;--awb-border-radius-top-right:0px;--awb-border-radius-bottom-right:0px;--awb-border-radius-bottom-left:0px;--awb-flex-wrap:wrap;\" ><div class=\"fusion-builder-row fusion-row fusion-flex-align-items-flex-start fusion-flex-content-wrap\" style=\"max-width:1123.2px;margin-left: calc(-4% \/ 2 );margin-right: calc(-4% \/ 2 );\"><div class=\"fusion-layout-column fusion_builder_column fusion-builder-column-0 fusion_builder_column_1_1 1_1 fusion-flex-column\" style=\"--awb-bg-size:cover;--awb-width-large:100%;--awb-margin-top-large:0px;--awb-spacing-right-large:1.92%;--awb-margin-bottom-large:20px;--awb-spacing-left-large:1.92%;--awb-width-medium:100%;--awb-order-medium:0;--awb-spacing-right-medium:1.92%;--awb-spacing-left-medium:1.92%;--awb-width-small:100%;--awb-order-small:0;--awb-spacing-right-small:1.92%;--awb-spacing-left-small:1.92%;\"><div class=\"fusion-column-wrapper fusion-column-has-shadow fusion-flex-justify-content-flex-start fusion-content-layout-column\"><div class=\"fusion-text fusion-text-1\"><p><b>Konflikt na Bl\u00edzk\u00e9m v\u00fdchod\u011b m\u016f\u017ee zm\u011bnit glob\u00e1ln\u00ed mapu lokalit, kde mezin\u00e1rodn\u00ed firmy um\u00eds\u0165uj\u00ed a rozv\u00edjej\u00ed centra IT a podnikov\u00fdch slu\u017eeb. Zem\u011b jako Bahrajn \u010di Egypt, kter\u00e9 je\u0161t\u011b loni figurovaly v TOP 30 \u017eeb\u0159\u00ed\u010dku The Hackett Group, kv\u016fli rostouc\u00edm bezpe\u010dnostn\u00edm rizik\u016fm ztr\u00e1cej\u00ed na atraktivit\u011b. Naopak zem\u011b st\u0159edn\u00ed Evropy d\u00edky sv\u00e9 stabilit\u011b, bezpe\u010dnosti a schopnosti zajistit kontinuitu provozu d\u00e1le posiluj\u00ed. \u010cesk\u00e1 republika by se podle aktu\u00e1ln\u00edch odhad\u016f ABSL mohla ze sou\u010dasn\u00e9ho 34. m\u00edsta posunout zhruba o p\u011bt p\u0159\u00ed\u010dek v\u00fd\u0161e.<\/b><\/p>\n<h3><b>St\u0159edn\u00ed Evropa jako bezpe\u010dn\u00e1 lokalita<\/b><\/h3>\n<p><b><\/b><span style=\"font-weight: 400;\">Podle asociace ABSL se rozhodov\u00e1n\u00ed glob\u00e1ln\u00edch firem posouv\u00e1 od ot\u00e1zky \u201ekde je to nejlevn\u011bj\u0161\u00ed\u201c k ot\u00e1zce \u201ekde je to nejstabiln\u011bj\u0161\u00ed, nejbezpe\u010dn\u011bj\u0161\u00ed, nejl\u00e9pe \u0159iditeln\u00e9 a dlouhodob\u011b udr\u017eiteln\u00e9\u201c. Tento posun potvrzuj\u00ed i mezin\u00e1rodn\u00ed srovn\u00e1n\u00ed spole\u010dnosti <a href=\"https:\/\/www.thehackettgroup.com\/\" target=\"_blank\" rel=\"noopener\">The Hackett Group<\/a>, kter\u00e1 atraktivitu lokalit pro centra IT a podnikov\u00fdch slu\u017eeb dlouhodob\u011b sleduje.<\/span><\/p>\n<p><span style=\"font-weight: 400;\">Zem\u011b Bl\u00edzk\u00e9ho v\u00fdchodu v\u00a0tomto ohledu v posledn\u00edch letech v\u00fdrazn\u011b posilovaly svou pozici a p\u0159itahovaly v\u00fdznamn\u00e9 objemy zahrani\u010dn\u00edch investic i pracovn\u00ed s\u00edly. Nap\u0159\u00edklad Egypt nebo Bahrajn se podle \u017eeb\u0159\u00ed\u010dku spole\u010dnosti The Hackett Group \u0159adily mezi TOP 30 nejatraktivn\u011bj\u0161\u00edch lokalit sv\u011bta. Sou\u010dasn\u00e1 eskalace nap\u011bt\u00ed v\u0161ak tento trend zpochyb\u0148uje a zvy\u0161uje nejistotu pro firmy i zam\u011bstnance. Ned\u00e1vn\u00fd incident, kdy \u00edr\u00e1nsk\u00e9 revolu\u010dn\u00ed gardy hrozily \u00fatokem na americk\u00e9 technologick\u00e9 firmy, ukazuje, \u017ee bezpe\u010dnostn\u00ed hrozby pro podniky v regionu nejsou teoretick\u00e9, ale re\u00e1ln\u00e9.<\/span><\/p>\n<blockquote>\n<p><span style=\"font-weight: 400;\">\u201e<\/span><i><span style=\"font-weight: 400;\">Krom\u011b investi\u010dn\u00edch rozhodnut\u00ed sledujeme tak\u00e9 zm\u011bny v chov\u00e1n\u00ed talent\u016f. N\u011bkte\u0159\u00ed zahrani\u010dn\u00ed odborn\u00edci v regionu zva\u017euj\u00ed n\u00e1vrat dom\u016f nebo hledaj\u00ed p\u0159\u00edle\u017eitosti jinde. Firmy reaguj\u00ed omezen\u00edm slu\u017eebn\u00edch cest a p\u0159esunem pr\u00e1ce do bezpe\u010dn\u011bj\u0161\u00edch lokalit. Nejistota na Bl\u00edzk\u00e9m v\u00fdchod\u011b tak u\u017e nen\u00ed jen hypotetick\u00e1, ale m\u00e1 konkr\u00e9tn\u00ed dopad na firmy i jejich talenty,<\/span><\/i><span style=\"font-weight: 400;\">\u201c <\/span><\/p>\n<\/blockquote>\n<p><span style=\"font-weight: 400;\">dopl\u0148uje Jonathan Appleton, v\u00fdkonn\u00fd \u0159editel ABSL, s t\u00edm, \u017ee sou\u010dasn\u00e1 situace nahr\u00e1v\u00e1 zem\u00edm st\u0159edn\u00ed Evropy.\u00a0<\/span><\/p>\n<h3><b>\u010cesko m\u016f\u017ee pos\u00edlit v glob\u00e1ln\u00edm \u017eeb\u0159\u00ed\u010dku atraktivity<\/b><\/h3>\n<p><b><\/b><span style=\"font-weight: 400;\">Tento posun se prom\u00edt\u00e1 i v rostouc\u00edm z\u00e1jmu glob\u00e1ln\u00edch firem o stabiln\u011bj\u0161\u00ed evropsk\u00e9 lokality. Zem\u011b jako \u010cesko, Polsko nebo Ma\u010farsko tak posiluj\u00ed svou roli vysp\u011bl\u00fdch hub\u016f pro IT a podnikov\u00e9 slu\u017eby, kter\u00e9 zaji\u0161\u0165uj\u00ed nejen z\u00e1kladn\u00ed operace, ale i vysoce kvalifikovan\u00e9 \u010dinnosti v oblasti financ\u00ed, HR, IT, v\u00fdzkumu a v\u00fdvoje \u010di kyberbezpe\u010dnosti.<\/span><\/p>\n<p><span style=\"font-weight: 400;\">Tento v\u00fdvoj potvrzuj\u00ed i aktu\u00e1ln\u00ed data asociace ABSL. Z pr\u016fzkumu mezi firmami v oblasti IT a podnikov\u00fdch slu\u017eeb vypl\u00fdv\u00e1, \u017ee bezpe\u010dnost je pro mezin\u00e1rodn\u00ed spole\u010dnosti hlavn\u00edm d\u016fvodem, pro\u010d sv\u00e9 pobo\u010dky v \u010cesk\u00e9 republice provozuj\u00ed a d\u00e1le rozv\u00edjej\u00ed. Podle \u017eeb\u0159\u00ed\u010dku The Hackett Group se \u010cesk\u00e1 republika aktu\u00e1ln\u011b umis\u0165uje na 34. m\u00edst\u011b glob\u00e1ln\u011b, p\u0159i\u010dem\u017e v evropsk\u00e9m kontextu pat\u0159\u00ed ke \u0161pi\u010dce \u2013 s v\u00edce ne\u017e 400 centry a 200 tis\u00edci zam\u011bstnanci. Pr\u00e1v\u011b rostouc\u00ed d\u016fraz na bezpe\u010dnost a stabilitu by j\u00ed nav\u00edc mohl pomoci posunout se p\u0159ibli\u017en\u011b o p\u011bt p\u0159\u00ed\u010dek v\u00fd\u0161e.<\/span><\/p>\n<p><span style=\"font-weight: 400;\">Silnou pozici \u010ceska potvrzuj\u00ed i data <a href=\"https:\/\/www.grafton.cz\/en\" target=\"_blank\" rel=\"noopener\">Grafton Recruitment<\/a>, podle kter\u00fdch m\u00e1 \u010cesk\u00e1 republika nejvy\u0161\u0161\u00ed pod\u00edl zam\u011bstnanc\u016f v oblasti podnikov\u00fdch slu\u017eeb na celkov\u00e9m po\u010dtu obyvatel ze sledovan\u00fdch zem\u00ed. <\/span><\/p>\n<blockquote>\n<p><span style=\"font-weight: 400;\">\u201e<\/span><i><span style=\"font-weight: 400;\">\u010cesk\u00e1 republika m\u00e1 v r\u00e1mci regionu mimo\u0159\u00e1dn\u011b silnou pozici. Pod\u00edl zam\u011bstnanc\u016f v oboru podnikov\u00fdch slu\u017eeb se zde bl\u00ed\u017e\u00ed 2 % populace, co\u017e je v\u00fdrazn\u011b v\u00edce ne\u017e nap\u0159\u00edklad v Polsku, kde jde p\u0159ibli\u017en\u011b o 1 %, nebo v Rumunsku, kde je tento pod\u00edl je\u0161t\u011b ni\u017e\u0161\u00ed. To ukazuje, \u017ee \u010cesko u\u017e dnes nen\u00ed jen n\u00e1kladov\u011b efektivn\u00ed lokalitou, ale p\u0159edev\u0161\u00edm vysp\u011bl\u00fdm trhem s dostatkem kvalifikovan\u00fdch talent\u016f, kter\u00fd dok\u00e1\u017ee absorbovat i komplexn\u011bj\u0161\u00ed role<\/span><\/i><span style=\"font-weight: 400;\">,\u201c <\/span><\/p>\n<\/blockquote>\n<p><span style=\"font-weight: 400;\">\u0159\u00edk\u00e1 Martin Malo, \u0159editel Grafton Recruitment.<\/span><\/p>\n<h3><b>Odolnost v praxi: Od pl\u00e1n\u016f k\u00a0re\u00e1ln\u00e9mu fungov\u00e1n\u00ed<\/b><\/h3>\n<p><b><\/b><span style=\"font-weight: 400;\">Rostouc\u00ed d\u016fraz na stabilitu a bezpe\u010dnost se z\u00e1rove\u0148 prom\u00edt\u00e1 i do fungov\u00e1n\u00ed samotn\u00fdch center podnikov\u00fdch slu\u017eeb, kde se kl\u00ed\u010dov\u00fdm prvkem st\u00e1v\u00e1 odolnost. Pokud z\u016fst\u00e1v\u00e1 pouze na pap\u00ed\u0159e a nen\u00ed sou\u010d\u00e1st\u00ed re\u00e1ln\u00e9ho provozn\u00edho modelu, m\u016f\u017ee b\u00fdt chod spole\u010dnosti v\u00fdrazn\u011b ohro\u017een.\u00a0<\/span><\/p>\n<blockquote>\n<p><span style=\"font-weight: 400;\">\u201e<\/span><i><span style=\"font-weight: 400;\">Firmy dnes mus\u00ed po\u010d\u00edtat s t\u00edm, \u017ee v\u00fdpadky a naru\u0161en\u00ed provozu nejsou v\u00fdjimkou, ale novou realitou. Nesta\u010d\u00ed m\u00edt p\u0159ipraven\u00fd pl\u00e1n. Kl\u00ed\u010dov\u00e9 je m\u00edt odolnost skute\u010dn\u011b zabudovanou do ka\u017edodenn\u00edho fungov\u00e1n\u00ed. To v praxi znamen\u00e1 v\u011bt\u0161\u00ed diverzifikaci a decentralizaci, tedy rozd\u011blen\u00ed aktivit do v\u00edce zem\u00ed. S\u00a0t\u00edm souvis\u00ed i schopnost rychle p\u0159esouvat aktivity mezi lokalitami,<\/span><\/i><span style=\"font-weight: 400;\">\u201c <\/span><\/p>\n<\/blockquote>\n<p><span style=\"font-weight: 400;\">vysv\u011btluje Jonathan Appleton a dod\u00e1v\u00e1, \u017ee z\u00e1sadn\u00ed je tak\u00e9 budov\u00e1n\u00ed z\u00e1lo\u017en\u00edch IT syst\u00e9m\u016f, sn\u00ed\u017een\u00ed z\u00e1vislosti na jednom dodavateli a schopnost rychle reagovat na v\u00fdpadky \u010di n\u00e1hl\u00e9 zm\u011bny.<\/span><\/p>\n<p><span style=\"font-weight: 400;\">Kl\u00ed\u010dov\u00e9 je nejen pl\u00e1novat, ale tak\u00e9 testovat sc\u00e9n\u00e1\u0159e a pr\u016fb\u011b\u017en\u011b odstra\u0148ovat slab\u00e1 m\u00edsta. Role l\u00eddr\u016f podnikov\u00fdch slu\u017eeb tak vedle inova\u010dn\u00ed agendy st\u00e1le \u010dast\u011bji zahrnuje i koordinaci krizov\u00fdch situac\u00ed a zaji\u0161t\u011bn\u00ed kontinuity provozu v \u010d\u00edm d\u00e1l m\u00e9n\u011b p\u0159edv\u00eddateln\u00e9m prost\u0159ed\u00ed.<\/span><\/p>\n<\/div><\/div><\/div><\/div><\/div><div class=\"fusion-fullwidth fullwidth-box fusion-builder-row-2 fusion-flex-container has-pattern-background has-mask-background nonhundred-percent-fullwidth non-hundred-percent-height-scrolling\" style=\"--awb-border-radius-top-left:0px;--awb-border-radius-top-right:0px;--awb-border-radius-bottom-right:0px;--awb-border-radius-bottom-left:0px;--awb-flex-wrap:wrap;\" ><div class=\"fusion-builder-row fusion-row fusion-flex-align-items-flex-start fusion-flex-content-wrap\" style=\"max-width:1123.2px;margin-left: calc(-4% \/ 2 );margin-right: calc(-4% \/ 2 );\"><div class=\"fusion-layout-column fusion_builder_column fusion-builder-column-1 fusion_builder_column_1_1 1_1 fusion-flex-column\" style=\"--awb-bg-size:cover;--awb-width-large:100%;--awb-margin-top-large:0px;--awb-spacing-right-large:1.92%;--awb-margin-bottom-large:20px;--awb-spacing-left-large:1.92%;--awb-width-medium:100%;--awb-order-medium:0;--awb-spacing-right-medium:1.92%;--awb-spacing-left-medium:1.92%;--awb-width-small:100%;--awb-order-small:0;--awb-spacing-right-small:1.92%;--awb-spacing-left-small:1.92%;\"><div class=\"fusion-column-wrapper fusion-column-has-shadow fusion-flex-justify-content-flex-start fusion-content-layout-column\"><div class=\"fusion-title title fusion-title-1 fusion-sep-none fusion-title-text fusion-title-size-two\" style=\"--awb-font-size:24px;\"><h2 class=\"fusion-title-heading title-heading-left\" style=\"margin:0;font-size:1em;\">O ABSL Czech Republic<\/h2><\/div><div class=\"fusion-text fusion-text-2\"><p style=\"text-align: left;\">ABSL (Association of Business Service Leaders in the Czech Republic) je organizace sdru\u017euj\u00edc\u00ed spole\u010dnosti p\u016fsob\u00edc\u00ed v segmentu sd\u00edlen\u00fdch podnikov\u00fdch slu\u017eeb, kter\u00fd p\u0159edstavuje siln\u00fd zdroj zam\u011bstnanosti v \u010cesk\u00e9 republice. ABSL vznikla v roce 2013 s c\u00edlem podporovat spole\u010dnosti z oblasti podnikov\u00fdch slu\u017eeb, sd\u00edlet best practices a pom\u00e1hat s rozvojem aktivit sv\u00fdch \u010dlen\u016f i jin\u00fdch subjekt\u016f p\u016fsob\u00edc\u00edch v tomto segmentu. Z\u00e1rove\u0148 ABSL poskytuje podporu zahrani\u010dn\u00edm investor\u016fm, kte\u0159\u00ed cht\u011bj\u00ed v \u010cR z\u0159\u00eddit sv\u00e1 centra podnikov\u00fdch slu\u017eeb. V sou\u010dasnosti v \u010cR p\u016fsob\u00ed t\u00e9m\u011b\u0159 <strong>400 center zam\u011bstn\u00e1vaj\u00edc\u00edch ji\u017e 160 000 lid\u00ed<\/strong>.\u00a0 V\u00edce informac\u00ed naleznete na <a href=\"http:\/\/www.absl.cz\">www.absl.cz<\/a>.<\/p>\n<\/div><div class=\"fusion-image-element \" style=\"text-align:center;--awb-margin-top:20px;--awb-margin-bottom:20px;--awb-max-width:120px;--awb-caption-title-font-family:var(--h2_typography-font-family);--awb-caption-title-font-weight:var(--h2_typography-font-weight);--awb-caption-title-font-style:var(--h2_typography-font-style);--awb-caption-title-size:var(--h2_typography-font-size);--awb-caption-title-transform:var(--h2_typography-text-transform);--awb-caption-title-line-height:var(--h2_typography-line-height);--awb-caption-title-letter-spacing:var(--h2_typography-letter-spacing);\"><span class=\" fusion-imageframe imageframe-none imageframe-1 hover-type-none\"><a class=\"fusion-no-lightbox\" href=\"absl.cz\" target=\"_blank\" aria-label=\"ABSL_Logo_RGB_Main small\" rel=\"noopener noreferrer\"><img decoding=\"async\" width=\"969\" height=\"270\" src=\"https:\/\/absl.cz\/wp-content\/uploads\/2024\/02\/ABSL_Logo_RGB_Main-small.png\" alt class=\"img-responsive wp-image-9390\" srcset=\"https:\/\/absl.cz\/wp-content\/uploads\/2024\/02\/ABSL_Logo_RGB_Main-small-200x56.png 200w, https:\/\/absl.cz\/wp-content\/uploads\/2024\/02\/ABSL_Logo_RGB_Main-small-400x111.png 400w, https:\/\/absl.cz\/wp-content\/uploads\/2024\/02\/ABSL_Logo_RGB_Main-small-600x167.png 600w, https:\/\/absl.cz\/wp-content\/uploads\/2024\/02\/ABSL_Logo_RGB_Main-small-800x223.png 800w, https:\/\/absl.cz\/wp-content\/uploads\/2024\/02\/ABSL_Logo_RGB_Main-small.png 969w\" sizes=\"(max-width: 640px) 100vw, 969px\" \/><\/a><\/span><\/div><div style=\"text-align:center;\"><a class=\"fusion-button button-flat button-medium button-default fusion-button-default button-1 fusion-button-default-span fusion-button-default-type\" target=\"_self\" href=\"mailto:absl@absl.cz\"><span class=\"fusion-button-text\">Spojte se s n\u00e1mi na absl@absl.cz<\/span><\/a><\/div><\/div><\/div><\/div><\/div><\/p>\n","protected":false},"excerpt":{"rendered":"","protected":false},"author":6,"featured_media":19983,"menu_order":0,"comment_status":"open","ping_status":"closed","template":"","format":"standard","meta":{"_acf_changed":false,"footnotes":""},"portfolio_category":[31,32],"portfolio_skills":[],"portfolio_tags":[],"class_list":["post-19980","avada_portfolio","type-avada_portfolio","status-publish","format-standard","has-post-thumbnail","hentry","portfolio_category-novinky","portfolio_category-tiskove-zpravy"],"acf":[],"yoast_head":"<!-- This site is optimized with the Yoast SEO plugin v27.4 - https:\/\/yoast.com\/product\/yoast-seo-wordpress\/ -->\n<title>V\u00e1lka na Bl\u00edzk\u00e9m v\u00fdchod\u011b zvy\u0161uje d\u016fraz firem na bezpe\u010dnost. St\u0159edn\u00ed Evropa z\u00edsk\u00e1v\u00e1 na atraktivit\u011b - absl<\/title>\n<meta name=\"description\" content=\"Rostouc\u00ed nap\u011bt\u00ed na Bl\u00edzk\u00e9m v\u00fdchod\u011b p\u0159esouv\u00e1 IT a business slu\u017eby do bezpe\u010dn\u011bj\u0161\u00edch region\u016f \u2013 st\u0159edn\u00ed Evropa, v\u010detn\u011b \u010ceska, posiluje d\u00edky stabilit\u011b a m\u016f\u017ee se posunout v glob\u00e1ln\u00edm \u017eeb\u0159\u00ed\u010dku.\" \/>\n<meta name=\"robots\" content=\"index, follow, max-snippet:-1, max-image-preview:large, max-video-preview:-1\" \/>\n<link rel=\"canonical\" href=\"https:\/\/absl.cz\/cs\/news\/valka-na-blizkem-vychode-zvysuje-duraz-firem-na-bezpecnost-stredni-evropa-ziskava-na-atraktivite\/\" \/>\n<meta property=\"og:locale\" content=\"cs_CZ\" \/>\n<meta property=\"og:type\" content=\"article\" \/>\n<meta property=\"og:title\" content=\"V\u00e1lka na Bl\u00edzk\u00e9m v\u00fdchod\u011b zvy\u0161uje d\u016fraz firem na bezpe\u010dnost. St\u0159edn\u00ed Evropa z\u00edsk\u00e1v\u00e1 na atraktivit\u011b - absl\" \/>\n<meta property=\"og:description\" content=\"Rostouc\u00ed nap\u011bt\u00ed na Bl\u00edzk\u00e9m v\u00fdchod\u011b p\u0159esouv\u00e1 IT a business slu\u017eby do bezpe\u010dn\u011bj\u0161\u00edch region\u016f \u2013 st\u0159edn\u00ed Evropa, v\u010detn\u011b \u010ceska, posiluje d\u00edky stabilit\u011b a m\u016f\u017ee se posunout v glob\u00e1ln\u00edm \u017eeb\u0159\u00ed\u010dku.\" \/>\n<meta property=\"og:url\" content=\"https:\/\/absl.cz\/cs\/news\/valka-na-blizkem-vychode-zvysuje-duraz-firem-na-bezpecnost-stredni-evropa-ziskava-na-atraktivite\/\" \/>\n<meta property=\"og:site_name\" content=\"absl\" \/>\n<meta property=\"article:modified_time\" content=\"2026-04-09T09:14:13+00:00\" \/>\n<meta property=\"og:image\" content=\"https:\/\/absl.cz\/wp-content\/uploads\/2026\/04\/cz-evropa-e1775726037268.jpg\" \/>\n\t<meta property=\"og:image:width\" content=\"955\" \/>\n\t<meta property=\"og:image:height\" content=\"637\" \/>\n\t<meta property=\"og:image:type\" content=\"image\/jpeg\" \/>\n<meta name=\"twitter:card\" content=\"summary_large_image\" \/>\n<meta name=\"twitter:label1\" content=\"Odhadovan\u00e1 doba \u010dten\u00ed\" \/>\n\t<meta name=\"twitter:data1\" content=\"4 minuty\" \/>\n<script type=\"application\/ld+json\" class=\"yoast-schema-graph\">{\"@context\":\"https:\\\/\\\/schema.org\",\"@graph\":[{\"@type\":\"WebPage\",\"@id\":\"https:\\\/\\\/absl.cz\\\/cs\\\/news\\\/valka-na-blizkem-vychode-zvysuje-duraz-firem-na-bezpecnost-stredni-evropa-ziskava-na-atraktivite\\\/\",\"url\":\"https:\\\/\\\/absl.cz\\\/cs\\\/news\\\/valka-na-blizkem-vychode-zvysuje-duraz-firem-na-bezpecnost-stredni-evropa-ziskava-na-atraktivite\\\/\",\"name\":\"V\u00e1lka na Bl\u00edzk\u00e9m v\u00fdchod\u011b zvy\u0161uje d\u016fraz firem na bezpe\u010dnost. St\u0159edn\u00ed Evropa z\u00edsk\u00e1v\u00e1 na atraktivit\u011b - absl\",\"isPartOf\":{\"@id\":\"https:\\\/\\\/absl.cz\\\/cs\\\/#website\"},\"primaryImageOfPage\":{\"@id\":\"https:\\\/\\\/absl.cz\\\/cs\\\/news\\\/valka-na-blizkem-vychode-zvysuje-duraz-firem-na-bezpecnost-stredni-evropa-ziskava-na-atraktivite\\\/#primaryimage\"},\"image\":{\"@id\":\"https:\\\/\\\/absl.cz\\\/cs\\\/news\\\/valka-na-blizkem-vychode-zvysuje-duraz-firem-na-bezpecnost-stredni-evropa-ziskava-na-atraktivite\\\/#primaryimage\"},\"thumbnailUrl\":\"https:\\\/\\\/absl.cz\\\/wp-content\\\/uploads\\\/2026\\\/04\\\/cz-evropa-e1775726037268.jpg\",\"datePublished\":\"2026-04-09T09:04:34+00:00\",\"dateModified\":\"2026-04-09T09:14:13+00:00\",\"description\":\"Rostouc\u00ed nap\u011bt\u00ed na Bl\u00edzk\u00e9m v\u00fdchod\u011b p\u0159esouv\u00e1 IT a business slu\u017eby do bezpe\u010dn\u011bj\u0161\u00edch region\u016f \u2013 st\u0159edn\u00ed Evropa, v\u010detn\u011b \u010ceska, posiluje d\u00edky stabilit\u011b a m\u016f\u017ee se posunout v glob\u00e1ln\u00edm \u017eeb\u0159\u00ed\u010dku.\",\"breadcrumb\":{\"@id\":\"https:\\\/\\\/absl.cz\\\/cs\\\/news\\\/valka-na-blizkem-vychode-zvysuje-duraz-firem-na-bezpecnost-stredni-evropa-ziskava-na-atraktivite\\\/#breadcrumb\"},\"inLanguage\":\"cs\",\"potentialAction\":[{\"@type\":\"ReadAction\",\"target\":[\"https:\\\/\\\/absl.cz\\\/cs\\\/news\\\/valka-na-blizkem-vychode-zvysuje-duraz-firem-na-bezpecnost-stredni-evropa-ziskava-na-atraktivite\\\/\"]}]},{\"@type\":\"ImageObject\",\"inLanguage\":\"cs\",\"@id\":\"https:\\\/\\\/absl.cz\\\/cs\\\/news\\\/valka-na-blizkem-vychode-zvysuje-duraz-firem-na-bezpecnost-stredni-evropa-ziskava-na-atraktivite\\\/#primaryimage\",\"url\":\"https:\\\/\\\/absl.cz\\\/wp-content\\\/uploads\\\/2026\\\/04\\\/cz-evropa-e1775726037268.jpg\",\"contentUrl\":\"https:\\\/\\\/absl.cz\\\/wp-content\\\/uploads\\\/2026\\\/04\\\/cz-evropa-e1775726037268.jpg\",\"width\":955,\"height\":637},{\"@type\":\"BreadcrumbList\",\"@id\":\"https:\\\/\\\/absl.cz\\\/cs\\\/news\\\/valka-na-blizkem-vychode-zvysuje-duraz-firem-na-bezpecnost-stredni-evropa-ziskava-na-atraktivite\\\/#breadcrumb\",\"itemListElement\":[{\"@type\":\"ListItem\",\"position\":1,\"name\":\"Portfolio\",\"item\":\"https:\\\/\\\/absl.cz\\\/portfolio-items\\\/\"},{\"@type\":\"ListItem\",\"position\":2,\"name\":\"V\u00e1lka na Bl\u00edzk\u00e9m v\u00fdchod\u011b zvy\u0161uje d\u016fraz firem na bezpe\u010dnost. St\u0159edn\u00ed Evropa z\u00edsk\u00e1v\u00e1 na atraktivit\u011b\"}]},{\"@type\":\"WebSite\",\"@id\":\"https:\\\/\\\/absl.cz\\\/cs\\\/#website\",\"url\":\"https:\\\/\\\/absl.cz\\\/cs\\\/\",\"name\":\"absl\",\"description\":\"\",\"potentialAction\":[{\"@type\":\"SearchAction\",\"target\":{\"@type\":\"EntryPoint\",\"urlTemplate\":\"https:\\\/\\\/absl.cz\\\/cs\\\/?s={search_term_string}\"},\"query-input\":{\"@type\":\"PropertyValueSpecification\",\"valueRequired\":true,\"valueName\":\"search_term_string\"}}],\"inLanguage\":\"cs\"}]}<\/script>\n<!-- \/ Yoast SEO plugin. -->","yoast_head_json":{"title":"V\u00e1lka na Bl\u00edzk\u00e9m v\u00fdchod\u011b zvy\u0161uje d\u016fraz firem na bezpe\u010dnost. St\u0159edn\u00ed Evropa z\u00edsk\u00e1v\u00e1 na atraktivit\u011b - absl","description":"Rostouc\u00ed nap\u011bt\u00ed na Bl\u00edzk\u00e9m v\u00fdchod\u011b p\u0159esouv\u00e1 IT a business slu\u017eby do bezpe\u010dn\u011bj\u0161\u00edch region\u016f \u2013 st\u0159edn\u00ed Evropa, v\u010detn\u011b \u010ceska, posiluje d\u00edky stabilit\u011b a m\u016f\u017ee se posunout v glob\u00e1ln\u00edm \u017eeb\u0159\u00ed\u010dku.","robots":{"index":"index","follow":"follow","max-snippet":"max-snippet:-1","max-image-preview":"max-image-preview:large","max-video-preview":"max-video-preview:-1"},"canonical":"https:\/\/absl.cz\/cs\/news\/valka-na-blizkem-vychode-zvysuje-duraz-firem-na-bezpecnost-stredni-evropa-ziskava-na-atraktivite\/","og_locale":"cs_CZ","og_type":"article","og_title":"V\u00e1lka na Bl\u00edzk\u00e9m v\u00fdchod\u011b zvy\u0161uje d\u016fraz firem na bezpe\u010dnost. St\u0159edn\u00ed Evropa z\u00edsk\u00e1v\u00e1 na atraktivit\u011b - absl","og_description":"Rostouc\u00ed nap\u011bt\u00ed na Bl\u00edzk\u00e9m v\u00fdchod\u011b p\u0159esouv\u00e1 IT a business slu\u017eby do bezpe\u010dn\u011bj\u0161\u00edch region\u016f \u2013 st\u0159edn\u00ed Evropa, v\u010detn\u011b \u010ceska, posiluje d\u00edky stabilit\u011b a m\u016f\u017ee se posunout v glob\u00e1ln\u00edm \u017eeb\u0159\u00ed\u010dku.","og_url":"https:\/\/absl.cz\/cs\/news\/valka-na-blizkem-vychode-zvysuje-duraz-firem-na-bezpecnost-stredni-evropa-ziskava-na-atraktivite\/","og_site_name":"absl","article_modified_time":"2026-04-09T09:14:13+00:00","og_image":[{"width":955,"height":637,"url":"https:\/\/absl.cz\/wp-content\/uploads\/2026\/04\/cz-evropa-e1775726037268.jpg","type":"image\/jpeg"}],"twitter_card":"summary_large_image","twitter_misc":{"Odhadovan\u00e1 doba \u010dten\u00ed":"4 minuty"},"schema":{"@context":"https:\/\/schema.org","@graph":[{"@type":"WebPage","@id":"https:\/\/absl.cz\/cs\/news\/valka-na-blizkem-vychode-zvysuje-duraz-firem-na-bezpecnost-stredni-evropa-ziskava-na-atraktivite\/","url":"https:\/\/absl.cz\/cs\/news\/valka-na-blizkem-vychode-zvysuje-duraz-firem-na-bezpecnost-stredni-evropa-ziskava-na-atraktivite\/","name":"V\u00e1lka na Bl\u00edzk\u00e9m v\u00fdchod\u011b zvy\u0161uje d\u016fraz firem na bezpe\u010dnost. St\u0159edn\u00ed Evropa z\u00edsk\u00e1v\u00e1 na atraktivit\u011b - absl","isPartOf":{"@id":"https:\/\/absl.cz\/cs\/#website"},"primaryImageOfPage":{"@id":"https:\/\/absl.cz\/cs\/news\/valka-na-blizkem-vychode-zvysuje-duraz-firem-na-bezpecnost-stredni-evropa-ziskava-na-atraktivite\/#primaryimage"},"image":{"@id":"https:\/\/absl.cz\/cs\/news\/valka-na-blizkem-vychode-zvysuje-duraz-firem-na-bezpecnost-stredni-evropa-ziskava-na-atraktivite\/#primaryimage"},"thumbnailUrl":"https:\/\/absl.cz\/wp-content\/uploads\/2026\/04\/cz-evropa-e1775726037268.jpg","datePublished":"2026-04-09T09:04:34+00:00","dateModified":"2026-04-09T09:14:13+00:00","description":"Rostouc\u00ed nap\u011bt\u00ed na Bl\u00edzk\u00e9m v\u00fdchod\u011b p\u0159esouv\u00e1 IT a business slu\u017eby do bezpe\u010dn\u011bj\u0161\u00edch region\u016f \u2013 st\u0159edn\u00ed Evropa, v\u010detn\u011b \u010ceska, posiluje d\u00edky stabilit\u011b a m\u016f\u017ee se posunout v glob\u00e1ln\u00edm \u017eeb\u0159\u00ed\u010dku.","breadcrumb":{"@id":"https:\/\/absl.cz\/cs\/news\/valka-na-blizkem-vychode-zvysuje-duraz-firem-na-bezpecnost-stredni-evropa-ziskava-na-atraktivite\/#breadcrumb"},"inLanguage":"cs","potentialAction":[{"@type":"ReadAction","target":["https:\/\/absl.cz\/cs\/news\/valka-na-blizkem-vychode-zvysuje-duraz-firem-na-bezpecnost-stredni-evropa-ziskava-na-atraktivite\/"]}]},{"@type":"ImageObject","inLanguage":"cs","@id":"https:\/\/absl.cz\/cs\/news\/valka-na-blizkem-vychode-zvysuje-duraz-firem-na-bezpecnost-stredni-evropa-ziskava-na-atraktivite\/#primaryimage","url":"https:\/\/absl.cz\/wp-content\/uploads\/2026\/04\/cz-evropa-e1775726037268.jpg","contentUrl":"https:\/\/absl.cz\/wp-content\/uploads\/2026\/04\/cz-evropa-e1775726037268.jpg","width":955,"height":637},{"@type":"BreadcrumbList","@id":"https:\/\/absl.cz\/cs\/news\/valka-na-blizkem-vychode-zvysuje-duraz-firem-na-bezpecnost-stredni-evropa-ziskava-na-atraktivite\/#breadcrumb","itemListElement":[{"@type":"ListItem","position":1,"name":"Portfolio","item":"https:\/\/absl.cz\/portfolio-items\/"},{"@type":"ListItem","position":2,"name":"V\u00e1lka na Bl\u00edzk\u00e9m v\u00fdchod\u011b zvy\u0161uje d\u016fraz firem na bezpe\u010dnost. St\u0159edn\u00ed Evropa z\u00edsk\u00e1v\u00e1 na atraktivit\u011b"}]},{"@type":"WebSite","@id":"https:\/\/absl.cz\/cs\/#website","url":"https:\/\/absl.cz\/cs\/","name":"absl","description":"","potentialAction":[{"@type":"SearchAction","target":{"@type":"EntryPoint","urlTemplate":"https:\/\/absl.cz\/cs\/?s={search_term_string}"},"query-input":{"@type":"PropertyValueSpecification","valueRequired":true,"valueName":"search_term_string"}}],"inLanguage":"cs"}]}},"_links":{"self":[{"href":"https:\/\/absl.cz\/cs\/wp-json\/wp\/v2\/avada_portfolio\/19980","targetHints":{"allow":["GET"]}}],"collection":[{"href":"https:\/\/absl.cz\/cs\/wp-json\/wp\/v2\/avada_portfolio"}],"about":[{"href":"https:\/\/absl.cz\/cs\/wp-json\/wp\/v2\/types\/avada_portfolio"}],"author":[{"embeddable":true,"href":"https:\/\/absl.cz\/cs\/wp-json\/wp\/v2\/users\/6"}],"replies":[{"embeddable":true,"href":"https:\/\/absl.cz\/cs\/wp-json\/wp\/v2\/comments?post=19980"}],"version-history":[{"count":2,"href":"https:\/\/absl.cz\/cs\/wp-json\/wp\/v2\/avada_portfolio\/19980\/revisions"}],"predecessor-version":[{"id":19982,"href":"https:\/\/absl.cz\/cs\/wp-json\/wp\/v2\/avada_portfolio\/19980\/revisions\/19982"}],"wp:featuredmedia":[{"embeddable":true,"href":"https:\/\/absl.cz\/cs\/wp-json\/wp\/v2\/media\/19983"}],"wp:attachment":[{"href":"https:\/\/absl.cz\/cs\/wp-json\/wp\/v2\/media?parent=19980"}],"wp:term":[{"taxonomy":"portfolio_category","embeddable":true,"href":"https:\/\/absl.cz\/cs\/wp-json\/wp\/v2\/portfolio_category?post=19980"},{"taxonomy":"portfolio_skills","embeddable":true,"href":"https:\/\/absl.cz\/cs\/wp-json\/wp\/v2\/portfolio_skills?post=19980"},{"taxonomy":"portfolio_tags","embeddable":true,"href":"https:\/\/absl.cz\/cs\/wp-json\/wp\/v2\/portfolio_tags?post=19980"}],"curies":[{"name":"wp","href":"https:\/\/api.w.org\/{rel}","templated":true}]}}