{"id":4976,"date":"2023-05-09T17:17:10","date_gmt":"2023-05-09T15:17:10","guid":{"rendered":"https:\/\/absl.cz\/?post_type=avada_portfolio&#038;p=4976"},"modified":"2023-09-25T16:17:13","modified_gmt":"2023-09-25T14:17:13","slug":"rostouci-pocet-zamestnancu-ma-zajem-o-praci-ze-zahranici","status":"publish","type":"avada_portfolio","link":"https:\/\/absl.cz\/cs\/news\/rostouci-pocet-zamestnancu-ma-zajem-o-praci-ze-zahranici\/","title":{"rendered":"Rostouc\u00ed po\u010det zam\u011bstnanc\u016f m\u00e1 z\u00e1jem o pr\u00e1ci ze zahrani\u010d\u00ed."},"content":{"rendered":"<div class=\"fusion-fullwidth fullwidth-box fusion-builder-row-1 fusion-flex-container has-pattern-background has-mask-background nonhundred-percent-fullwidth non-hundred-percent-height-scrolling\" style=\"--awb-border-radius-top-left:0px;--awb-border-radius-top-right:0px;--awb-border-radius-bottom-right:0px;--awb-border-radius-bottom-left:0px;--awb-flex-wrap:wrap;\" ><div class=\"fusion-builder-row fusion-row fusion-flex-align-items-flex-start fusion-flex-content-wrap\" style=\"max-width:1123.2px;margin-left: calc(-4% \/ 2 );margin-right: calc(-4% \/ 2 );\"><div class=\"fusion-layout-column fusion_builder_column fusion-builder-column-0 fusion_builder_column_1_1 1_1 fusion-flex-column\" style=\"--awb-bg-size:cover;--awb-width-large:100%;--awb-margin-top-large:0px;--awb-spacing-right-large:1.92%;--awb-margin-bottom-large:20px;--awb-spacing-left-large:1.92%;--awb-width-medium:100%;--awb-order-medium:0;--awb-spacing-right-medium:1.92%;--awb-spacing-left-medium:1.92%;--awb-width-small:100%;--awb-order-small:0;--awb-spacing-right-small:1.92%;--awb-spacing-left-small:1.92%;\"><div class=\"fusion-column-wrapper fusion-column-has-shadow fusion-flex-justify-content-flex-start fusion-content-layout-column\"><div class=\"fusion-text fusion-text-1\"><p><b>Zam\u011bstnanci u\u017e necht\u011bj\u00ed pracovat jen z\u00a0domova, \u010d\u00edm d\u00e1l v\u00edc se jim l\u00edb\u00ed flexibilita m\u00edsta a \u010dasu, tedy mo\u017enost pracovat kdykoliv a odkudkoliv, v\u00a0rostouc\u00edm po\u010dtu p\u0159\u00edpad\u016f i ze zahrani\u010d\u00ed. I p\u0159es zna\u010dnou administrativn\u00ed z\u00e1t\u011b\u017e, kterou s\u00a0sebou umo\u017en\u011bn\u00ed pr\u00e1ce ze zahrani\u010d\u00ed nese, tuto mo\u017enost nab\u00edz\u00ed ji\u017e 44 % zam\u011bstnavatel\u016f z\u00a0oboru IT a podnikov\u00fdch slu\u017eeb.\u00a0<\/b><\/p>\n<p><span style=\"font-weight: 400;\">Z\u00e1jem o pr\u00e1ci ze zahrani\u010d\u00ed maj\u00ed zejm\u00e9na zam\u011bstnanci oboru IT a podnikov\u00fdch slu\u017eeb, kde p\u016fsob\u00ed velk\u00e9 mno\u017estv\u00ed pracovn\u00edk\u016f z ciziny.<\/span><\/p>\n<blockquote>\n<p><span style=\"font-weight: 400;\">\u201ePln\u00fdch 43 % zam\u011bstnanc\u016f tohoto oboru jsou cizinci, kte\u0159\u00ed si r\u00e1di prodlou\u017e\u00ed n\u00e1v\u0161t\u011bvu rodin ve sv\u00e9 domovsk\u00e9 zemi a pracuj\u00ed odtud. \u010castou variantou je pak i spojen\u00ed dovolen\u00e9 s prac\u00ed, kdy si zam\u011bstnanci cht\u011bj\u00ed prodlou\u017eit dovolenou a \u010d\u00e1ste\u010dn\u011b vykon\u00e1vat pr\u00e1ci z\u00a0m\u00edsta, kde p\u0159ed t\u00edm str\u00e1vili dny volna,\u201c<\/span><\/p>\n<\/blockquote>\n<p><span style=\"font-weight: 400;\">\u0159\u00edk\u00e1 Jonathan Appleton, \u0159editel asociace ABSL. Benefit v\u00a0podob\u011b mo\u017enosti \u010d\u00e1ste\u010dn\u00e9 pr\u00e1ce ze zahrani\u010d\u00ed m\u00e1 podobn\u011b jako dal\u0161\u00ed formy flexibility pr\u00e1ce pozitivn\u00ed vliv na spokojenost a loajalitu zam\u011bstnanc\u016f. Z\u00a0pr\u016fzkumu ABSL vypl\u00fdv\u00e1, \u017ee 33 % center umo\u017e\u0148uje sv\u00fdm zam\u011bstnanc\u016fm pr\u00e1ci ze zahrani\u010d\u00ed v\u00a0d\u00e9lce 1-30 dn\u016f, 8 % 1-3 m\u011bs\u00edce a 3 % d\u00e9le ne\u017e 3 m\u011bs\u00edce.\u00a0<\/span><\/p>\n<blockquote>\n<p><span style=\"font-weight: 400;\">\u201eKrom\u011b center IT a podnikov\u00fdch slu\u017eeb za\u010daly mo\u017enost pr\u00e1ce ze zahrani\u010d\u00ed v\u00a0posledn\u00ed dob\u011b nab\u00edzet i firmy z\u00a0oblasti e-commerce a mlad\u00e9 start-upy. Jde o benefit, kter\u00fd je mezi zam\u011bstnanci v\u00edt\u00e1n, a m\u016f\u017ee tedy b\u00fdt zaj\u00edmav\u00fdm n\u00e1strojem k\u00a0z\u00edsk\u00e1n\u00ed nov\u00fdch uchaze\u010d\u016f o pr\u00e1ci,\u201c<\/span><\/p>\n<\/blockquote>\n<p><span style=\"font-weight: 400;\"> \u0159\u00edk\u00e1 Martin Malo, \u0159editel person\u00e1ln\u00ed agentury Grafton Recruitment a Gi Group s\u00a0t\u00edm, \u017ee dle aktu\u00e1ln\u00edho pr\u016fzkumu benefit\u016f o tento z\u00e1jem stoj\u00ed t\u00e9m\u011b\u0159 90 % zam\u011bstnanc\u016f oboru IT a podnikov\u00fdch slu\u017eeb, z\u00a0ciziny v\u0161ak m\u016f\u017ee pracovat jen zhruba \u010dtvrtina. Pro zam\u011bstnavatele toti\u017e z\u00a0umo\u017en\u011bn\u00ed pr\u00e1ce ze zahrani\u010d\u00ed plyne \u0159ada administrativn\u00edch povinnost\u00ed, a to i pokud jde o zem\u011b Evropsk\u00e9 unie. \u0158ada zam\u011bstnavatel\u016f v\u011b\u0159\u00ed, \u017ee v\u00a0t\u00e9to oblasti dojde brzy k\u00a0zjednodu\u0161en\u00ed pravidel. Z pr\u016fzkumu ABSL vypl\u00fdv\u00e1, \u017ee v\u00a0takov\u00e9m p\u0159\u00edpad\u011b by benefit v\u00a0podob\u011b \u010d\u00e1ste\u010dn\u00e9 pr\u00e1ce ze zahrani\u010d\u00ed poskytovalo pln\u00fdch 80 % center.<\/span><\/p>\n<p><span style=\"font-weight: 400;\">Povinnosti se p\u0159i pr\u00e1ci na d\u00e1lku ze zahrani\u010d\u00ed t\u00fdkaj\u00ed jak zam\u011bstnavatel\u016f, ale i samotn\u00fdch zam\u011bstnanc\u016f.<\/span><\/p>\n<blockquote>\n<p><span style=\"font-weight: 400;\">\u201eFirma by nem\u011bla podcenit mo\u017en\u00e9 riziko vzniku st\u00e1l\u00e9 provozovny, p\u0159\u00edpadnou povinnost registrace pro odvody z\u00e1loh na da\u0148 z\u00a0p\u0159\u00edjmu ze z\u00e1visl\u00e9 \u010dinnosti a s\u00a0t\u00edm souvisej\u00edc\u00ed povinnost v\u00e9st mzdovou evidenci v\u00a0zahrani\u010d\u00ed v\u00a0souladu s\u00a0lok\u00e1ln\u00edmi da\u0148ov\u00fdmi p\u0159edpisy. Je tedy d\u016fle\u017eit\u00e9 sledovat p\u0159\u00edslu\u0161n\u00e9 smlouvy o zamezen\u00ed dvoj\u00edho zdan\u011bn\u00ed, ale i m\u00edstn\u00ed legislativu v\u00a0da\u0148ov\u00e9 oblasti,\u201c<\/span><\/p>\n<\/blockquote>\n<p><span style=\"font-weight: 400;\">vysv\u011btluje Jitka Ba\u0161ov\u00e1 ze spole\u010dnosti Deloitte. <\/span><\/p>\n<p><span style=\"font-weight: 400;\">Vedle da\u0148ov\u00fdch p\u0159edpis\u016f je pak dle n\u00ed d\u016fle\u017eit\u00e9 sledovat i n\u00e1le\u017eitosti vypl\u00fdvaj\u00edc\u00ed z\u00a0pracovn\u011bpr\u00e1vn\u00edch p\u0159edpis\u016f a problematiku soci\u00e1ln\u00edho a zdravotn\u00edho poji\u0161t\u011bn\u00ed. V\u00a0souvislosti s\u00a0prac\u00ed ze zahrani\u010d\u00ed m\u016f\u017ee toti\u017e vzniknout povinnost odv\u00e1d\u011bt platby pojistn\u00e9ho na soci\u00e1ln\u00ed a zdravotn\u00ed poji\u0161t\u011bn\u00ed v\u00a0zemi, ze kter\u00e9 zam\u011bstnanec pracuje. Zam\u011bstnanci zase m\u016f\u017ee v\u00fdkon pr\u00e1ce v\u00a0zahrani\u010d\u00ed ovlivnit jeho da\u0148ov\u00e9 rezidenstv\u00ed.<\/span><\/p>\n<blockquote>\n<p><span style=\"font-weight: 400;\">\u201eZam\u011bstnanec se m\u016f\u017ee st\u00e1t da\u0148ov\u00fdm rezidentem v\u00a0zemi, ve kter\u00e9 nes\u00eddl\u00ed jeho pr\u00e1vn\u00ed zam\u011bstnavatel, co\u017e m\u00e1 v\u00fdznamn\u00fd vliv na jeho kone\u010dn\u00e9 da\u0148ov\u00e9 zat\u00ed\u017een\u00ed. Da\u0148ov\u00e9 rezidentstv\u00ed\u00a0ovliv\u0148uje cel\u00e1 \u0159ada faktor\u016f, jedn\u00edm z\u00a0nich je i celkov\u00e1 doba str\u00e1ven\u00e1 v\u00a0zahrani\u010d\u00ed,\u201c<\/span><\/p>\n<\/blockquote>\n<p><span style=\"font-weight: 400;\">vysv\u011btluje Jitka Ba\u0161ov\u00e1. Zejm\u00e9na z\u00a0tohoto d\u016fvodu firmy umo\u017e\u0148uj\u00ed pr\u00e1ci ze zahrani\u010d\u00ed na obdob\u00ed krat\u0161\u00ed ne\u017e 183 dn\u016f, nej\u010dast\u011bji jde o t\u0159icet a\u017e devades\u00e1t dn\u016f za rok.\u00a0<\/span><\/p>\n<p><span style=\"font-weight: 400;\">Jednou z\u00a0firem, kter\u00e1 sv\u00fdm zam\u011bstnanc\u016fm tento benefit nab\u00edz\u00ed, je SAP:<\/span><\/p>\n<blockquote>\n<p><span style=\"font-weight: 400;\"> \u201eSAP v\u00a0\u010cesk\u00e9 republice v r\u00e1mci sv\u00e9ho glob\u00e1ln\u00edho flexibiln\u00edho pracovn\u00edho modelu umo\u017enuje zam\u011bstnanc\u016fm kr\u00e1tkodobou pr\u00e1ci ze zahrani\u010d\u00ed. Samoz\u0159ejmost\u00ed je spln\u011bn\u00ed imigra\u010dn\u00edch a dal\u0161\u00edch legislativn\u00edch po\u017eadavk\u016f. Tento benefit vyu\u017e\u00edvaj\u00ed zejm\u00e9na zahrani\u010dn\u00ed zam\u011bstnanci, kte\u0159\u00ed tak maj\u00ed nap\u0159\u00edklad mo\u017enost str\u00e1vit v\u00edce \u010dasu s bl\u00edzk\u00fdmi ve sv\u00e9 domovin\u011b,\u201c<\/span><\/p>\n<\/blockquote>\n<p><span style=\"font-weight: 400;\"> \u0159\u00edk\u00e1 Iveta Chv\u00e1lov\u00e1, \u0159editelka SAP Services. Pr\u00e1ci ze zahrani\u010d\u00ed umo\u017enila sv\u00fdm lidem i spole\u010dnost Acamar:<\/span><\/p>\n<blockquote>\n<p><span style=\"font-weight: 400;\">\u201eNa\u0161im zam\u011bstnanc\u016fm umo\u017e\u0148ujeme pracovat vzd\u00e1len\u011b, a\u0165 ji\u017e z\u00a0r\u016fzn\u00fdch m\u00edst v\u00a0\u010cR nebo ze zahrani\u010d\u00ed. Respektujeme individu\u00e1ln\u00ed pot\u0159eby a z\u00e1jmy na\u0161ich zam\u011bstnanc\u016f a jejich rodin, kter\u00e9 st\u00e1le m\u00e9n\u011b respektuj\u00ed hranice jednotliv\u00e9ho st\u00e1tu. Pr\u00e1ci ze zahrani\u010d\u00ed nyn\u00ed omezuje sp\u00ed\u0161e da\u0148ov\u00e1 legislativa ne\u017e technick\u00e9 nebo organiza\u010dn\u00ed prost\u0159ed\u00ed,\u201c<\/span><\/p>\n<\/blockquote>\n<p><i> <\/i><span style=\"font-weight: 400;\">\u0159\u00edk\u00e1 Franti\u0161ek Mareth, \u0159editel spole\u010dnosti.\u00a0<\/span><\/p>\n<p><span style=\"font-weight: 400;\">Tento benefit je a bude st\u00e1le popul\u00e1rn\u011bj\u0161\u00ed zejm\u00e9na pro mlad\u0161\u00ed generaci pracovn\u00edk\u016f z\u00a0generace Z. Pr\u00e1v\u011b pro n\u011b je toti\u017e flexibilita a mobilita \u017eivotn\u00edm stylem. Nab\u00eddka benefit\u016f v\u00a0t\u00e9to oblasti tedy bude rozhoduj\u00edc\u00ed p\u0159i jejich rozhodov\u00e1n\u00ed o pracovn\u00edch nab\u00eddk\u00e1ch. Potvrzuje to i Andrea Tka\u010dukov\u00e1, \u0159editelka organizace Foreigners.cz:<\/span><\/p>\n<blockquote>\n<p><span style=\"font-weight: 400;\">\u201eMo\u017enost alespo\u0148 \u010d\u00e1ste\u010dn\u011b pracovat ze zahrani\u010d\u00ed p\u0159edstavuje zejm\u00e9na pro cizince obrovsk\u00fd benefit, a to zejm\u00e9na d\u00edky mo\u017enosti b\u00fdt bl\u00ed\u017ee rodin\u011b a p\u0159\u00e1tel\u016fm v\u00a0zemi sv\u00e9ho p\u016fvodu. Dle m\u00e9ho n\u00e1zoru umo\u017en\u011bn\u00ed pr\u00e1ce ze zahrani\u010d\u00ed d\u00e1v\u00e1 firm\u00e1m velkou konkuren\u010dn\u00ed v\u00fdhodu p\u0159i n\u00e1boru cizinc\u016f.\u201c<\/span><\/p>\n<\/blockquote>\n<\/div><\/div><\/div><\/div><\/div>\n","protected":false},"excerpt":{"rendered":"","protected":false},"author":6,"featured_media":2232,"menu_order":0,"comment_status":"open","ping_status":"closed","template":"","format":"standard","meta":{"_acf_changed":false,"footnotes":""},"portfolio_category":[31,32],"portfolio_skills":[],"portfolio_tags":[],"class_list":["post-4976","avada_portfolio","type-avada_portfolio","status-publish","format-standard","has-post-thumbnail","hentry","portfolio_category-novinky","portfolio_category-tiskove-zpravy"],"acf":[],"yoast_head":"<!-- This site is optimized with the Yoast SEO plugin v27.4 - https:\/\/yoast.com\/product\/yoast-seo-wordpress\/ -->\n<title>Rostouc\u00ed po\u010det zam\u011bstnanc\u016f m\u00e1 z\u00e1jem o pr\u00e1ci ze zahrani\u010d\u00ed. - absl<\/title>\n<meta name=\"robots\" content=\"index, follow, max-snippet:-1, max-image-preview:large, max-video-preview:-1\" \/>\n<link rel=\"canonical\" href=\"https:\/\/absl.cz\/cs\/news\/rostouci-pocet-zamestnancu-ma-zajem-o-praci-ze-zahranici\/\" \/>\n<meta property=\"og:locale\" content=\"cs_CZ\" \/>\n<meta property=\"og:type\" content=\"article\" \/>\n<meta property=\"og:title\" content=\"Rostouc\u00ed po\u010det zam\u011bstnanc\u016f m\u00e1 z\u00e1jem o pr\u00e1ci ze zahrani\u010d\u00ed. - absl\" \/>\n<meta property=\"og:url\" content=\"https:\/\/absl.cz\/cs\/news\/rostouci-pocet-zamestnancu-ma-zajem-o-praci-ze-zahranici\/\" \/>\n<meta property=\"og:site_name\" content=\"absl\" \/>\n<meta property=\"article:modified_time\" content=\"2023-09-25T14:17:13+00:00\" \/>\n<meta property=\"og:image\" content=\"https:\/\/absl.cz\/wp-content\/uploads\/2023\/06\/Prace-ze-zahranici.jpeg\" \/>\n\t<meta property=\"og:image:width\" content=\"1200\" \/>\n\t<meta property=\"og:image:height\" content=\"628\" \/>\n\t<meta property=\"og:image:type\" content=\"image\/jpeg\" \/>\n<meta name=\"twitter:card\" content=\"summary_large_image\" \/>\n<meta name=\"twitter:label1\" content=\"Odhadovan\u00e1 doba \u010dten\u00ed\" \/>\n\t<meta name=\"twitter:data1\" content=\"4 minuty\" \/>\n<script type=\"application\/ld+json\" class=\"yoast-schema-graph\">{\"@context\":\"https:\\\/\\\/schema.org\",\"@graph\":[{\"@type\":\"WebPage\",\"@id\":\"https:\\\/\\\/absl.cz\\\/cs\\\/news\\\/rostouci-pocet-zamestnancu-ma-zajem-o-praci-ze-zahranici\\\/\",\"url\":\"https:\\\/\\\/absl.cz\\\/cs\\\/news\\\/rostouci-pocet-zamestnancu-ma-zajem-o-praci-ze-zahranici\\\/\",\"name\":\"Rostouc\u00ed po\u010det zam\u011bstnanc\u016f m\u00e1 z\u00e1jem o pr\u00e1ci ze zahrani\u010d\u00ed. - absl\",\"isPartOf\":{\"@id\":\"https:\\\/\\\/absl.cz\\\/cs\\\/#website\"},\"primaryImageOfPage\":{\"@id\":\"https:\\\/\\\/absl.cz\\\/cs\\\/news\\\/rostouci-pocet-zamestnancu-ma-zajem-o-praci-ze-zahranici\\\/#primaryimage\"},\"image\":{\"@id\":\"https:\\\/\\\/absl.cz\\\/cs\\\/news\\\/rostouci-pocet-zamestnancu-ma-zajem-o-praci-ze-zahranici\\\/#primaryimage\"},\"thumbnailUrl\":\"https:\\\/\\\/absl.cz\\\/wp-content\\\/uploads\\\/2023\\\/06\\\/Prace-ze-zahranici.jpeg\",\"datePublished\":\"2023-05-09T15:17:10+00:00\",\"dateModified\":\"2023-09-25T14:17:13+00:00\",\"breadcrumb\":{\"@id\":\"https:\\\/\\\/absl.cz\\\/cs\\\/news\\\/rostouci-pocet-zamestnancu-ma-zajem-o-praci-ze-zahranici\\\/#breadcrumb\"},\"inLanguage\":\"cs\",\"potentialAction\":[{\"@type\":\"ReadAction\",\"target\":[\"https:\\\/\\\/absl.cz\\\/cs\\\/news\\\/rostouci-pocet-zamestnancu-ma-zajem-o-praci-ze-zahranici\\\/\"]}]},{\"@type\":\"ImageObject\",\"inLanguage\":\"cs\",\"@id\":\"https:\\\/\\\/absl.cz\\\/cs\\\/news\\\/rostouci-pocet-zamestnancu-ma-zajem-o-praci-ze-zahranici\\\/#primaryimage\",\"url\":\"https:\\\/\\\/absl.cz\\\/wp-content\\\/uploads\\\/2023\\\/06\\\/Prace-ze-zahranici.jpeg\",\"contentUrl\":\"https:\\\/\\\/absl.cz\\\/wp-content\\\/uploads\\\/2023\\\/06\\\/Prace-ze-zahranici.jpeg\",\"width\":1200,\"height\":628},{\"@type\":\"BreadcrumbList\",\"@id\":\"https:\\\/\\\/absl.cz\\\/cs\\\/news\\\/rostouci-pocet-zamestnancu-ma-zajem-o-praci-ze-zahranici\\\/#breadcrumb\",\"itemListElement\":[{\"@type\":\"ListItem\",\"position\":1,\"name\":\"Portfolio\",\"item\":\"https:\\\/\\\/absl.cz\\\/portfolio-items\\\/\"},{\"@type\":\"ListItem\",\"position\":2,\"name\":\"Rostouc\u00ed po\u010det zam\u011bstnanc\u016f m\u00e1 z\u00e1jem o pr\u00e1ci ze zahrani\u010d\u00ed.\"}]},{\"@type\":\"WebSite\",\"@id\":\"https:\\\/\\\/absl.cz\\\/cs\\\/#website\",\"url\":\"https:\\\/\\\/absl.cz\\\/cs\\\/\",\"name\":\"absl\",\"description\":\"\",\"potentialAction\":[{\"@type\":\"SearchAction\",\"target\":{\"@type\":\"EntryPoint\",\"urlTemplate\":\"https:\\\/\\\/absl.cz\\\/cs\\\/?s={search_term_string}\"},\"query-input\":{\"@type\":\"PropertyValueSpecification\",\"valueRequired\":true,\"valueName\":\"search_term_string\"}}],\"inLanguage\":\"cs\"}]}<\/script>\n<!-- \/ Yoast SEO plugin. -->","yoast_head_json":{"title":"Rostouc\u00ed po\u010det zam\u011bstnanc\u016f m\u00e1 z\u00e1jem o pr\u00e1ci ze zahrani\u010d\u00ed. - absl","robots":{"index":"index","follow":"follow","max-snippet":"max-snippet:-1","max-image-preview":"max-image-preview:large","max-video-preview":"max-video-preview:-1"},"canonical":"https:\/\/absl.cz\/cs\/news\/rostouci-pocet-zamestnancu-ma-zajem-o-praci-ze-zahranici\/","og_locale":"cs_CZ","og_type":"article","og_title":"Rostouc\u00ed po\u010det zam\u011bstnanc\u016f m\u00e1 z\u00e1jem o pr\u00e1ci ze zahrani\u010d\u00ed. - absl","og_url":"https:\/\/absl.cz\/cs\/news\/rostouci-pocet-zamestnancu-ma-zajem-o-praci-ze-zahranici\/","og_site_name":"absl","article_modified_time":"2023-09-25T14:17:13+00:00","og_image":[{"width":1200,"height":628,"url":"https:\/\/absl.cz\/wp-content\/uploads\/2023\/06\/Prace-ze-zahranici.jpeg","type":"image\/jpeg"}],"twitter_card":"summary_large_image","twitter_misc":{"Odhadovan\u00e1 doba \u010dten\u00ed":"4 minuty"},"schema":{"@context":"https:\/\/schema.org","@graph":[{"@type":"WebPage","@id":"https:\/\/absl.cz\/cs\/news\/rostouci-pocet-zamestnancu-ma-zajem-o-praci-ze-zahranici\/","url":"https:\/\/absl.cz\/cs\/news\/rostouci-pocet-zamestnancu-ma-zajem-o-praci-ze-zahranici\/","name":"Rostouc\u00ed po\u010det zam\u011bstnanc\u016f m\u00e1 z\u00e1jem o pr\u00e1ci ze zahrani\u010d\u00ed. - absl","isPartOf":{"@id":"https:\/\/absl.cz\/cs\/#website"},"primaryImageOfPage":{"@id":"https:\/\/absl.cz\/cs\/news\/rostouci-pocet-zamestnancu-ma-zajem-o-praci-ze-zahranici\/#primaryimage"},"image":{"@id":"https:\/\/absl.cz\/cs\/news\/rostouci-pocet-zamestnancu-ma-zajem-o-praci-ze-zahranici\/#primaryimage"},"thumbnailUrl":"https:\/\/absl.cz\/wp-content\/uploads\/2023\/06\/Prace-ze-zahranici.jpeg","datePublished":"2023-05-09T15:17:10+00:00","dateModified":"2023-09-25T14:17:13+00:00","breadcrumb":{"@id":"https:\/\/absl.cz\/cs\/news\/rostouci-pocet-zamestnancu-ma-zajem-o-praci-ze-zahranici\/#breadcrumb"},"inLanguage":"cs","potentialAction":[{"@type":"ReadAction","target":["https:\/\/absl.cz\/cs\/news\/rostouci-pocet-zamestnancu-ma-zajem-o-praci-ze-zahranici\/"]}]},{"@type":"ImageObject","inLanguage":"cs","@id":"https:\/\/absl.cz\/cs\/news\/rostouci-pocet-zamestnancu-ma-zajem-o-praci-ze-zahranici\/#primaryimage","url":"https:\/\/absl.cz\/wp-content\/uploads\/2023\/06\/Prace-ze-zahranici.jpeg","contentUrl":"https:\/\/absl.cz\/wp-content\/uploads\/2023\/06\/Prace-ze-zahranici.jpeg","width":1200,"height":628},{"@type":"BreadcrumbList","@id":"https:\/\/absl.cz\/cs\/news\/rostouci-pocet-zamestnancu-ma-zajem-o-praci-ze-zahranici\/#breadcrumb","itemListElement":[{"@type":"ListItem","position":1,"name":"Portfolio","item":"https:\/\/absl.cz\/portfolio-items\/"},{"@type":"ListItem","position":2,"name":"Rostouc\u00ed po\u010det zam\u011bstnanc\u016f m\u00e1 z\u00e1jem o pr\u00e1ci ze zahrani\u010d\u00ed."}]},{"@type":"WebSite","@id":"https:\/\/absl.cz\/cs\/#website","url":"https:\/\/absl.cz\/cs\/","name":"absl","description":"","potentialAction":[{"@type":"SearchAction","target":{"@type":"EntryPoint","urlTemplate":"https:\/\/absl.cz\/cs\/?s={search_term_string}"},"query-input":{"@type":"PropertyValueSpecification","valueRequired":true,"valueName":"search_term_string"}}],"inLanguage":"cs"}]}},"_links":{"self":[{"href":"https:\/\/absl.cz\/cs\/wp-json\/wp\/v2\/avada_portfolio\/4976","targetHints":{"allow":["GET"]}}],"collection":[{"href":"https:\/\/absl.cz\/cs\/wp-json\/wp\/v2\/avada_portfolio"}],"about":[{"href":"https:\/\/absl.cz\/cs\/wp-json\/wp\/v2\/types\/avada_portfolio"}],"author":[{"embeddable":true,"href":"https:\/\/absl.cz\/cs\/wp-json\/wp\/v2\/users\/6"}],"replies":[{"embeddable":true,"href":"https:\/\/absl.cz\/cs\/wp-json\/wp\/v2\/comments?post=4976"}],"version-history":[{"count":2,"href":"https:\/\/absl.cz\/cs\/wp-json\/wp\/v2\/avada_portfolio\/4976\/revisions"}],"predecessor-version":[{"id":4978,"href":"https:\/\/absl.cz\/cs\/wp-json\/wp\/v2\/avada_portfolio\/4976\/revisions\/4978"}],"wp:featuredmedia":[{"embeddable":true,"href":"https:\/\/absl.cz\/cs\/wp-json\/wp\/v2\/media\/2232"}],"wp:attachment":[{"href":"https:\/\/absl.cz\/cs\/wp-json\/wp\/v2\/media?parent=4976"}],"wp:term":[{"taxonomy":"portfolio_category","embeddable":true,"href":"https:\/\/absl.cz\/cs\/wp-json\/wp\/v2\/portfolio_category?post=4976"},{"taxonomy":"portfolio_skills","embeddable":true,"href":"https:\/\/absl.cz\/cs\/wp-json\/wp\/v2\/portfolio_skills?post=4976"},{"taxonomy":"portfolio_tags","embeddable":true,"href":"https:\/\/absl.cz\/cs\/wp-json\/wp\/v2\/portfolio_tags?post=4976"}],"curies":[{"name":"wp","href":"https:\/\/api.w.org\/{rel}","templated":true}]}}