{"id":4999,"date":"2022-12-21T12:18:14","date_gmt":"2022-12-21T11:18:14","guid":{"rendered":"https:\/\/absl.cz\/portfolio-items\/benefits-supporting-mental-health\/"},"modified":"2023-09-25T16:19:07","modified_gmt":"2023-09-25T14:19:07","slug":"benefits-supporting-mental-health","status":"publish","type":"avada_portfolio","link":"https:\/\/absl.cz\/cs\/news\/benefits-supporting-mental-health\/","title":{"rendered":"Benefity spojen\u00e9 s podporou ment\u00e1ln\u00edho zdrav\u00ed a prevenc\u00ed vyho\u0159en\u00ed krit\u00e9riem v\u00fdb\u011bru zam\u011bstn\u00e1n\u00ed"},"content":{"rendered":"<div class=\"fusion-fullwidth fullwidth-box fusion-builder-row-1 fusion-flex-container has-pattern-background has-mask-background nonhundred-percent-fullwidth non-hundred-percent-height-scrolling\" style=\"--awb-border-radius-top-left:0px;--awb-border-radius-top-right:0px;--awb-border-radius-bottom-right:0px;--awb-border-radius-bottom-left:0px;--awb-flex-wrap:wrap;\" ><div class=\"fusion-builder-row fusion-row fusion-flex-align-items-flex-start fusion-flex-content-wrap\" style=\"max-width:1123.2px;margin-left: calc(-4% \/ 2 );margin-right: calc(-4% \/ 2 );\"><div class=\"fusion-layout-column fusion_builder_column fusion-builder-column-0 fusion_builder_column_1_1 1_1 fusion-flex-column\" style=\"--awb-bg-size:cover;--awb-width-large:100%;--awb-margin-top-large:0px;--awb-spacing-right-large:1.92%;--awb-margin-bottom-large:20px;--awb-spacing-left-large:1.92%;--awb-width-medium:100%;--awb-order-medium:0;--awb-spacing-right-medium:1.92%;--awb-spacing-left-medium:1.92%;--awb-width-small:100%;--awb-order-small:0;--awb-spacing-right-small:1.92%;--awb-spacing-left-small:1.92%;\"><div class=\"fusion-column-wrapper fusion-column-has-shadow fusion-flex-justify-content-flex-start fusion-content-layout-column\"><div class=\"fusion-text fusion-text-1\"><p><b>Spolu s\u00a0rostouc\u00edm po\u010dtem p\u0159\u00edpad\u016f psychick\u00fdch probl\u00e9m\u016f kladou \u010de\u0161t\u00ed zam\u011bstnanci st\u00e1le v\u011bt\u0161\u00ed d\u016fraz na benefity souvisej\u00edc\u00ed s podporou du\u0161evn\u00edho zdrav\u00ed.\u00a0 V\u00fdznamnou roli za\u010d\u00ednaj\u00ed hr\u00e1t dokonce i p\u0159i v\u00fdb\u011bru nov\u00e9ho zam\u011bstnavatele. Z\u00a0leto\u0161n\u00edho pr\u016fzkumu asociace ABSL, kter\u00e1 v\u00a0\u010cesk\u00e9 republice sdru\u017euje firmy z\u00a0oblasti podnikov\u00fdch, IT a z\u00e1kaznick\u00fdch slu\u017eeb, vyplynulo, \u017ee programy na podporu ment\u00e1ln\u00edho zdrav\u00ed poskytuje sv\u00fdm lidem ji\u017e 60 % firem. Meziro\u010dn\u011b se jedn\u00e1 o n\u00e1r\u016fst o 15 procentn\u00edch bod\u016f.<\/b><\/p>\n<p><span style=\"font-weight: 400;\">P\u0159epracov\u00e1n\u00ed, pandemie covidu a s\u00a0n\u00ed spojen\u00e1 izolace, obavy z v\u00e1lky na Ukrajin\u011b i plo\u0161n\u011b rostouc\u00ed ceny \u2013 to v\u0161e stoj\u00ed za aktu\u00e1ln\u00edm n\u00e1r\u016fstem depres\u00ed, \u00fazkostn\u00fdch poruch a z\u00e1vislost\u00ed. Podle posledn\u00edch <\/span><a href=\"https:\/\/nzip.cz\/infografika-dusevni-onemocneni-v-cesku\" target=\"_blank\" rel=\"noopener\"><span style=\"font-weight: 400;\">statistik<\/span><\/a><span style=\"font-weight: 400;\"> Ministerstva zdravotnictv\u00ed ro\u010dn\u011b p\u0159ib\u00fdvaj\u00ed zhruba dv\u011b procenta lid\u00ed trp\u00edc\u00ed du\u0161evn\u00edm onemocn\u011bn\u00edm. S\u00a0n\u011bjakou formou du\u0161evn\u00ed nemoci se v\u00a0\u010cesk\u00e9 republice sv\u011b\u0159uje do p\u00e9\u010de odborn\u00edk\u016f 10 % \u010cech\u016f. Nicm\u00e9n\u011b procento populace, kter\u00e9 se s\u00a0psychick\u00fdmi probl\u00e9my pot\u00fdk\u00e1, bude ve skute\u010dnosti mnohem vy\u0161\u0161\u00ed.<\/span><\/p>\n<p><span style=\"font-weight: 400;\">Dle profesion\u00e1ln\u00edch psycholog\u016f z\u00a0Coaching Systems za uplynul\u00e9 dva roky dokonce t\u00e9m\u011b\u0159 trojn\u00e1sobn\u011b vzrostl po\u010det lid\u00ed, kte\u0159\u00ed p\u0159ich\u00e1z\u00ed s\u00a0\u00fazkostn\u00fdmi stavy, a dvojn\u00e1sobn\u011b t\u011bch, kte\u0159\u00ed bojuj\u00ed s\u00a0depresemi. A\u017e polovina mana\u017eer\u016f je pak ohro\u017eena syndromem vyho\u0159en\u00ed.<\/span><\/p>\n<blockquote>\n<p><span style=\"font-weight: 400;\">\u201eMezi probl\u00e9my, se kter\u00fdmi se pravideln\u011b setk\u00e1v\u00e1m, jsou tak\u00e9 stresov\u00e9 poruchy, poruchy pozornosti a poruchy sp\u00e1nku \u2013 zejm\u00e9na v souvislosti s p\u0159et\u00ed\u017een\u00edm a nadu\u017e\u00edv\u00e1n\u00edm home-office. Jako prvn\u00ed pomoc p\u0159i stresov\u00e9 z\u00e1t\u011b\u017ei a syndromu vyho\u0159en\u00ed je odleh\u010den\u00ed a rozlo\u017een\u00ed pr\u00e1ce, p\u0159\u00edpadn\u011b delegovan\u00ed nebo zm\u011bna pracovn\u00ed n\u00e1pln\u011b. D\u00e1le n\u00e1cvik relaxa\u010dn\u00edch technik a diskuse nad smyslem pr\u00e1ce i revize \u017eivotn\u00edch hodnot,\u201c <\/span><\/p>\n<\/blockquote>\n<p><span style=\"font-weight: 400;\">\u0159\u00edk\u00e1 Norbert Riethof za Coaching Systems.<\/span><\/p>\n<h3><span style=\"color: #808080;\">Zam\u011bstnanci pot\u0159ebuj\u00ed podporu a pomoc, ani\u017e by si o ni museli \u0159\u00edkat<\/span><\/h3>\n<p><span style=\"font-weight: 400;\">Tato alarmuj\u00edc\u00ed \u010d\u00edsla spolu se zhor\u0161uj\u00edc\u00ed se dostupnost\u00ed odborn\u00e9 p\u00e9\u010de vedou rostouc\u00ed po\u010det zam\u011bstnavatel\u016f k\u00a0zav\u00e1d\u011bn\u00ed program\u016f na podporu du\u0161evn\u00edho zdrav\u00ed pracovn\u00edk\u016f.<\/span><\/p>\n<blockquote>\n<p><span style=\"font-weight: 400;\"> \u201e<\/span><span style=\"font-weight: 400;\">Je d\u016fle\u017eit\u00e9, aby se o v\u0161ech t\u011bchto probl\u00e9mech otev\u0159en\u011b hovo\u0159ilo a aby lid\u00e9 byli schopni rozpoznat jejich p\u0159\u00edznaky nejen u sebe, ale i u lid\u00ed kolem,<\/span><i><span style=\"font-weight: 400;\">\u201c<\/span><\/i><\/p>\n<\/blockquote>\n<p><span style=\"font-weight: 400;\">vysv\u011btluje Jonathan Appleton, \u0159editel asociace ABSL, a dod\u00e1v\u00e1:<\/span><\/p>\n<blockquote>\n<p><i><span style=\"font-weight: 400;\">\u201eVe firm\u00e1ch jsou b\u011b\u017en\u00e1 \u0161kolen\u00ed na prvn\u00ed pomoc p\u0159i r\u016fzn\u00fdch zran\u011bn\u00edch, ale asi m\u00e1lokdo by dok\u00e1zal reagovat nap\u0159\u00edklad p\u0159i z\u00e1chvatu paniky n\u011bkoho z koleg\u016f. Spousta lid\u00ed si nav\u00edc o pomoc ne\u0159ekne nebo nedok\u00e1\u017ee p\u0159\u00edznaky identifikovat. Krom\u011b samotn\u00fdch benefit\u016f na podporu ment\u00e1ln\u00edho zdrav\u00ed proto \u0159ada zam\u011bstnavatel\u016f z\u00a0na\u0161eho oboru zav\u00e1d\u00ed nap\u0159\u00edklad i speci\u00e1ln\u00ed \u0161kolen\u00ed vedouc\u00edch pracovn\u00edk\u016f, kter\u00e1 je maj\u00ed nau\u010dit rozpoznat, \u017ee n\u011bkdo v\u00a0jejich t\u00fdmu psychicky str\u00e1d\u00e1.\u201c\u00a0<\/span><\/i><\/p>\n<\/blockquote>\n<p><span style=\"font-weight: 400;\">Benefity na podporu du\u0161evn\u00edho zdrav\u00ed sv\u00fdch zam\u011bstnavatel\u016f aktu\u00e1ln\u011b poskytuje 60 % firem z\u00a0oboru podnikov\u00fdch, IT a z\u00e1kaznick\u00fdch slu\u017eeb. Nejde p\u0159itom jen o ji\u017e d\u0159\u00edve roz\u0161\u00ed\u0159en\u00e9 a obl\u00edben\u00e9 mindfulness programy, ale \u010dasto i o mo\u017enost sv\u011b\u0159it se se sv\u00fdmi probl\u00e9my profesion\u00e1ln\u00edm psycholog\u016fm \u010di kou\u010d\u016fm. Pr\u00e1v\u011b tento benefit zam\u011bstnanci hodnot\u00ed velmi pozitivn\u011b. D\u016fvodem je i anonymita \u2013 zam\u011bstnavatel v\u016fbec nemus\u00ed v\u011bd\u011bt, \u017ee danou pomoc vyu\u017eili.\u00a0<\/span><\/p>\n<blockquote>\n<p><span style=\"font-weight: 400;\"> \u201e<\/span><span style=\"font-weight: 400;\">Z<\/span><span style=\"font-weight: 400;\"> r\u016fzn<\/span><span style=\"font-weight: 400;\">\u00fdch<\/span><span style=\"font-weight: 400;\"> pr\u016fzkum\u016f vid\u00edme, \u017ee p\u0159i v\u00fdb\u011bru nov\u00e9 pr\u00e1ce je trendem zva\u017eovat i wellbeing strategii zam\u011bstnavatele. N\u00e1\u0161 obor jde tedy spr\u00e1vn\u00fdm sm\u011brem<\/span><i><span style=\"font-weight: 400;\">,\u201c <\/span><\/i><\/p>\n<\/blockquote>\n<p><span style=\"font-weight: 400;\">\u0159\u00edk\u00e1 Jonathan Appleton.<\/span><\/p>\n<h3><span style=\"color: #808080;\">Psycholog na telefonu a metody asertivn\u00edho chov\u00e1n\u00ed\u00a0<\/span><\/h3>\n<p><span style=\"font-weight: 400;\">Mo\u017enost\u00ed, jak mohou zam\u011bstnavatele sv\u00e9 lidi v\u00a0oblasti ment\u00e1ln\u00ed zdrav\u00ed podpo\u0159it, je cel\u00e1 \u0159ada. Nap\u0159\u00edklad v\u00a0centru sd\u00edlen\u00fdch slu\u017eeb mezin\u00e1rodn\u00ed banky KBC, kter\u00e1 v\u00a0\u010cR zam\u011bstn\u00e1v\u00e1 ji\u017e p\u0159es 1\u00a0000 zam\u011bstnanc\u016f, zaji\u0161\u0165uj\u00ed v r\u00e1mci prevence takzvan\u00e9 zdrav\u00e9 t\u00fddny s r\u016fzn\u00fdmi workshopy a p\u0159edn\u00e1\u0161kami pro prevenci syndromu vyho\u0159en\u00ed podporu du\u0161evn\u00edho i fyzick\u00e9ho zdrav\u00ed. Kl\u00ed\u010dov\u00fd je tak\u00e9 jejich \u201eMind Matters\u201c program, v\u00a0r\u00e1mci kter\u00e9ho sv\u00fdm zam\u011bstnanc\u016fm nab\u00edz\u00ed sezen\u00ed s profesion\u00e1ln\u00edmi psychology. Kou\u010dov\u00e9 pak se zam\u011bstnanci nej\u010dast\u011bji prob\u00edraj\u00ed jejich osobn\u00ed probl\u00e9my, p\u0159\u00edznaky a prevenci syndromu vyho\u0159en\u00ed a eviduj\u00ed i z\u00e1jem o metody asertivn\u00edho jedn\u00e1n\u00ed na pracovi\u0161ti.\u00a0<\/span><\/p>\n<p><span style=\"font-weight: 400;\">Podobn\u00fd program nab\u00edz\u00ed sv\u00fdm zam\u011bstnanc\u016fm a dokonce i jejich rodinn\u00fdm p\u0159\u00edslu\u0161n\u00edk\u016fm tak\u00e9 spole\u010dnost Pure Storage, kter\u00e1 v\u00a0\u010cR provozuje sv\u00e9 v\u00fdzkumn\u00e9 a v\u00fdvojov\u00e9 centrum.<\/span><\/p>\n<blockquote>\n<p><i><span style=\"font-weight: 400;\">\u201e<\/span><\/i><span style=\"font-weight: 400;\">Abychom na\u0161im zam\u011bstnanc\u016fm a jejich rodin\u00e1m pomohli vyrovnat se s probl\u00e9my, jako je stres, \u00fazkost, deprese nebo syndrom vyho\u0159en\u00ed, poskytujeme jim p\u0159\u00edstup na linku pomoci, kter\u00e1 je k dispozici 24 hodin denn\u011b, 365 dn\u00ed v roce. Je sou\u010d\u00e1st\u00ed na\u0161eho programu Behavioral Health and Employee Assistance, kter\u00fd zahrnuje i individu\u00e1ln\u00ed terapii \u010di kou\u010dink v oblasti du\u0161evn\u00edho zdrav\u00ed, nejr\u016fzn\u011bj\u0161\u00ed wellness programy a self-care aplikace, kter\u00e9 zam\u011bstnance vedou k\u00a0pravideln\u00e9mu odpo\u010dinku a fyzick\u00e9 aktivit\u011b. Ka\u017ed\u00fd m\u00e1 zdarma p\u0159\u00edstup a\u017e k 20 kou\u010dovac\u00edm nebo terapeutick\u00fdm sezen\u00edm ro\u010dn\u011b,<\/span><i><span style=\"font-weight: 400;\">\u201c<\/span><\/i><\/p>\n<\/blockquote>\n<p><span style=\"font-weight: 400;\">vysv\u011btluje \u0159editel centra Paul Melmon.<\/span><\/p>\n<h3><span style=\"color: #808080;\"><b>Pom\u00e1h\u00e1 i podpora minorit<\/b><\/span><\/h3>\n<p><span style=\"font-weight: 400;\">S\u00a0ment\u00e1ln\u00edm zdrav\u00edm pak souvis\u00ed i podpora r\u016fzn\u00fdch skupin na pracovi\u0161ti. KBC Global Services podporuje nap\u0159\u00edklad \u010derstv\u00e9 rodi\u010de a pom\u00e1h\u00e1 jim, aby dok\u00e1zali zkombinovat rodi\u010dovsk\u00fd a pracovn\u00ed \u017eivot. D\u016fle\u017eit\u00e1 je rovn\u011b\u017e podpora LGBT+ komunity, kterou KBC podporuje p\u0159i coming outech a za\u010dlen\u011bn\u00ed se do kolektivu.<\/span><\/p>\n<blockquote>\n<p><span style=\"font-weight: 400;\">\u201eFaktem je, \u017ee v oblasti du\u0161evn\u00edho zdrav\u00ed m\u016f\u017eeme d\u011blat mnoho v\u011bc\u00ed, ale n\u011bkter\u00e9 z nich jsou st\u00e1le stigmatizov\u00e1ny. Je d\u016fle\u017eit\u011bj\u0161\u00ed ne\u017e kdy jindy, aby zam\u011bstnavatel\u00e9 podporovali zam\u011bstnance ve sni\u017eov\u00e1n\u00ed rizik stresu, syndromu vyho\u0159en\u00ed nebo depres\u00ed,\u201c <\/span><\/p>\n<\/blockquote>\n<p><span style=\"font-weight: 400;\">\u0159\u00edk\u00e1 Violeta Mal\u00e1r Momiroska za KBC Global Services. <\/span><\/p>\n<p><span style=\"font-weight: 400;\">Zam\u011bstnavatel\u00e9, kte\u0159\u00ed jsou schopni otev\u0159en\u011b komunikovat a pom\u00e1hat sv\u00fdm lidem \u0159e\u0161it jejich probl\u00e9my p\u0159isp\u00edvaj\u00ed nejen ke zdrav\u011bj\u0161\u00edmu pracovn\u00edmu prost\u0159ed\u00ed, ale z\u00e1rove\u0148 pom\u00e1haj\u00ed detabuizovat toto t\u00e9ma ve spole\u010dnosti a t\u00edm zlep\u0161ovat p\u00e9\u010di lid\u00ed o du\u0161evn\u00ed zdrav\u00ed. <\/span><\/p>\n<\/div><\/div><\/div><\/div><\/div>\n","protected":false},"excerpt":{"rendered":"","protected":false},"author":4,"featured_media":3149,"menu_order":0,"comment_status":"open","ping_status":"closed","template":"","format":"standard","meta":{"_acf_changed":false,"footnotes":""},"portfolio_category":[31,32],"portfolio_skills":[],"portfolio_tags":[],"class_list":["post-4999","avada_portfolio","type-avada_portfolio","status-publish","format-standard","has-post-thumbnail","hentry","portfolio_category-novinky","portfolio_category-tiskove-zpravy"],"acf":[],"yoast_head":"<!-- This site is optimized with the Yoast SEO plugin v27.4 - https:\/\/yoast.com\/product\/yoast-seo-wordpress\/ -->\n<title>Benefity spojen\u00e9 s podporou ment\u00e1ln\u00edho zdrav\u00ed a prevenc\u00ed vyho\u0159en\u00ed krit\u00e9riem v\u00fdb\u011bru zam\u011bstn\u00e1n\u00ed - absl<\/title>\n<meta name=\"description\" content=\"Along with the growing number of psychological problems among the people, Czech employees place more and more emphasis on benefits related to mental health support.\" \/>\n<meta name=\"robots\" content=\"index, follow, max-snippet:-1, max-image-preview:large, max-video-preview:-1\" \/>\n<link rel=\"canonical\" href=\"https:\/\/absl.cz\/cs\/news\/benefits-supporting-mental-health\/\" \/>\n<meta property=\"og:locale\" content=\"cs_CZ\" \/>\n<meta property=\"og:type\" content=\"article\" \/>\n<meta property=\"og:title\" content=\"Benefity spojen\u00e9 s podporou ment\u00e1ln\u00edho zdrav\u00ed a prevenc\u00ed vyho\u0159en\u00ed krit\u00e9riem v\u00fdb\u011bru zam\u011bstn\u00e1n\u00ed - absl\" \/>\n<meta property=\"og:description\" content=\"Along with the growing number of psychological problems among the people, Czech employees place more and more emphasis on benefits related to mental health support.\" \/>\n<meta property=\"og:url\" content=\"https:\/\/absl.cz\/cs\/news\/benefits-supporting-mental-health\/\" \/>\n<meta property=\"og:site_name\" content=\"absl\" \/>\n<meta property=\"article:modified_time\" content=\"2023-09-25T14:19:07+00:00\" \/>\n<meta property=\"og:image\" content=\"https:\/\/absl.cz\/wp-content\/uploads\/2022\/12\/Untitled-1280-\u00d7-1920-px-3.png\" \/>\n\t<meta property=\"og:image:width\" content=\"1280\" \/>\n\t<meta property=\"og:image:height\" content=\"1920\" \/>\n\t<meta property=\"og:image:type\" content=\"image\/png\" \/>\n<meta name=\"twitter:card\" content=\"summary_large_image\" \/>\n<meta name=\"twitter:label1\" content=\"Odhadovan\u00e1 doba \u010dten\u00ed\" \/>\n\t<meta name=\"twitter:data1\" content=\"4 minuty\" \/>\n<script type=\"application\/ld+json\" class=\"yoast-schema-graph\">{\"@context\":\"https:\\\/\\\/schema.org\",\"@graph\":[{\"@type\":\"WebPage\",\"@id\":\"https:\\\/\\\/absl.cz\\\/cs\\\/news\\\/benefits-supporting-mental-health\\\/\",\"url\":\"https:\\\/\\\/absl.cz\\\/cs\\\/news\\\/benefits-supporting-mental-health\\\/\",\"name\":\"Benefity spojen\u00e9 s podporou ment\u00e1ln\u00edho zdrav\u00ed a prevenc\u00ed vyho\u0159en\u00ed krit\u00e9riem v\u00fdb\u011bru zam\u011bstn\u00e1n\u00ed - absl\",\"isPartOf\":{\"@id\":\"https:\\\/\\\/absl.cz\\\/cs\\\/#website\"},\"primaryImageOfPage\":{\"@id\":\"https:\\\/\\\/absl.cz\\\/cs\\\/news\\\/benefits-supporting-mental-health\\\/#primaryimage\"},\"image\":{\"@id\":\"https:\\\/\\\/absl.cz\\\/cs\\\/news\\\/benefits-supporting-mental-health\\\/#primaryimage\"},\"thumbnailUrl\":\"https:\\\/\\\/absl.cz\\\/wp-content\\\/uploads\\\/2022\\\/12\\\/Untitled-1280-\u00d7-1920-px-3.png\",\"datePublished\":\"2022-12-21T11:18:14+00:00\",\"dateModified\":\"2023-09-25T14:19:07+00:00\",\"description\":\"Along with the growing number of psychological problems among the people, Czech employees place more and more emphasis on benefits related to mental health support.\",\"breadcrumb\":{\"@id\":\"https:\\\/\\\/absl.cz\\\/cs\\\/news\\\/benefits-supporting-mental-health\\\/#breadcrumb\"},\"inLanguage\":\"cs\",\"potentialAction\":[{\"@type\":\"ReadAction\",\"target\":[\"https:\\\/\\\/absl.cz\\\/cs\\\/news\\\/benefits-supporting-mental-health\\\/\"]}]},{\"@type\":\"ImageObject\",\"inLanguage\":\"cs\",\"@id\":\"https:\\\/\\\/absl.cz\\\/cs\\\/news\\\/benefits-supporting-mental-health\\\/#primaryimage\",\"url\":\"https:\\\/\\\/absl.cz\\\/wp-content\\\/uploads\\\/2022\\\/12\\\/Untitled-1280-\u00d7-1920-px-3.png\",\"contentUrl\":\"https:\\\/\\\/absl.cz\\\/wp-content\\\/uploads\\\/2022\\\/12\\\/Untitled-1280-\u00d7-1920-px-3.png\",\"width\":720,\"height\":1080},{\"@type\":\"BreadcrumbList\",\"@id\":\"https:\\\/\\\/absl.cz\\\/cs\\\/news\\\/benefits-supporting-mental-health\\\/#breadcrumb\",\"itemListElement\":[{\"@type\":\"ListItem\",\"position\":1,\"name\":\"Portfolio\",\"item\":\"https:\\\/\\\/absl.cz\\\/portfolio-items\\\/\"},{\"@type\":\"ListItem\",\"position\":2,\"name\":\"Benefity spojen\u00e9 s podporou ment\u00e1ln\u00edho zdrav\u00ed a prevenc\u00ed vyho\u0159en\u00ed krit\u00e9riem v\u00fdb\u011bru zam\u011bstn\u00e1n\u00ed\"}]},{\"@type\":\"WebSite\",\"@id\":\"https:\\\/\\\/absl.cz\\\/cs\\\/#website\",\"url\":\"https:\\\/\\\/absl.cz\\\/cs\\\/\",\"name\":\"absl\",\"description\":\"\",\"potentialAction\":[{\"@type\":\"SearchAction\",\"target\":{\"@type\":\"EntryPoint\",\"urlTemplate\":\"https:\\\/\\\/absl.cz\\\/cs\\\/?s={search_term_string}\"},\"query-input\":{\"@type\":\"PropertyValueSpecification\",\"valueRequired\":true,\"valueName\":\"search_term_string\"}}],\"inLanguage\":\"cs\"}]}<\/script>\n<!-- \/ Yoast SEO plugin. -->","yoast_head_json":{"title":"Benefity spojen\u00e9 s podporou ment\u00e1ln\u00edho zdrav\u00ed a prevenc\u00ed vyho\u0159en\u00ed krit\u00e9riem v\u00fdb\u011bru zam\u011bstn\u00e1n\u00ed - absl","description":"Along with the growing number of psychological problems among the people, Czech employees place more and more emphasis on benefits related to mental health support.","robots":{"index":"index","follow":"follow","max-snippet":"max-snippet:-1","max-image-preview":"max-image-preview:large","max-video-preview":"max-video-preview:-1"},"canonical":"https:\/\/absl.cz\/cs\/news\/benefits-supporting-mental-health\/","og_locale":"cs_CZ","og_type":"article","og_title":"Benefity spojen\u00e9 s podporou ment\u00e1ln\u00edho zdrav\u00ed a prevenc\u00ed vyho\u0159en\u00ed krit\u00e9riem v\u00fdb\u011bru zam\u011bstn\u00e1n\u00ed - absl","og_description":"Along with the growing number of psychological problems among the people, Czech employees place more and more emphasis on benefits related to mental health support.","og_url":"https:\/\/absl.cz\/cs\/news\/benefits-supporting-mental-health\/","og_site_name":"absl","article_modified_time":"2023-09-25T14:19:07+00:00","og_image":[{"width":1280,"height":1920,"url":"https:\/\/absl.cz\/wp-content\/uploads\/2022\/12\/Untitled-1280-\u00d7-1920-px-3.png","type":"image\/png"}],"twitter_card":"summary_large_image","twitter_misc":{"Odhadovan\u00e1 doba \u010dten\u00ed":"4 minuty"},"schema":{"@context":"https:\/\/schema.org","@graph":[{"@type":"WebPage","@id":"https:\/\/absl.cz\/cs\/news\/benefits-supporting-mental-health\/","url":"https:\/\/absl.cz\/cs\/news\/benefits-supporting-mental-health\/","name":"Benefity spojen\u00e9 s podporou ment\u00e1ln\u00edho zdrav\u00ed a prevenc\u00ed vyho\u0159en\u00ed krit\u00e9riem v\u00fdb\u011bru zam\u011bstn\u00e1n\u00ed - absl","isPartOf":{"@id":"https:\/\/absl.cz\/cs\/#website"},"primaryImageOfPage":{"@id":"https:\/\/absl.cz\/cs\/news\/benefits-supporting-mental-health\/#primaryimage"},"image":{"@id":"https:\/\/absl.cz\/cs\/news\/benefits-supporting-mental-health\/#primaryimage"},"thumbnailUrl":"https:\/\/absl.cz\/wp-content\/uploads\/2022\/12\/Untitled-1280-\u00d7-1920-px-3.png","datePublished":"2022-12-21T11:18:14+00:00","dateModified":"2023-09-25T14:19:07+00:00","description":"Along with the growing number of psychological problems among the people, Czech employees place more and more emphasis on benefits related to mental health support.","breadcrumb":{"@id":"https:\/\/absl.cz\/cs\/news\/benefits-supporting-mental-health\/#breadcrumb"},"inLanguage":"cs","potentialAction":[{"@type":"ReadAction","target":["https:\/\/absl.cz\/cs\/news\/benefits-supporting-mental-health\/"]}]},{"@type":"ImageObject","inLanguage":"cs","@id":"https:\/\/absl.cz\/cs\/news\/benefits-supporting-mental-health\/#primaryimage","url":"https:\/\/absl.cz\/wp-content\/uploads\/2022\/12\/Untitled-1280-\u00d7-1920-px-3.png","contentUrl":"https:\/\/absl.cz\/wp-content\/uploads\/2022\/12\/Untitled-1280-\u00d7-1920-px-3.png","width":720,"height":1080},{"@type":"BreadcrumbList","@id":"https:\/\/absl.cz\/cs\/news\/benefits-supporting-mental-health\/#breadcrumb","itemListElement":[{"@type":"ListItem","position":1,"name":"Portfolio","item":"https:\/\/absl.cz\/portfolio-items\/"},{"@type":"ListItem","position":2,"name":"Benefity spojen\u00e9 s podporou ment\u00e1ln\u00edho zdrav\u00ed a prevenc\u00ed vyho\u0159en\u00ed krit\u00e9riem v\u00fdb\u011bru zam\u011bstn\u00e1n\u00ed"}]},{"@type":"WebSite","@id":"https:\/\/absl.cz\/cs\/#website","url":"https:\/\/absl.cz\/cs\/","name":"absl","description":"","potentialAction":[{"@type":"SearchAction","target":{"@type":"EntryPoint","urlTemplate":"https:\/\/absl.cz\/cs\/?s={search_term_string}"},"query-input":{"@type":"PropertyValueSpecification","valueRequired":true,"valueName":"search_term_string"}}],"inLanguage":"cs"}]}},"_links":{"self":[{"href":"https:\/\/absl.cz\/cs\/wp-json\/wp\/v2\/avada_portfolio\/4999","targetHints":{"allow":["GET"]}}],"collection":[{"href":"https:\/\/absl.cz\/cs\/wp-json\/wp\/v2\/avada_portfolio"}],"about":[{"href":"https:\/\/absl.cz\/cs\/wp-json\/wp\/v2\/types\/avada_portfolio"}],"author":[{"embeddable":true,"href":"https:\/\/absl.cz\/cs\/wp-json\/wp\/v2\/users\/4"}],"replies":[{"embeddable":true,"href":"https:\/\/absl.cz\/cs\/wp-json\/wp\/v2\/comments?post=4999"}],"version-history":[{"count":3,"href":"https:\/\/absl.cz\/cs\/wp-json\/wp\/v2\/avada_portfolio\/4999\/revisions"}],"predecessor-version":[{"id":5003,"href":"https:\/\/absl.cz\/cs\/wp-json\/wp\/v2\/avada_portfolio\/4999\/revisions\/5003"}],"wp:featuredmedia":[{"embeddable":true,"href":"https:\/\/absl.cz\/cs\/wp-json\/wp\/v2\/media\/3149"}],"wp:attachment":[{"href":"https:\/\/absl.cz\/cs\/wp-json\/wp\/v2\/media?parent=4999"}],"wp:term":[{"taxonomy":"portfolio_category","embeddable":true,"href":"https:\/\/absl.cz\/cs\/wp-json\/wp\/v2\/portfolio_category?post=4999"},{"taxonomy":"portfolio_skills","embeddable":true,"href":"https:\/\/absl.cz\/cs\/wp-json\/wp\/v2\/portfolio_skills?post=4999"},{"taxonomy":"portfolio_tags","embeddable":true,"href":"https:\/\/absl.cz\/cs\/wp-json\/wp\/v2\/portfolio_tags?post=4999"}],"curies":[{"name":"wp","href":"https:\/\/api.w.org\/{rel}","templated":true}]}}