{"id":5578,"date":"2023-09-25T14:38:29","date_gmt":"2023-09-25T12:38:29","guid":{"rendered":"https:\/\/absl.cz\/?post_type=avada_portfolio&#038;p=5578"},"modified":"2023-10-10T14:41:52","modified_gmt":"2023-10-10T12:41:52","slug":"jaka-je-pravdepodobnost-ze-cesko-zavede-ctyrdenni-pracovni-tyden","status":"publish","type":"avada_portfolio","link":"https:\/\/absl.cz\/cs\/news\/jaka-je-pravdepodobnost-ze-cesko-zavede-ctyrdenni-pracovni-tyden\/","title":{"rendered":"Jak\u00e1 je pravd\u011bpodobnost, \u017ee \u010cesko zavede \u010dty\u0159denn\u00ed pracovn\u00ed t\u00fdden?"},"content":{"rendered":"<div class=\"fusion-fullwidth fullwidth-box fusion-builder-row-1 fusion-flex-container has-pattern-background has-mask-background nonhundred-percent-fullwidth non-hundred-percent-height-scrolling\" style=\"--awb-border-radius-top-left:0px;--awb-border-radius-top-right:0px;--awb-border-radius-bottom-right:0px;--awb-border-radius-bottom-left:0px;--awb-flex-wrap:wrap;\" ><div class=\"fusion-builder-row fusion-row fusion-flex-align-items-flex-start fusion-flex-content-wrap\" style=\"max-width:1123.2px;margin-left: calc(-4% \/ 2 );margin-right: calc(-4% \/ 2 );\"><div class=\"fusion-layout-column fusion_builder_column fusion-builder-column-0 fusion_builder_column_1_1 1_1 fusion-flex-column\" style=\"--awb-bg-size:cover;--awb-width-large:100%;--awb-margin-top-large:0px;--awb-spacing-right-large:1.92%;--awb-margin-bottom-large:20px;--awb-spacing-left-large:1.92%;--awb-width-medium:100%;--awb-order-medium:0;--awb-spacing-right-medium:1.92%;--awb-spacing-left-medium:1.92%;--awb-width-small:100%;--awb-order-small:0;--awb-spacing-right-small:1.92%;--awb-spacing-left-small:1.92%;\"><div class=\"fusion-column-wrapper fusion-column-has-shadow fusion-flex-justify-content-flex-start fusion-content-layout-column\"><div class=\"fusion-text fusion-text-1\"><p><strong>Koncept \u010dty\u0159denn\u00edho pracovn\u00edho t\u00fddne je v \u010cesku st\u00e1le popul\u00e1rn\u011bj\u0161\u00ed a st\u00e1le v\u00edce lid\u00ed vol\u00e1 po zkr\u00e1cen\u00ed pracovn\u00ed doby. N\u011bmecko ji\u017e zah\u00e1jilo pilotn\u00ed projekt \u010dty\u0159denn\u00edho pracovn\u00edho t\u00fddne a uva\u017euj\u00ed o n\u011bm i dal\u0161\u00ed zem\u011b EU. Spole\u010dnosti, kter\u00e9 v \u010cesku \u010dty\u0159denn\u00ed pracovn\u00ed t\u00fdden vyzkou\u0161ely, hl\u00e1s\u00ed zv\u00fd\u0161enou spokojenost a produktivitu zam\u011bstnanc\u016f, co\u017e vede k v\u00fdzv\u00e1m k jeho \u0161ir\u0161\u00edmu zaveden\u00ed. N\u011bkte\u0159\u00ed odborn\u00edci se v\u0161ak domn\u00edvaj\u00ed, \u017ee \u010cesko nemus\u00ed b\u00fdt na plo\u0161n\u00fd zku\u0161ebn\u00ed provoz p\u0159ipraveno kv\u016fli omezen\u00edm na trhu pr\u00e1ce a povaze n\u011bkter\u00fdch odv\u011btv\u00ed.<\/strong><\/p>\n<\/div><div class=\"fusion-image-element \" style=\"--awb-caption-title-font-family:var(--h2_typography-font-family);--awb-caption-title-font-weight:var(--h2_typography-font-weight);--awb-caption-title-font-style:var(--h2_typography-font-style);--awb-caption-title-size:var(--h2_typography-font-size);--awb-caption-title-transform:var(--h2_typography-text-transform);--awb-caption-title-line-height:var(--h2_typography-line-height);--awb-caption-title-letter-spacing:var(--h2_typography-letter-spacing);\"><span class=\" fusion-imageframe imageframe-none imageframe-1 hover-type-none\"><img decoding=\"async\" width=\"133\" height=\"1080\" title=\"expatscz 2023-09-25 how-likely-is-it-that-czechia-\" src=\"https:\/\/absl.cz\/wp-content\/uploads\/2023\/10\/expatscz-2023-09-25-how-likely-is-it-that-czechia--scaled.jpg\" alt class=\"img-responsive wp-image-5576\" srcset=\"https:\/\/absl.cz\/wp-content\/uploads\/2023\/10\/expatscz-2023-09-25-how-likely-is-it-that-czechia--37x300.jpg 37w, https:\/\/absl.cz\/wp-content\/uploads\/2023\/10\/expatscz-2023-09-25-how-likely-is-it-that-czechia--126x1024.jpg 126w, https:\/\/absl.cz\/wp-content\/uploads\/2023\/10\/expatscz-2023-09-25-how-likely-is-it-that-czechia--scaled.jpg 133w\" sizes=\"(max-width: 133px) 100vw, 133px\" \/><\/span><\/div><\/div><\/div><\/div><\/div>\n","protected":false},"excerpt":{"rendered":"","protected":false},"author":6,"featured_media":5573,"menu_order":0,"comment_status":"open","ping_status":"closed","template":"","format":"standard","meta":{"_acf_changed":false,"footnotes":""},"portfolio_category":[30],"portfolio_skills":[],"portfolio_tags":[],"class_list":["post-5578","avada_portfolio","type-avada_portfolio","status-publish","format-standard","has-post-thumbnail","hentry","portfolio_category-absl-in-media"],"acf":[],"yoast_head":"<!-- This site is optimized with the Yoast SEO plugin v27.4 - https:\/\/yoast.com\/product\/yoast-seo-wordpress\/ -->\n<title>Jak\u00e1 je pravd\u011bpodobnost, \u017ee \u010cesko zavede \u010dty\u0159denn\u00ed pracovn\u00ed t\u00fdden? - absl<\/title>\n<meta name=\"robots\" content=\"index, follow, max-snippet:-1, max-image-preview:large, max-video-preview:-1\" \/>\n<link rel=\"canonical\" href=\"https:\/\/absl.cz\/cs\/news\/jaka-je-pravdepodobnost-ze-cesko-zavede-ctyrdenni-pracovni-tyden\/\" \/>\n<meta property=\"og:locale\" content=\"cs_CZ\" \/>\n<meta property=\"og:type\" content=\"article\" \/>\n<meta property=\"og:title\" content=\"Jak\u00e1 je pravd\u011bpodobnost, \u017ee \u010cesko zavede \u010dty\u0159denn\u00ed pracovn\u00ed t\u00fdden? - absl\" \/>\n<meta property=\"og:url\" content=\"https:\/\/absl.cz\/cs\/news\/jaka-je-pravdepodobnost-ze-cesko-zavede-ctyrdenni-pracovni-tyden\/\" \/>\n<meta property=\"og:site_name\" content=\"absl\" \/>\n<meta property=\"article:modified_time\" content=\"2023-10-10T12:41:52+00:00\" \/>\n<meta property=\"og:image\" content=\"https:\/\/absl.cz\/wp-content\/uploads\/2023\/10\/coach-training-with-abintus.jpg\" \/>\n\t<meta property=\"og:image:width\" content=\"1000\" \/>\n\t<meta property=\"og:image:height\" content=\"523\" \/>\n\t<meta property=\"og:image:type\" content=\"image\/jpeg\" \/>\n<meta name=\"twitter:card\" content=\"summary_large_image\" \/>\n<meta name=\"twitter:label1\" content=\"Odhadovan\u00e1 doba \u010dten\u00ed\" \/>\n\t<meta name=\"twitter:data1\" content=\"3 minuty\" \/>\n<script type=\"application\/ld+json\" class=\"yoast-schema-graph\">{\"@context\":\"https:\\\/\\\/schema.org\",\"@graph\":[{\"@type\":\"WebPage\",\"@id\":\"https:\\\/\\\/absl.cz\\\/cs\\\/news\\\/jaka-je-pravdepodobnost-ze-cesko-zavede-ctyrdenni-pracovni-tyden\\\/\",\"url\":\"https:\\\/\\\/absl.cz\\\/cs\\\/news\\\/jaka-je-pravdepodobnost-ze-cesko-zavede-ctyrdenni-pracovni-tyden\\\/\",\"name\":\"Jak\u00e1 je pravd\u011bpodobnost, \u017ee \u010cesko zavede \u010dty\u0159denn\u00ed pracovn\u00ed t\u00fdden? - absl\",\"isPartOf\":{\"@id\":\"https:\\\/\\\/absl.cz\\\/cs\\\/#website\"},\"primaryImageOfPage\":{\"@id\":\"https:\\\/\\\/absl.cz\\\/cs\\\/news\\\/jaka-je-pravdepodobnost-ze-cesko-zavede-ctyrdenni-pracovni-tyden\\\/#primaryimage\"},\"image\":{\"@id\":\"https:\\\/\\\/absl.cz\\\/cs\\\/news\\\/jaka-je-pravdepodobnost-ze-cesko-zavede-ctyrdenni-pracovni-tyden\\\/#primaryimage\"},\"thumbnailUrl\":\"https:\\\/\\\/absl.cz\\\/wp-content\\\/uploads\\\/2023\\\/10\\\/coach-training-with-abintus.jpg\",\"datePublished\":\"2023-09-25T12:38:29+00:00\",\"dateModified\":\"2023-10-10T12:41:52+00:00\",\"breadcrumb\":{\"@id\":\"https:\\\/\\\/absl.cz\\\/cs\\\/news\\\/jaka-je-pravdepodobnost-ze-cesko-zavede-ctyrdenni-pracovni-tyden\\\/#breadcrumb\"},\"inLanguage\":\"cs\",\"potentialAction\":[{\"@type\":\"ReadAction\",\"target\":[\"https:\\\/\\\/absl.cz\\\/cs\\\/news\\\/jaka-je-pravdepodobnost-ze-cesko-zavede-ctyrdenni-pracovni-tyden\\\/\"]}]},{\"@type\":\"ImageObject\",\"inLanguage\":\"cs\",\"@id\":\"https:\\\/\\\/absl.cz\\\/cs\\\/news\\\/jaka-je-pravdepodobnost-ze-cesko-zavede-ctyrdenni-pracovni-tyden\\\/#primaryimage\",\"url\":\"https:\\\/\\\/absl.cz\\\/wp-content\\\/uploads\\\/2023\\\/10\\\/coach-training-with-abintus.jpg\",\"contentUrl\":\"https:\\\/\\\/absl.cz\\\/wp-content\\\/uploads\\\/2023\\\/10\\\/coach-training-with-abintus.jpg\",\"width\":1000,\"height\":523},{\"@type\":\"BreadcrumbList\",\"@id\":\"https:\\\/\\\/absl.cz\\\/cs\\\/news\\\/jaka-je-pravdepodobnost-ze-cesko-zavede-ctyrdenni-pracovni-tyden\\\/#breadcrumb\",\"itemListElement\":[{\"@type\":\"ListItem\",\"position\":1,\"name\":\"Portfolio\",\"item\":\"https:\\\/\\\/absl.cz\\\/portfolio-items\\\/\"},{\"@type\":\"ListItem\",\"position\":2,\"name\":\"Jak\u00e1 je pravd\u011bpodobnost, \u017ee \u010cesko zavede \u010dty\u0159denn\u00ed pracovn\u00ed t\u00fdden?\"}]},{\"@type\":\"WebSite\",\"@id\":\"https:\\\/\\\/absl.cz\\\/cs\\\/#website\",\"url\":\"https:\\\/\\\/absl.cz\\\/cs\\\/\",\"name\":\"absl\",\"description\":\"\",\"potentialAction\":[{\"@type\":\"SearchAction\",\"target\":{\"@type\":\"EntryPoint\",\"urlTemplate\":\"https:\\\/\\\/absl.cz\\\/cs\\\/?s={search_term_string}\"},\"query-input\":{\"@type\":\"PropertyValueSpecification\",\"valueRequired\":true,\"valueName\":\"search_term_string\"}}],\"inLanguage\":\"cs\"}]}<\/script>\n<!-- \/ Yoast SEO plugin. -->","yoast_head_json":{"title":"Jak\u00e1 je pravd\u011bpodobnost, \u017ee \u010cesko zavede \u010dty\u0159denn\u00ed pracovn\u00ed t\u00fdden? - absl","robots":{"index":"index","follow":"follow","max-snippet":"max-snippet:-1","max-image-preview":"max-image-preview:large","max-video-preview":"max-video-preview:-1"},"canonical":"https:\/\/absl.cz\/cs\/news\/jaka-je-pravdepodobnost-ze-cesko-zavede-ctyrdenni-pracovni-tyden\/","og_locale":"cs_CZ","og_type":"article","og_title":"Jak\u00e1 je pravd\u011bpodobnost, \u017ee \u010cesko zavede \u010dty\u0159denn\u00ed pracovn\u00ed t\u00fdden? - absl","og_url":"https:\/\/absl.cz\/cs\/news\/jaka-je-pravdepodobnost-ze-cesko-zavede-ctyrdenni-pracovni-tyden\/","og_site_name":"absl","article_modified_time":"2023-10-10T12:41:52+00:00","og_image":[{"width":1000,"height":523,"url":"https:\/\/absl.cz\/wp-content\/uploads\/2023\/10\/coach-training-with-abintus.jpg","type":"image\/jpeg"}],"twitter_card":"summary_large_image","twitter_misc":{"Odhadovan\u00e1 doba \u010dten\u00ed":"3 minuty"},"schema":{"@context":"https:\/\/schema.org","@graph":[{"@type":"WebPage","@id":"https:\/\/absl.cz\/cs\/news\/jaka-je-pravdepodobnost-ze-cesko-zavede-ctyrdenni-pracovni-tyden\/","url":"https:\/\/absl.cz\/cs\/news\/jaka-je-pravdepodobnost-ze-cesko-zavede-ctyrdenni-pracovni-tyden\/","name":"Jak\u00e1 je pravd\u011bpodobnost, \u017ee \u010cesko zavede \u010dty\u0159denn\u00ed pracovn\u00ed t\u00fdden? - absl","isPartOf":{"@id":"https:\/\/absl.cz\/cs\/#website"},"primaryImageOfPage":{"@id":"https:\/\/absl.cz\/cs\/news\/jaka-je-pravdepodobnost-ze-cesko-zavede-ctyrdenni-pracovni-tyden\/#primaryimage"},"image":{"@id":"https:\/\/absl.cz\/cs\/news\/jaka-je-pravdepodobnost-ze-cesko-zavede-ctyrdenni-pracovni-tyden\/#primaryimage"},"thumbnailUrl":"https:\/\/absl.cz\/wp-content\/uploads\/2023\/10\/coach-training-with-abintus.jpg","datePublished":"2023-09-25T12:38:29+00:00","dateModified":"2023-10-10T12:41:52+00:00","breadcrumb":{"@id":"https:\/\/absl.cz\/cs\/news\/jaka-je-pravdepodobnost-ze-cesko-zavede-ctyrdenni-pracovni-tyden\/#breadcrumb"},"inLanguage":"cs","potentialAction":[{"@type":"ReadAction","target":["https:\/\/absl.cz\/cs\/news\/jaka-je-pravdepodobnost-ze-cesko-zavede-ctyrdenni-pracovni-tyden\/"]}]},{"@type":"ImageObject","inLanguage":"cs","@id":"https:\/\/absl.cz\/cs\/news\/jaka-je-pravdepodobnost-ze-cesko-zavede-ctyrdenni-pracovni-tyden\/#primaryimage","url":"https:\/\/absl.cz\/wp-content\/uploads\/2023\/10\/coach-training-with-abintus.jpg","contentUrl":"https:\/\/absl.cz\/wp-content\/uploads\/2023\/10\/coach-training-with-abintus.jpg","width":1000,"height":523},{"@type":"BreadcrumbList","@id":"https:\/\/absl.cz\/cs\/news\/jaka-je-pravdepodobnost-ze-cesko-zavede-ctyrdenni-pracovni-tyden\/#breadcrumb","itemListElement":[{"@type":"ListItem","position":1,"name":"Portfolio","item":"https:\/\/absl.cz\/portfolio-items\/"},{"@type":"ListItem","position":2,"name":"Jak\u00e1 je pravd\u011bpodobnost, \u017ee \u010cesko zavede \u010dty\u0159denn\u00ed pracovn\u00ed t\u00fdden?"}]},{"@type":"WebSite","@id":"https:\/\/absl.cz\/cs\/#website","url":"https:\/\/absl.cz\/cs\/","name":"absl","description":"","potentialAction":[{"@type":"SearchAction","target":{"@type":"EntryPoint","urlTemplate":"https:\/\/absl.cz\/cs\/?s={search_term_string}"},"query-input":{"@type":"PropertyValueSpecification","valueRequired":true,"valueName":"search_term_string"}}],"inLanguage":"cs"}]}},"_links":{"self":[{"href":"https:\/\/absl.cz\/cs\/wp-json\/wp\/v2\/avada_portfolio\/5578","targetHints":{"allow":["GET"]}}],"collection":[{"href":"https:\/\/absl.cz\/cs\/wp-json\/wp\/v2\/avada_portfolio"}],"about":[{"href":"https:\/\/absl.cz\/cs\/wp-json\/wp\/v2\/types\/avada_portfolio"}],"author":[{"embeddable":true,"href":"https:\/\/absl.cz\/cs\/wp-json\/wp\/v2\/users\/6"}],"replies":[{"embeddable":true,"href":"https:\/\/absl.cz\/cs\/wp-json\/wp\/v2\/comments?post=5578"}],"version-history":[{"count":1,"href":"https:\/\/absl.cz\/cs\/wp-json\/wp\/v2\/avada_portfolio\/5578\/revisions"}],"predecessor-version":[{"id":5579,"href":"https:\/\/absl.cz\/cs\/wp-json\/wp\/v2\/avada_portfolio\/5578\/revisions\/5579"}],"wp:featuredmedia":[{"embeddable":true,"href":"https:\/\/absl.cz\/cs\/wp-json\/wp\/v2\/media\/5573"}],"wp:attachment":[{"href":"https:\/\/absl.cz\/cs\/wp-json\/wp\/v2\/media?parent=5578"}],"wp:term":[{"taxonomy":"portfolio_category","embeddable":true,"href":"https:\/\/absl.cz\/cs\/wp-json\/wp\/v2\/portfolio_category?post=5578"},{"taxonomy":"portfolio_skills","embeddable":true,"href":"https:\/\/absl.cz\/cs\/wp-json\/wp\/v2\/portfolio_skills?post=5578"},{"taxonomy":"portfolio_tags","embeddable":true,"href":"https:\/\/absl.cz\/cs\/wp-json\/wp\/v2\/portfolio_tags?post=5578"}],"curies":[{"name":"wp","href":"https:\/\/api.w.org\/{rel}","templated":true}]}}