{"id":7534,"date":"2023-11-29T14:42:03","date_gmt":"2023-11-29T13:42:03","guid":{"rendered":"https:\/\/absl.cz\/?post_type=avada_portfolio&#038;p=7534"},"modified":"2023-11-29T14:51:43","modified_gmt":"2023-11-29T13:51:43","slug":"najimame-noveho-zamestnance-absl-koordinator-udalosti-a-komunity","status":"publish","type":"avada_portfolio","link":"https:\/\/absl.cz\/cs\/news\/najimame-noveho-zamestnance-absl-koordinator-udalosti-a-komunity\/","title":{"rendered":"Naj\u00edm\u00e1me nov\u00e9ho zam\u011bstnance ABSL: Koordin\u00e1tor ud\u00e1lost\u00ed a komunity"},"content":{"rendered":"<p><div class=\"fusion-fullwidth fullwidth-box fusion-builder-row-1 fusion-flex-container has-pattern-background has-mask-background nonhundred-percent-fullwidth non-hundred-percent-height-scrolling\" style=\"--awb-border-radius-top-left:0px;--awb-border-radius-top-right:0px;--awb-border-radius-bottom-right:0px;--awb-border-radius-bottom-left:0px;--awb-flex-wrap:wrap;\" ><div class=\"fusion-builder-row fusion-row fusion-flex-align-items-flex-start fusion-flex-content-wrap\" style=\"max-width:1123.2px;margin-left: calc(-4% \/ 2 );margin-right: calc(-4% \/ 2 );\"><div class=\"fusion-layout-column fusion_builder_column fusion-builder-column-0 fusion_builder_column_1_1 1_1 fusion-flex-column\" style=\"--awb-bg-size:cover;--awb-width-large:100%;--awb-margin-top-large:0px;--awb-spacing-right-large:1.92%;--awb-margin-bottom-large:20px;--awb-spacing-left-large:1.92%;--awb-width-medium:100%;--awb-order-medium:0;--awb-spacing-right-medium:1.92%;--awb-spacing-left-medium:1.92%;--awb-width-small:100%;--awb-order-small:0;--awb-spacing-right-small:1.92%;--awb-spacing-left-small:1.92%;\"><div class=\"fusion-column-wrapper fusion-column-has-shadow fusion-flex-justify-content-flex-start fusion-content-layout-column\"><div class=\"fusion-text fusion-text-1\"><h4>Koordin\u00e1tor akc\u00ed a komunity<\/h4>\n<ul>\n<li><strong>pr\u00e1ce na pln\u00fd \u00favazek od b\u0159ezna 2024<\/strong><\/li>\n<\/ul>\n<p>ABSL je jedin\u00e1 asociace v \u010cesk\u00e9 republice, kter\u00e1 sdru\u017euje jedny z nejv\u011bt\u0161\u00edch a nejzaj\u00edmav\u011bj\u0161\u00edch zam\u011bstnavatel\u016f &#8211; centra podnikov\u00fdch slu\u017eeb. Jedn\u00e1 se o mezin\u00e1rodn\u00ed centra se s\u00eddlem v \u010cesk\u00e9 republice, kter\u00e1 v\u0161ak poskytuj\u00ed slu\u017eby sv\u00fdm mate\u0159sk\u00fdm spole\u010dnostem a klient\u016fm po cel\u00e9m sv\u011bt\u011b. Na\u0161\u00edm \u00fakolem je zajistit, aby se sna\u017eily, a to d\u011bl\u00e1me po\u0159\u00e1d\u00e1n\u00edm \u0161pi\u010dkov\u00fdch akc\u00ed a konferenc\u00ed, zkoum\u00e1me obor a spolupracujeme s na\u0161imi partnery.<\/p>\n<p>Do na\u0161eho mal\u00e9ho t\u00fdmu, kter\u00fd spolupracuje s v\u00fdznamn\u00fdmi spole\u010dnostmi a m\u00e1 velk\u00e9 pl\u00e1ny, hled\u00e1me nov\u00e9ho \u010dlena. Jako koordin\u00e1tor akc\u00ed a komunit budete zodpov\u011bdn\u00ed za koordinaci v\u0161ech akc\u00ed ABSL, v\u010detn\u011b v\u00fdro\u010dn\u00ed konference pro v\u00edce ne\u017e 500 \u00fa\u010dastn\u00edk\u016f, za komunikaci s \u00fa\u010dastn\u00edky, partnery akc\u00ed a dodavateli a za udr\u017eov\u00e1n\u00ed pravideln\u00e9 komunikace se \u010dleny ABSL jako jejich hlavn\u00ed kontaktn\u00ed osoba.<\/p>\n<\/div><\/div><\/div><\/div><\/div><div class=\"fusion-fullwidth fullwidth-box fusion-builder-row-2 fusion-flex-container has-pattern-background has-mask-background nonhundred-percent-fullwidth non-hundred-percent-height-scrolling\" style=\"--awb-border-radius-top-left:0px;--awb-border-radius-top-right:0px;--awb-border-radius-bottom-right:0px;--awb-border-radius-bottom-left:0px;--awb-flex-wrap:wrap;\" ><div class=\"fusion-builder-row fusion-row fusion-flex-align-items-flex-start fusion-flex-content-wrap\" style=\"max-width:1123.2px;margin-left: calc(-4% \/ 2 );margin-right: calc(-4% \/ 2 );\"><div class=\"fusion-layout-column fusion_builder_column fusion-builder-column-1 fusion_builder_column_1_1 1_1 fusion-flex-column\" style=\"--awb-bg-size:cover;--awb-width-large:100%;--awb-margin-top-large:0px;--awb-spacing-right-large:1.92%;--awb-margin-bottom-large:20px;--awb-spacing-left-large:1.92%;--awb-width-medium:100%;--awb-order-medium:0;--awb-spacing-right-medium:1.92%;--awb-spacing-left-medium:1.92%;--awb-width-small:100%;--awb-order-small:0;--awb-spacing-right-small:1.92%;--awb-spacing-left-small:1.92%;\"><div class=\"fusion-column-wrapper fusion-column-has-shadow fusion-flex-justify-content-flex-start fusion-content-layout-column\"><div class=\"fusion-text fusion-text-2\"><h5><strong>Koho pot\u0159ebujeme?<\/strong><\/h5>\n<ul>\n<li>St\u0159edo\u0161kolsk\u00e9 vzd\u011bl\u00e1n\u00ed s maturitou (ekonomick\u00fd obor v\u00fdhodou), vysoko\u0161kolsk\u00e9 vzd\u011bl\u00e1n\u00ed v\u00fdhodou.<\/li>\n<li>Siln\u00e9 organiza\u010dn\u00ed schopnosti se zku\u0161enostmi s \u0159\u00edzen\u00edm projekt\u016f a akc\u00ed<\/li>\n<li>Skute\u010dn\u00e9ho t\u00fdmov\u00e9ho hr\u00e1\u010de, kter\u00fd se chce u\u010dit a rozv\u00edjet<\/li>\n<li>Proaktivitu, zodpov\u011bdnost a p\u0159\u00edstup &#8222;nic nen\u00ed probl\u00e9m&#8220;.<\/li>\n<li>V\u00fdborn\u00e1 znalost angli\u010dtiny pro komunikaci v r\u00e1mci t\u00fdmu a s na\u0161imi \u010dleny &#8211; angli\u010dtina je na\u0161\u00edm pracovn\u00edm jazykem<\/li>\n<li>Specifick\u00e9 dovednosti &#8211; MS Office (hlavn\u011b PowerPoint, Excel, Word), Zoom, HubSpot nebo jin\u00fd CRM syst\u00e9m nebo spr\u00e1va ud\u00e1lost\u00ed je v\u00fdhodou<\/li>\n<\/ul>\n<\/div><\/div><\/div><div class=\"fusion-layout-column fusion_builder_column fusion-builder-column-2 fusion_builder_column_1_1 1_1 fusion-flex-column\" style=\"--awb-bg-size:cover;--awb-width-large:100%;--awb-margin-top-large:0px;--awb-spacing-right-large:1.92%;--awb-margin-bottom-large:20px;--awb-spacing-left-large:1.92%;--awb-width-medium:100%;--awb-order-medium:0;--awb-spacing-right-medium:1.92%;--awb-spacing-left-medium:1.92%;--awb-width-small:100%;--awb-order-small:0;--awb-spacing-right-small:1.92%;--awb-spacing-left-small:1.92%;\"><div class=\"fusion-column-wrapper fusion-column-has-shadow fusion-flex-justify-content-flex-start fusion-content-layout-column\"><div class=\"fusion-text fusion-text-3\"><p><strong>Co bude n\u00e1pln\u00ed Va\u0161\u00ed prace?<\/strong><\/p>\n<ul>\n<li>Pl\u00e1novat a koordinovat v\u0161echny akce ABSL (2-3 m\u011bs\u00ed\u010dn\u011b, online i offline), v\u010detn\u011b nejv\u011bt\u0161\u00ed akce ABSL &#8211; v\u00fdro\u010dn\u00ed konference ABSL pro v\u00edce ne\u017e 500 \u00fa\u010dastn\u00edk\u016f.<\/li>\n<li>Zaji\u0161\u0165ovat hladk\u00fd pr\u016fb\u011bh v\u0161ech akc\u00ed, v\u010detn\u011b v\u00fdb\u011bru dodavatel\u016f a komunikace s nimi<\/li>\n<li>P\u0159in\u00e1\u0161et nov\u00e9 n\u00e1pady na vylep\u0161en\u00ed na\u0161ich akc\u00ed<\/li>\n<li>Komunikovat s \u00fa\u010dastn\u00edky akc\u00ed (\u010dleny ABSL), spravovat registrace na akce a p\u0159ipravovat pozv\u00e1nky, n\u00e1sledn\u00e1 opat\u0159en\u00ed a dal\u0161\u00ed komunikaci<\/li>\n<li>Spolupracovat s t\u00fdmem na pl\u00e1nov\u00e1n\u00ed kalend\u00e1\u0159e a nov\u00fdch akc\u00ed<\/li>\n<li>Sledovat a dodr\u017eovat rozpo\u010dty akc\u00ed<\/li>\n<li>Zaji\u0161\u0165ovat \u0159\u00edzen\u00ed projekt\u016f a podporu v r\u00e1mci projekt\u016f pro t\u00fdm<\/li>\n<li>Udr\u017eovat pravidelnou komunikaci se \u010dleny a partnery ABSL (111 \u010dlen\u016f) jako jejich hlavn\u00ed kontaktn\u00ed osoba<\/li>\n<li>Pom\u00e1hat p\u0159i vytv\u00e1\u0159en\u00ed marketingov\u00e9ho obsahu, zejm\u00e9na materi\u00e1l\u016f t\u00fdkaj\u00edc\u00edch se akc\u00ed<\/li>\n<\/ul>\n<\/div><div class=\"fusion-text fusion-text-4\"><p><strong>Co nab\u00edz\u00edme my?<\/strong><\/p>\n<ul>\n<li>Pozice na pln\u00fd \u00favazek od b\u0159ezna<\/li>\n<li>Pr\u00e1ci v mal\u00e9m, dynamick\u00e9m a p\u0159\u00e1telsk\u00e9m t\u00fdmu<\/li>\n<li>Konkuren\u010dn\u00ed plat se zam\u011bstnaneck\u00fdmi benefity v\u010detn\u011b slu\u017eebn\u00edho mobiln\u00edho telefonu, notebooku, karty Multisport a dal\u0161\u00edch v\u00fdhod<\/li>\n<li>Velkou flexibilitu s mo\u017enost\u00ed pr\u00e1ce na d\u00e1lku<\/li>\n<li>Kr\u00e1snou kancel\u00e1\u0159 v nov\u00e9m inovativn\u00edm co-workingov\u00e9m prostoru v oce\u0148ovan\u00e9 budov\u011b Visionary Building na Praze 7<\/li>\n<\/ul>\n<\/div><\/div><\/div><\/div><\/div><div class=\"fusion-fullwidth fullwidth-box fusion-builder-row-3 fusion-flex-container has-pattern-background has-mask-background nonhundred-percent-fullwidth non-hundred-percent-height-scrolling\" style=\"--awb-border-radius-top-left:0px;--awb-border-radius-top-right:0px;--awb-border-radius-bottom-right:0px;--awb-border-radius-bottom-left:0px;--awb-flex-wrap:wrap;\" ><div class=\"fusion-builder-row fusion-row fusion-flex-align-items-flex-start fusion-flex-content-wrap\" style=\"max-width:1123.2px;margin-left: calc(-4% \/ 2 );margin-right: calc(-4% \/ 2 );\"><div class=\"fusion-layout-column fusion_builder_column fusion-builder-column-3 fusion_builder_column_1_1 1_1 fusion-flex-column\" style=\"--awb-bg-size:cover;--awb-width-large:100%;--awb-margin-top-large:0px;--awb-spacing-right-large:1.92%;--awb-margin-bottom-large:20px;--awb-spacing-left-large:1.92%;--awb-width-medium:100%;--awb-order-medium:0;--awb-spacing-right-medium:1.92%;--awb-spacing-left-medium:1.92%;--awb-width-small:100%;--awb-order-small:0;--awb-spacing-right-small:1.92%;--awb-spacing-left-small:1.92%;\"><div class=\"fusion-column-wrapper fusion-column-has-shadow fusion-flex-justify-content-flex-start fusion-content-layout-column\"><div class=\"fusion-text fusion-text-5\"><h5><strong>Zn\u00ed to jako Vy?<\/strong> Tak n\u00e1m po\u0161lete V\u00e1\u0161 \u017eivotopis!<\/h5>\n<\/div><\/div><\/div><div class=\"fusion-layout-column fusion_builder_column fusion-builder-column-4 fusion_builder_column_1_1 1_1 fusion-flex-column\" style=\"--awb-bg-size:cover;--awb-width-large:100%;--awb-margin-top-large:0px;--awb-spacing-right-large:1.92%;--awb-margin-bottom-large:20px;--awb-spacing-left-large:1.92%;--awb-width-medium:100%;--awb-order-medium:0;--awb-spacing-right-medium:1.92%;--awb-spacing-left-medium:1.92%;--awb-width-small:100%;--awb-order-small:0;--awb-spacing-right-small:1.92%;--awb-spacing-left-small:1.92%;\"><div class=\"fusion-column-wrapper fusion-column-has-shadow fusion-flex-justify-content-flex-start fusion-content-layout-column\"><div style=\"text-align:center;\"><a class=\"fusion-button button-flat fusion-button-default-size button-default fusion-button-default button-1 fusion-button-default-span fusion-button-default-type\" target=\"_blank\" rel=\"noopener noreferrer\" href=\"mailto:absl@absl.cz\"><span class=\"fusion-button-text\">N\u00e1\u0161 E-Mail<\/span><\/a><\/div><\/div><\/div><\/div><\/div><\/p>\n","protected":false},"excerpt":{"rendered":"","protected":false},"author":6,"featured_media":7533,"menu_order":0,"comment_status":"open","ping_status":"closed","template":"","format":"standard","meta":{"_acf_changed":false,"footnotes":""},"portfolio_category":[31],"portfolio_skills":[],"portfolio_tags":[],"class_list":["post-7534","avada_portfolio","type-avada_portfolio","status-publish","format-standard","has-post-thumbnail","hentry","portfolio_category-novinky"],"acf":[],"yoast_head":"<!-- This site is optimized with the Yoast SEO plugin v27.4 - https:\/\/yoast.com\/product\/yoast-seo-wordpress\/ -->\n<title>Naj\u00edm\u00e1me nov\u00e9ho zam\u011bstnance ABSL: Koordin\u00e1tor ud\u00e1lost\u00ed a komunity - absl<\/title>\n<meta name=\"robots\" content=\"index, follow, max-snippet:-1, max-image-preview:large, max-video-preview:-1\" \/>\n<link rel=\"canonical\" href=\"https:\/\/absl.cz\/cs\/news\/najimame-noveho-zamestnance-absl-koordinator-udalosti-a-komunity\/\" \/>\n<meta property=\"og:locale\" content=\"cs_CZ\" \/>\n<meta property=\"og:type\" content=\"article\" \/>\n<meta property=\"og:title\" content=\"Naj\u00edm\u00e1me nov\u00e9ho zam\u011bstnance ABSL: Koordin\u00e1tor ud\u00e1lost\u00ed a komunity - absl\" \/>\n<meta property=\"og:url\" content=\"https:\/\/absl.cz\/cs\/news\/najimame-noveho-zamestnance-absl-koordinator-udalosti-a-komunity\/\" \/>\n<meta property=\"og:site_name\" content=\"absl\" \/>\n<meta property=\"article:modified_time\" content=\"2023-11-29T13:51:43+00:00\" \/>\n<meta property=\"og:image\" content=\"https:\/\/absl.cz\/wp-content\/uploads\/2023\/11\/ABSL_CONFERENCE_2023_foto-Day-2-Stepan-Plucar-827_mid-size.jpg\" \/>\n\t<meta property=\"og:image:width\" content=\"1620\" \/>\n\t<meta property=\"og:image:height\" content=\"1080\" \/>\n\t<meta property=\"og:image:type\" content=\"image\/jpeg\" \/>\n<meta name=\"twitter:card\" content=\"summary_large_image\" \/>\n<meta name=\"twitter:label1\" content=\"Odhadovan\u00e1 doba \u010dten\u00ed\" \/>\n\t<meta name=\"twitter:data1\" content=\"9 minut\" \/>\n<script type=\"application\/ld+json\" class=\"yoast-schema-graph\">{\"@context\":\"https:\\\/\\\/schema.org\",\"@graph\":[{\"@type\":\"WebPage\",\"@id\":\"https:\\\/\\\/absl.cz\\\/cs\\\/news\\\/najimame-noveho-zamestnance-absl-koordinator-udalosti-a-komunity\\\/\",\"url\":\"https:\\\/\\\/absl.cz\\\/cs\\\/news\\\/najimame-noveho-zamestnance-absl-koordinator-udalosti-a-komunity\\\/\",\"name\":\"Naj\u00edm\u00e1me nov\u00e9ho zam\u011bstnance ABSL: Koordin\u00e1tor ud\u00e1lost\u00ed a komunity - absl\",\"isPartOf\":{\"@id\":\"https:\\\/\\\/absl.cz\\\/cs\\\/#website\"},\"primaryImageOfPage\":{\"@id\":\"https:\\\/\\\/absl.cz\\\/cs\\\/news\\\/najimame-noveho-zamestnance-absl-koordinator-udalosti-a-komunity\\\/#primaryimage\"},\"image\":{\"@id\":\"https:\\\/\\\/absl.cz\\\/cs\\\/news\\\/najimame-noveho-zamestnance-absl-koordinator-udalosti-a-komunity\\\/#primaryimage\"},\"thumbnailUrl\":\"https:\\\/\\\/absl.cz\\\/wp-content\\\/uploads\\\/2023\\\/11\\\/ABSL_CONFERENCE_2023_foto-Day-2-Stepan-Plucar-827_mid-size.jpg\",\"datePublished\":\"2023-11-29T13:42:03+00:00\",\"dateModified\":\"2023-11-29T13:51:43+00:00\",\"breadcrumb\":{\"@id\":\"https:\\\/\\\/absl.cz\\\/cs\\\/news\\\/najimame-noveho-zamestnance-absl-koordinator-udalosti-a-komunity\\\/#breadcrumb\"},\"inLanguage\":\"cs\",\"potentialAction\":[{\"@type\":\"ReadAction\",\"target\":[\"https:\\\/\\\/absl.cz\\\/cs\\\/news\\\/najimame-noveho-zamestnance-absl-koordinator-udalosti-a-komunity\\\/\"]}]},{\"@type\":\"ImageObject\",\"inLanguage\":\"cs\",\"@id\":\"https:\\\/\\\/absl.cz\\\/cs\\\/news\\\/najimame-noveho-zamestnance-absl-koordinator-udalosti-a-komunity\\\/#primaryimage\",\"url\":\"https:\\\/\\\/absl.cz\\\/wp-content\\\/uploads\\\/2023\\\/11\\\/ABSL_CONFERENCE_2023_foto-Day-2-Stepan-Plucar-827_mid-size.jpg\",\"contentUrl\":\"https:\\\/\\\/absl.cz\\\/wp-content\\\/uploads\\\/2023\\\/11\\\/ABSL_CONFERENCE_2023_foto-Day-2-Stepan-Plucar-827_mid-size.jpg\",\"width\":1620,\"height\":1080},{\"@type\":\"BreadcrumbList\",\"@id\":\"https:\\\/\\\/absl.cz\\\/cs\\\/news\\\/najimame-noveho-zamestnance-absl-koordinator-udalosti-a-komunity\\\/#breadcrumb\",\"itemListElement\":[{\"@type\":\"ListItem\",\"position\":1,\"name\":\"Portfolio\",\"item\":\"https:\\\/\\\/absl.cz\\\/portfolio-items\\\/\"},{\"@type\":\"ListItem\",\"position\":2,\"name\":\"Naj\u00edm\u00e1me nov\u00e9ho zam\u011bstnance ABSL: Koordin\u00e1tor ud\u00e1lost\u00ed a komunity\"}]},{\"@type\":\"WebSite\",\"@id\":\"https:\\\/\\\/absl.cz\\\/cs\\\/#website\",\"url\":\"https:\\\/\\\/absl.cz\\\/cs\\\/\",\"name\":\"absl\",\"description\":\"\",\"potentialAction\":[{\"@type\":\"SearchAction\",\"target\":{\"@type\":\"EntryPoint\",\"urlTemplate\":\"https:\\\/\\\/absl.cz\\\/cs\\\/?s={search_term_string}\"},\"query-input\":{\"@type\":\"PropertyValueSpecification\",\"valueRequired\":true,\"valueName\":\"search_term_string\"}}],\"inLanguage\":\"cs\"}]}<\/script>\n<!-- \/ Yoast SEO plugin. -->","yoast_head_json":{"title":"Naj\u00edm\u00e1me nov\u00e9ho zam\u011bstnance ABSL: Koordin\u00e1tor ud\u00e1lost\u00ed a komunity - absl","robots":{"index":"index","follow":"follow","max-snippet":"max-snippet:-1","max-image-preview":"max-image-preview:large","max-video-preview":"max-video-preview:-1"},"canonical":"https:\/\/absl.cz\/cs\/news\/najimame-noveho-zamestnance-absl-koordinator-udalosti-a-komunity\/","og_locale":"cs_CZ","og_type":"article","og_title":"Naj\u00edm\u00e1me nov\u00e9ho zam\u011bstnance ABSL: Koordin\u00e1tor ud\u00e1lost\u00ed a komunity - absl","og_url":"https:\/\/absl.cz\/cs\/news\/najimame-noveho-zamestnance-absl-koordinator-udalosti-a-komunity\/","og_site_name":"absl","article_modified_time":"2023-11-29T13:51:43+00:00","og_image":[{"width":1620,"height":1080,"url":"https:\/\/absl.cz\/wp-content\/uploads\/2023\/11\/ABSL_CONFERENCE_2023_foto-Day-2-Stepan-Plucar-827_mid-size.jpg","type":"image\/jpeg"}],"twitter_card":"summary_large_image","twitter_misc":{"Odhadovan\u00e1 doba \u010dten\u00ed":"9 minut"},"schema":{"@context":"https:\/\/schema.org","@graph":[{"@type":"WebPage","@id":"https:\/\/absl.cz\/cs\/news\/najimame-noveho-zamestnance-absl-koordinator-udalosti-a-komunity\/","url":"https:\/\/absl.cz\/cs\/news\/najimame-noveho-zamestnance-absl-koordinator-udalosti-a-komunity\/","name":"Naj\u00edm\u00e1me nov\u00e9ho zam\u011bstnance ABSL: Koordin\u00e1tor ud\u00e1lost\u00ed a komunity - absl","isPartOf":{"@id":"https:\/\/absl.cz\/cs\/#website"},"primaryImageOfPage":{"@id":"https:\/\/absl.cz\/cs\/news\/najimame-noveho-zamestnance-absl-koordinator-udalosti-a-komunity\/#primaryimage"},"image":{"@id":"https:\/\/absl.cz\/cs\/news\/najimame-noveho-zamestnance-absl-koordinator-udalosti-a-komunity\/#primaryimage"},"thumbnailUrl":"https:\/\/absl.cz\/wp-content\/uploads\/2023\/11\/ABSL_CONFERENCE_2023_foto-Day-2-Stepan-Plucar-827_mid-size.jpg","datePublished":"2023-11-29T13:42:03+00:00","dateModified":"2023-11-29T13:51:43+00:00","breadcrumb":{"@id":"https:\/\/absl.cz\/cs\/news\/najimame-noveho-zamestnance-absl-koordinator-udalosti-a-komunity\/#breadcrumb"},"inLanguage":"cs","potentialAction":[{"@type":"ReadAction","target":["https:\/\/absl.cz\/cs\/news\/najimame-noveho-zamestnance-absl-koordinator-udalosti-a-komunity\/"]}]},{"@type":"ImageObject","inLanguage":"cs","@id":"https:\/\/absl.cz\/cs\/news\/najimame-noveho-zamestnance-absl-koordinator-udalosti-a-komunity\/#primaryimage","url":"https:\/\/absl.cz\/wp-content\/uploads\/2023\/11\/ABSL_CONFERENCE_2023_foto-Day-2-Stepan-Plucar-827_mid-size.jpg","contentUrl":"https:\/\/absl.cz\/wp-content\/uploads\/2023\/11\/ABSL_CONFERENCE_2023_foto-Day-2-Stepan-Plucar-827_mid-size.jpg","width":1620,"height":1080},{"@type":"BreadcrumbList","@id":"https:\/\/absl.cz\/cs\/news\/najimame-noveho-zamestnance-absl-koordinator-udalosti-a-komunity\/#breadcrumb","itemListElement":[{"@type":"ListItem","position":1,"name":"Portfolio","item":"https:\/\/absl.cz\/portfolio-items\/"},{"@type":"ListItem","position":2,"name":"Naj\u00edm\u00e1me nov\u00e9ho zam\u011bstnance ABSL: Koordin\u00e1tor ud\u00e1lost\u00ed a komunity"}]},{"@type":"WebSite","@id":"https:\/\/absl.cz\/cs\/#website","url":"https:\/\/absl.cz\/cs\/","name":"absl","description":"","potentialAction":[{"@type":"SearchAction","target":{"@type":"EntryPoint","urlTemplate":"https:\/\/absl.cz\/cs\/?s={search_term_string}"},"query-input":{"@type":"PropertyValueSpecification","valueRequired":true,"valueName":"search_term_string"}}],"inLanguage":"cs"}]}},"_links":{"self":[{"href":"https:\/\/absl.cz\/cs\/wp-json\/wp\/v2\/avada_portfolio\/7534","targetHints":{"allow":["GET"]}}],"collection":[{"href":"https:\/\/absl.cz\/cs\/wp-json\/wp\/v2\/avada_portfolio"}],"about":[{"href":"https:\/\/absl.cz\/cs\/wp-json\/wp\/v2\/types\/avada_portfolio"}],"author":[{"embeddable":true,"href":"https:\/\/absl.cz\/cs\/wp-json\/wp\/v2\/users\/6"}],"replies":[{"embeddable":true,"href":"https:\/\/absl.cz\/cs\/wp-json\/wp\/v2\/comments?post=7534"}],"version-history":[{"count":1,"href":"https:\/\/absl.cz\/cs\/wp-json\/wp\/v2\/avada_portfolio\/7534\/revisions"}],"predecessor-version":[{"id":7535,"href":"https:\/\/absl.cz\/cs\/wp-json\/wp\/v2\/avada_portfolio\/7534\/revisions\/7535"}],"wp:featuredmedia":[{"embeddable":true,"href":"https:\/\/absl.cz\/cs\/wp-json\/wp\/v2\/media\/7533"}],"wp:attachment":[{"href":"https:\/\/absl.cz\/cs\/wp-json\/wp\/v2\/media?parent=7534"}],"wp:term":[{"taxonomy":"portfolio_category","embeddable":true,"href":"https:\/\/absl.cz\/cs\/wp-json\/wp\/v2\/portfolio_category?post=7534"},{"taxonomy":"portfolio_skills","embeddable":true,"href":"https:\/\/absl.cz\/cs\/wp-json\/wp\/v2\/portfolio_skills?post=7534"},{"taxonomy":"portfolio_tags","embeddable":true,"href":"https:\/\/absl.cz\/cs\/wp-json\/wp\/v2\/portfolio_tags?post=7534"}],"curies":[{"name":"wp","href":"https:\/\/api.w.org\/{rel}","templated":true}]}}