{"id":7924,"date":"2023-12-18T11:06:27","date_gmt":"2023-12-18T10:06:27","guid":{"rendered":"https:\/\/absl.cz\/?post_type=avada_portfolio&#038;p=7924"},"modified":"2024-02-01T11:14:38","modified_gmt":"2024-02-01T10:14:38","slug":"prinos-podnikovych-a-it-sluzeb-pro-cr-se-blizi-k-20-miliardam-euro-rocne","status":"publish","type":"avada_portfolio","link":"https:\/\/absl.cz\/cs\/news\/prinos-podnikovych-a-it-sluzeb-pro-cr-se-blizi-k-20-miliardam-euro-rocne\/","title":{"rendered":"P\u0159\u00ednos podnikov\u00fdch a IT slu\u017eeb pro \u010cR se bl\u00ed\u017e\u00ed k 20 miliard\u00e1m euro ro\u010dn\u011b"},"content":{"rendered":"<div class=\"fusion-fullwidth fullwidth-box fusion-builder-row-1 fusion-flex-container has-pattern-background has-mask-background nonhundred-percent-fullwidth non-hundred-percent-height-scrolling\" style=\"--awb-border-radius-top-left:0px;--awb-border-radius-top-right:0px;--awb-border-radius-bottom-right:0px;--awb-border-radius-bottom-left:0px;--awb-flex-wrap:wrap;\" ><div class=\"fusion-builder-row fusion-row fusion-flex-align-items-flex-start fusion-flex-content-wrap\" style=\"max-width:1123.2px;margin-left: calc(-4% \/ 2 );margin-right: calc(-4% \/ 2 );\"><div class=\"fusion-layout-column fusion_builder_column fusion-builder-column-0 fusion_builder_column_1_1 1_1 fusion-flex-column\" style=\"--awb-bg-size:cover;--awb-width-large:100%;--awb-margin-top-large:0px;--awb-spacing-right-large:1.92%;--awb-margin-bottom-large:20px;--awb-spacing-left-large:1.92%;--awb-width-medium:100%;--awb-order-medium:0;--awb-spacing-right-medium:1.92%;--awb-spacing-left-medium:1.92%;--awb-width-small:100%;--awb-order-small:0;--awb-spacing-right-small:1.92%;--awb-spacing-left-small:1.92%;\"><div class=\"fusion-column-wrapper fusion-column-has-shadow fusion-flex-justify-content-flex-start fusion-content-layout-column\"><div class=\"fusion-text fusion-text-1\"><p class=\"perex\">Mezin\u00e1rodn\u00ed pr\u016fzkum mezd agentury Grafton Recruitment uk\u00e1zal, \u017ee i navzdory klesaj\u00edc\u00ed n\u00e1kladov\u00e9 efektivit\u011b z\u016fst\u00e1v\u00e1 \u010cesk\u00e1 republika v podnikov\u00fdch a IT slu\u017eb\u00e1ch premiantem. Do konce roku zde bude v tomto oboru pracovat ji\u017e 175 000 zam\u011bstnanc\u016f, \u010d\u00edm\u017e se \u010cR stane zem\u00ed s nejv\u011bt\u0161\u00edm pod\u00edlem pracovn\u00edk\u016f podnikov\u00fdch slu\u017eeb na celkov\u00e9m po\u010dtu obyvatel. Od jednoduch\u00fdch sd\u00edlen\u00fdch slu\u017eeb se obor posouv\u00e1 ke kvalifikovan\u00fdm glob\u00e1ln\u00edm digit\u00e1ln\u00edm slu\u017eb\u00e1m. Dle odhad\u016f oborov\u00e9 asociace ABSL se jeho p\u0159\u00ednos \u010desk\u00e9 ekonomice bl\u00ed\u017e\u00ed ji\u017e ke 20 miliard\u00e1m euro za rok.<\/p>\n<p class=\"m26artc\">Sektor podnikov\u00fdch slu\u017eeb se v uplynul\u00fdch letech stal z\u00e1kladn\u00edm kamenem glob\u00e1ln\u00edho hospod\u00e1\u0159sk\u00e9ho r\u016fstu a d\u016fle\u017eit\u00fdm zdrojem pracovn\u00edch p\u0159\u00edle\u017eitost\u00ed v mnoha zem\u00edch sv\u011bta v\u010detn\u011b \u010cesk\u00e9 republiky. Zat\u00edmco st\u0159edn\u00ed a v\u00fdchodn\u00ed Evropa se stala d\u00edky dob\u0159e vzd\u011blan\u00e9 pracovn\u00ed s\u00edle, konkurenceschopn\u00fdm n\u00e1klad\u016fm a strategick\u00e9 poloze v r\u00e1mci Evropsk\u00e9 unie preferovanou destinac\u00ed pro intern\u00ed centra podnikov\u00fdch slu\u017eeb (SSC) a v\u00fdzkumn\u00e1 a v\u00fdvojov\u00e1 centra (R&amp;D), Indie a Filip\u00edny, stejn\u011b jako zem\u011b latinsk\u00e9 Ameriky, zejm\u00e9na Braz\u00edlie, Mexiko a Kolumbie, p\u0159edstavuj\u00ed d\u016fle\u017eit\u00e9 sv\u011btov\u00e9 destinace pro outsourcing podnikov\u00fdch proces\u016f (BPO) a outsourcing informa\u010dn\u00edch technologi\u00ed (ITO), co\u017e umo\u017e\u0148uje zejm\u00e9na rozs\u00e1hl\u00e1, kvalifikovan\u00e1 a n\u00e1kladov\u011b efektivn\u00ed pracovn\u00ed s\u00edla s dobrou znalost\u00ed angli\u010dtiny. Severn\u00ed Amerika se naproti tomu stala centrem \u0161pi\u010dkov\u00fdch technologi\u00ed a v\u00fdzkumu a v\u00fdvoje, co\u017e je d\u00e1no p\u0159\u00edtomnost\u00ed p\u0159edn\u00edch technologick\u00fdch spole\u010dnost\u00ed, p\u0159\u00edstupem ke \u0161pi\u010dkov\u00fdm talent\u016fm a silnou vl\u00e1dn\u00ed podporou inovac\u00ed.<\/p>\n<h2>\u010cesk\u00e1 republika jako premiant<\/h2>\n<blockquote>\n<p class=\"m26artc\">\u201eZ pr\u016fzkumu, do kter\u00e9ho bylo zapojeno 15 zem\u00ed, vypl\u00fdv\u00e1, \u017ee \u010cesk\u00e1 republika se m\u016f\u017ee v r\u00e1mci sledovan\u00fdch zem\u00ed py\u0161nit nejedn\u00edm prvenstv\u00edm. Nap\u0159\u00edklad nejv\u011bt\u0161\u00ed hustotou zam\u011bstnanc\u016f podnikov\u00fdch slu\u017eeb. Zat\u00edmco nap\u0159\u00edklad v sousedn\u00edm Polsku \u010din\u00ed pod\u00edl zam\u011bstnanc\u016f oboru na celkov\u00e9m po\u010dtu obyvatel zem\u011b 1 % a v Rumunsku dokonce je\u0161t\u011b m\u00e9n\u011b, v \u010cesk\u00e9 republice se bl\u00ed\u017e\u00edme ji\u017e ke 2 %, a to i navzdory tomu, \u017ee zde m\u00e1me jedno z nejvy\u0161\u0161\u00edch zdan\u011bn\u00ed pr\u00e1ce a zdaleka ji\u017e neplat\u00edme za levnou lokalitu,\u201c<\/p>\n<\/blockquote>\n<p class=\"m26artc\">vysv\u011btluje Martin Malo, \u0159editel Grafton Recruitment, s t\u00edm, \u017ee vy\u0161\u0161\u00ed n\u00e1klady zde investor\u016fm nahrazuje vysok\u00e1 kvalita, kterou v \u010cesk\u00e9 republice na\u0161li.<\/p>\n<p class=\"m26artc\">Dal\u0161\u00ed prvenstv\u00ed \u010cR se t\u00fdk\u00e1 i \u00farovn\u011b mezd. Ve srovn\u00e1n\u00ed s pr\u016fm\u011brnou mzdou v jednotliv\u00fdch zem\u00edch je v \u010cR nejv\u011bt\u0161\u00ed rozd\u00edl mezi pr\u016fm\u011brnou mzdou \u010cR jako celku a pr\u016fm\u011brnou mzdou na nemana\u017eersk\u00fdch pozic\u00edch v oboru podnikov\u00fdch slu\u017eeb. Tento rozd\u00edl \u010din\u00ed pln\u00fdch 895 euro a ukazuje, jak atraktivn\u00ed zam\u011bstn\u00e1n\u00ed obor kvalifikovan\u00fdm \u010cech\u016fm a expat\u016fm nab\u00edz\u00ed. Pro srovn\u00e1n\u00ed, v Polsku \u010din\u00ed tento rozd\u00edl 712 euro, v Portugalsku 701 euro, ve Velk\u00e9 Brit\u00e1nii 657 euro, v Rumunsku 466 euro a ve \u0160pan\u011blsku dokonce jen 144 euro. Je to d\u00e1no i \u00farovn\u00ed mzdy, kter\u00e1 v \u010cR na nemana\u017eersk\u00fdch postech \u010din\u00ed v pr\u016fm\u011bru 2648 euro a je vy\u0161\u0161\u00ed ne\u017e ve v\u011bt\u0161in\u011b sledovan\u00fdch zem\u00ed. Vy\u0161\u0161\u00ed mzdy pr\u016fzkum zaregistroval jen ve Velk\u00e9 Brit\u00e1nii a v \u010c\u00edn\u011b.<\/p>\n<h2>Digit\u00e1ln\u00ed transformace a ESG<\/h2>\n<p class=\"m26artc\">Ve v\u0161ech sledovan\u00fdch zem\u00edch obor o\u010dek\u00e1v\u00e1 dal\u0161\u00ed r\u016fst. Asi nejsiln\u011bji aktu\u00e1ln\u011b roste ve \u0160pan\u011blsku, Portugalsku a Indii, \u010cesk\u00e1 republika ov\u0161em jejich tempu slu\u0161n\u011b konkuruje. Dle oborov\u00e9 asociace ABSL v \u010cesk\u00e9 republice chyst\u00e1 expanzi a r\u016fst 59 % center a do roku 2025 by m\u011bl obor zam\u011bstn\u00e1vat pln\u00fdch 200 000 lid\u00ed.<\/p>\n<blockquote>\n<p class=\"m26artc\">\u201eAby \u010cesk\u00e1 republika mohla d\u00e1le st\u00e1t mezi premianty, pot\u0159ebuje pru\u017en\u011bj\u0161\u00ed programy ekonomick\u00e9 migrace, podobn\u011b jako zavedli nap\u0159\u00edklad v Polsku, a tak\u00e9 v\u011bt\u0161\u00ed podporu sektoru ze strany st\u00e1tu. A\u0165 u\u017e jako nap\u0159\u00edklad v Ma\u010farsku v podob\u011b incentiv\u016f pro nov\u011b p\u0159\u00edchoz\u00ed investory nebo naslouch\u00e1n\u00edm pot\u0159eb oboru, kter\u00fd m\u011bn\u00ed \u010ceskou republiku ze zem\u011b levn\u00e9 pr\u00e1ce na zemi slu\u017eeb s vysokou p\u0159idanou hodnotou,\u201c<\/p>\n<\/blockquote>\n<p class=\"m26artc\">komentuje Martina Malo. V\u00fdznamn\u00fdmi trendy oboru pak dle n\u011bj jsou zejm\u00e9na digit\u00e1ln\u00ed transformace umo\u017e\u0148uj\u00edc\u00ed orientaci na v\u00edce kvalifikovan\u00e9 digit\u00e1ln\u00ed slu\u017eby v glob\u00e1ln\u00edm m\u011b\u0159\u00edtku, hybridn\u00ed pr\u00e1ce, d\u00edky n\u00ed\u017e je mo\u017en\u00e9 zam\u011bstn\u00e1vat talenty i mimo s\u00eddla spole\u010dnost\u00ed, a z\u00edskat tak p\u0159\u00edstup k daleko \u0161ir\u0161\u00ed skupin\u011b z\u00e1jemc\u016f o pr\u00e1ci, a rostouc\u00ed d\u016fraz na ESG a souvisej\u00edc\u00ed z\u00e1vazky a regula\u010dn\u00ed po\u017eadavky.<\/p>\n<\/div><div ><a class=\"fusion-button button-flat fusion-button-default-size button-default fusion-button-default button-1 fusion-button-default-span fusion-button-default-type\" target=\"_self\" href=\"https:\/\/www.businessit.cz\/cz1\/prinos-podnikovych-a-it-sluzeb-pro-cr-se-blizi-k-20-miliardam-euro-rocne.php\"><span class=\"fusion-button-text\">Origin\u00e1ln\u00ed \u010cl\u00e1nek<\/span><\/a><\/div><\/div><\/div><\/div><\/div>\n","protected":false},"excerpt":{"rendered":"","protected":false},"author":6,"featured_media":7420,"menu_order":0,"comment_status":"open","ping_status":"closed","template":"","format":"standard","meta":{"_acf_changed":false,"footnotes":""},"portfolio_category":[35],"portfolio_skills":[],"portfolio_tags":[],"class_list":["post-7924","avada_portfolio","type-avada_portfolio","status-publish","format-standard","has-post-thumbnail","hentry","portfolio_category-absl-v-mediich"],"acf":[],"yoast_head":"<!-- This site is optimized with the Yoast SEO plugin v27.4 - https:\/\/yoast.com\/product\/yoast-seo-wordpress\/ -->\n<title>P\u0159\u00ednos podnikov\u00fdch a IT slu\u017eeb pro \u010cR se bl\u00ed\u017e\u00ed k 20 miliard\u00e1m euro ro\u010dn\u011b - absl<\/title>\n<meta name=\"robots\" content=\"index, follow, max-snippet:-1, max-image-preview:large, max-video-preview:-1\" \/>\n<link rel=\"canonical\" href=\"https:\/\/absl.cz\/cs\/news\/prinos-podnikovych-a-it-sluzeb-pro-cr-se-blizi-k-20-miliardam-euro-rocne\/\" \/>\n<meta property=\"og:locale\" content=\"cs_CZ\" \/>\n<meta property=\"og:type\" content=\"article\" \/>\n<meta property=\"og:title\" content=\"P\u0159\u00ednos podnikov\u00fdch a IT slu\u017eeb pro \u010cR se bl\u00ed\u017e\u00ed k 20 miliard\u00e1m euro ro\u010dn\u011b - absl\" \/>\n<meta property=\"og:url\" content=\"https:\/\/absl.cz\/cs\/news\/prinos-podnikovych-a-it-sluzeb-pro-cr-se-blizi-k-20-miliardam-euro-rocne\/\" \/>\n<meta property=\"og:site_name\" content=\"absl\" \/>\n<meta property=\"article:modified_time\" content=\"2024-02-01T10:14:38+00:00\" \/>\n<meta property=\"og:image\" content=\"https:\/\/absl.cz\/wp-content\/uploads\/2023\/11\/ABSL_CONFERENCE_2023_foto-Day-1-Stepan-Plucar-427_mid-size.jpg\" \/>\n\t<meta property=\"og:image:width\" content=\"1620\" \/>\n\t<meta property=\"og:image:height\" content=\"1080\" \/>\n\t<meta property=\"og:image:type\" content=\"image\/jpeg\" \/>\n<meta name=\"twitter:card\" content=\"summary_large_image\" \/>\n<meta name=\"twitter:label1\" content=\"Odhadovan\u00e1 doba \u010dten\u00ed\" \/>\n\t<meta name=\"twitter:data1\" content=\"3 minuty\" \/>\n<script type=\"application\/ld+json\" class=\"yoast-schema-graph\">{\"@context\":\"https:\\\/\\\/schema.org\",\"@graph\":[{\"@type\":\"WebPage\",\"@id\":\"https:\\\/\\\/absl.cz\\\/cs\\\/news\\\/prinos-podnikovych-a-it-sluzeb-pro-cr-se-blizi-k-20-miliardam-euro-rocne\\\/\",\"url\":\"https:\\\/\\\/absl.cz\\\/cs\\\/news\\\/prinos-podnikovych-a-it-sluzeb-pro-cr-se-blizi-k-20-miliardam-euro-rocne\\\/\",\"name\":\"P\u0159\u00ednos podnikov\u00fdch a IT slu\u017eeb pro \u010cR se bl\u00ed\u017e\u00ed k 20 miliard\u00e1m euro ro\u010dn\u011b - absl\",\"isPartOf\":{\"@id\":\"https:\\\/\\\/absl.cz\\\/cs\\\/#website\"},\"primaryImageOfPage\":{\"@id\":\"https:\\\/\\\/absl.cz\\\/cs\\\/news\\\/prinos-podnikovych-a-it-sluzeb-pro-cr-se-blizi-k-20-miliardam-euro-rocne\\\/#primaryimage\"},\"image\":{\"@id\":\"https:\\\/\\\/absl.cz\\\/cs\\\/news\\\/prinos-podnikovych-a-it-sluzeb-pro-cr-se-blizi-k-20-miliardam-euro-rocne\\\/#primaryimage\"},\"thumbnailUrl\":\"https:\\\/\\\/absl.cz\\\/wp-content\\\/uploads\\\/2023\\\/11\\\/ABSL_CONFERENCE_2023_foto-Day-1-Stepan-Plucar-427_mid-size.jpg\",\"datePublished\":\"2023-12-18T10:06:27+00:00\",\"dateModified\":\"2024-02-01T10:14:38+00:00\",\"breadcrumb\":{\"@id\":\"https:\\\/\\\/absl.cz\\\/cs\\\/news\\\/prinos-podnikovych-a-it-sluzeb-pro-cr-se-blizi-k-20-miliardam-euro-rocne\\\/#breadcrumb\"},\"inLanguage\":\"cs\",\"potentialAction\":[{\"@type\":\"ReadAction\",\"target\":[\"https:\\\/\\\/absl.cz\\\/cs\\\/news\\\/prinos-podnikovych-a-it-sluzeb-pro-cr-se-blizi-k-20-miliardam-euro-rocne\\\/\"]}]},{\"@type\":\"ImageObject\",\"inLanguage\":\"cs\",\"@id\":\"https:\\\/\\\/absl.cz\\\/cs\\\/news\\\/prinos-podnikovych-a-it-sluzeb-pro-cr-se-blizi-k-20-miliardam-euro-rocne\\\/#primaryimage\",\"url\":\"https:\\\/\\\/absl.cz\\\/wp-content\\\/uploads\\\/2023\\\/11\\\/ABSL_CONFERENCE_2023_foto-Day-1-Stepan-Plucar-427_mid-size.jpg\",\"contentUrl\":\"https:\\\/\\\/absl.cz\\\/wp-content\\\/uploads\\\/2023\\\/11\\\/ABSL_CONFERENCE_2023_foto-Day-1-Stepan-Plucar-427_mid-size.jpg\",\"width\":1620,\"height\":1080},{\"@type\":\"BreadcrumbList\",\"@id\":\"https:\\\/\\\/absl.cz\\\/cs\\\/news\\\/prinos-podnikovych-a-it-sluzeb-pro-cr-se-blizi-k-20-miliardam-euro-rocne\\\/#breadcrumb\",\"itemListElement\":[{\"@type\":\"ListItem\",\"position\":1,\"name\":\"Portfolio\",\"item\":\"https:\\\/\\\/absl.cz\\\/portfolio-items\\\/\"},{\"@type\":\"ListItem\",\"position\":2,\"name\":\"P\u0159\u00ednos podnikov\u00fdch a IT slu\u017eeb pro \u010cR se bl\u00ed\u017e\u00ed k 20 miliard\u00e1m euro ro\u010dn\u011b\"}]},{\"@type\":\"WebSite\",\"@id\":\"https:\\\/\\\/absl.cz\\\/cs\\\/#website\",\"url\":\"https:\\\/\\\/absl.cz\\\/cs\\\/\",\"name\":\"absl\",\"description\":\"\",\"potentialAction\":[{\"@type\":\"SearchAction\",\"target\":{\"@type\":\"EntryPoint\",\"urlTemplate\":\"https:\\\/\\\/absl.cz\\\/cs\\\/?s={search_term_string}\"},\"query-input\":{\"@type\":\"PropertyValueSpecification\",\"valueRequired\":true,\"valueName\":\"search_term_string\"}}],\"inLanguage\":\"cs\"}]}<\/script>\n<!-- \/ Yoast SEO plugin. -->","yoast_head_json":{"title":"P\u0159\u00ednos podnikov\u00fdch a IT slu\u017eeb pro \u010cR se bl\u00ed\u017e\u00ed k 20 miliard\u00e1m euro ro\u010dn\u011b - absl","robots":{"index":"index","follow":"follow","max-snippet":"max-snippet:-1","max-image-preview":"max-image-preview:large","max-video-preview":"max-video-preview:-1"},"canonical":"https:\/\/absl.cz\/cs\/news\/prinos-podnikovych-a-it-sluzeb-pro-cr-se-blizi-k-20-miliardam-euro-rocne\/","og_locale":"cs_CZ","og_type":"article","og_title":"P\u0159\u00ednos podnikov\u00fdch a IT slu\u017eeb pro \u010cR se bl\u00ed\u017e\u00ed k 20 miliard\u00e1m euro ro\u010dn\u011b - absl","og_url":"https:\/\/absl.cz\/cs\/news\/prinos-podnikovych-a-it-sluzeb-pro-cr-se-blizi-k-20-miliardam-euro-rocne\/","og_site_name":"absl","article_modified_time":"2024-02-01T10:14:38+00:00","og_image":[{"width":1620,"height":1080,"url":"https:\/\/absl.cz\/wp-content\/uploads\/2023\/11\/ABSL_CONFERENCE_2023_foto-Day-1-Stepan-Plucar-427_mid-size.jpg","type":"image\/jpeg"}],"twitter_card":"summary_large_image","twitter_misc":{"Odhadovan\u00e1 doba \u010dten\u00ed":"3 minuty"},"schema":{"@context":"https:\/\/schema.org","@graph":[{"@type":"WebPage","@id":"https:\/\/absl.cz\/cs\/news\/prinos-podnikovych-a-it-sluzeb-pro-cr-se-blizi-k-20-miliardam-euro-rocne\/","url":"https:\/\/absl.cz\/cs\/news\/prinos-podnikovych-a-it-sluzeb-pro-cr-se-blizi-k-20-miliardam-euro-rocne\/","name":"P\u0159\u00ednos podnikov\u00fdch a IT slu\u017eeb pro \u010cR se bl\u00ed\u017e\u00ed k 20 miliard\u00e1m euro ro\u010dn\u011b - absl","isPartOf":{"@id":"https:\/\/absl.cz\/cs\/#website"},"primaryImageOfPage":{"@id":"https:\/\/absl.cz\/cs\/news\/prinos-podnikovych-a-it-sluzeb-pro-cr-se-blizi-k-20-miliardam-euro-rocne\/#primaryimage"},"image":{"@id":"https:\/\/absl.cz\/cs\/news\/prinos-podnikovych-a-it-sluzeb-pro-cr-se-blizi-k-20-miliardam-euro-rocne\/#primaryimage"},"thumbnailUrl":"https:\/\/absl.cz\/wp-content\/uploads\/2023\/11\/ABSL_CONFERENCE_2023_foto-Day-1-Stepan-Plucar-427_mid-size.jpg","datePublished":"2023-12-18T10:06:27+00:00","dateModified":"2024-02-01T10:14:38+00:00","breadcrumb":{"@id":"https:\/\/absl.cz\/cs\/news\/prinos-podnikovych-a-it-sluzeb-pro-cr-se-blizi-k-20-miliardam-euro-rocne\/#breadcrumb"},"inLanguage":"cs","potentialAction":[{"@type":"ReadAction","target":["https:\/\/absl.cz\/cs\/news\/prinos-podnikovych-a-it-sluzeb-pro-cr-se-blizi-k-20-miliardam-euro-rocne\/"]}]},{"@type":"ImageObject","inLanguage":"cs","@id":"https:\/\/absl.cz\/cs\/news\/prinos-podnikovych-a-it-sluzeb-pro-cr-se-blizi-k-20-miliardam-euro-rocne\/#primaryimage","url":"https:\/\/absl.cz\/wp-content\/uploads\/2023\/11\/ABSL_CONFERENCE_2023_foto-Day-1-Stepan-Plucar-427_mid-size.jpg","contentUrl":"https:\/\/absl.cz\/wp-content\/uploads\/2023\/11\/ABSL_CONFERENCE_2023_foto-Day-1-Stepan-Plucar-427_mid-size.jpg","width":1620,"height":1080},{"@type":"BreadcrumbList","@id":"https:\/\/absl.cz\/cs\/news\/prinos-podnikovych-a-it-sluzeb-pro-cr-se-blizi-k-20-miliardam-euro-rocne\/#breadcrumb","itemListElement":[{"@type":"ListItem","position":1,"name":"Portfolio","item":"https:\/\/absl.cz\/portfolio-items\/"},{"@type":"ListItem","position":2,"name":"P\u0159\u00ednos podnikov\u00fdch a IT slu\u017eeb pro \u010cR se bl\u00ed\u017e\u00ed k 20 miliard\u00e1m euro ro\u010dn\u011b"}]},{"@type":"WebSite","@id":"https:\/\/absl.cz\/cs\/#website","url":"https:\/\/absl.cz\/cs\/","name":"absl","description":"","potentialAction":[{"@type":"SearchAction","target":{"@type":"EntryPoint","urlTemplate":"https:\/\/absl.cz\/cs\/?s={search_term_string}"},"query-input":{"@type":"PropertyValueSpecification","valueRequired":true,"valueName":"search_term_string"}}],"inLanguage":"cs"}]}},"_links":{"self":[{"href":"https:\/\/absl.cz\/cs\/wp-json\/wp\/v2\/avada_portfolio\/7924","targetHints":{"allow":["GET"]}}],"collection":[{"href":"https:\/\/absl.cz\/cs\/wp-json\/wp\/v2\/avada_portfolio"}],"about":[{"href":"https:\/\/absl.cz\/cs\/wp-json\/wp\/v2\/types\/avada_portfolio"}],"author":[{"embeddable":true,"href":"https:\/\/absl.cz\/cs\/wp-json\/wp\/v2\/users\/6"}],"replies":[{"embeddable":true,"href":"https:\/\/absl.cz\/cs\/wp-json\/wp\/v2\/comments?post=7924"}],"version-history":[{"count":3,"href":"https:\/\/absl.cz\/cs\/wp-json\/wp\/v2\/avada_portfolio\/7924\/revisions"}],"predecessor-version":[{"id":7930,"href":"https:\/\/absl.cz\/cs\/wp-json\/wp\/v2\/avada_portfolio\/7924\/revisions\/7930"}],"wp:featuredmedia":[{"embeddable":true,"href":"https:\/\/absl.cz\/cs\/wp-json\/wp\/v2\/media\/7420"}],"wp:attachment":[{"href":"https:\/\/absl.cz\/cs\/wp-json\/wp\/v2\/media?parent=7924"}],"wp:term":[{"taxonomy":"portfolio_category","embeddable":true,"href":"https:\/\/absl.cz\/cs\/wp-json\/wp\/v2\/portfolio_category?post=7924"},{"taxonomy":"portfolio_skills","embeddable":true,"href":"https:\/\/absl.cz\/cs\/wp-json\/wp\/v2\/portfolio_skills?post=7924"},{"taxonomy":"portfolio_tags","embeddable":true,"href":"https:\/\/absl.cz\/cs\/wp-json\/wp\/v2\/portfolio_tags?post=7924"}],"curies":[{"name":"wp","href":"https:\/\/api.w.org\/{rel}","templated":true}]}}