{"id":7931,"date":"2023-12-13T11:15:04","date_gmt":"2023-12-13T10:15:04","guid":{"rendered":"https:\/\/absl.cz\/?post_type=avada_portfolio&#038;p=7931"},"modified":"2024-02-01T11:21:54","modified_gmt":"2024-02-01T10:21:54","slug":"ekonomicky-prinos-podnikovych-a-it-sluzeb-stoupa-i-diky-zrychlene-adopci-technologii","status":"publish","type":"avada_portfolio","link":"https:\/\/absl.cz\/cs\/news\/ekonomicky-prinos-podnikovych-a-it-sluzeb-stoupa-i-diky-zrychlene-adopci-technologii\/","title":{"rendered":"Ekonomick\u00fd p\u0159\u00ednos podnikov\u00fdch a IT slu\u017eeb stoup\u00e1 i d\u00edky zrychlen\u00e9 adopci technologi\u00ed"},"content":{"rendered":"<div class=\"fusion-fullwidth fullwidth-box fusion-builder-row-1 fusion-flex-container has-pattern-background has-mask-background nonhundred-percent-fullwidth non-hundred-percent-height-scrolling\" style=\"--awb-border-radius-top-left:0px;--awb-border-radius-top-right:0px;--awb-border-radius-bottom-right:0px;--awb-border-radius-bottom-left:0px;--awb-flex-wrap:wrap;\" ><div class=\"fusion-builder-row fusion-row fusion-flex-align-items-flex-start fusion-flex-content-wrap\" style=\"max-width:1123.2px;margin-left: calc(-4% \/ 2 );margin-right: calc(-4% \/ 2 );\"><div class=\"fusion-layout-column fusion_builder_column fusion-builder-column-0 fusion_builder_column_1_1 1_1 fusion-flex-column\" style=\"--awb-bg-size:cover;--awb-width-large:100%;--awb-margin-top-large:0px;--awb-spacing-right-large:1.92%;--awb-margin-bottom-large:20px;--awb-spacing-left-large:1.92%;--awb-width-medium:100%;--awb-order-medium:0;--awb-spacing-right-medium:1.92%;--awb-spacing-left-medium:1.92%;--awb-width-small:100%;--awb-order-small:0;--awb-spacing-right-small:1.92%;--awb-spacing-left-small:1.92%;\"><div class=\"fusion-column-wrapper fusion-column-has-shadow fusion-flex-justify-content-flex-start fusion-content-layout-column\"><div class=\"fusion-text fusion-text-1\"><p class=\"perex\"><strong>Obor podnikov\u00fdch a IT slu\u017eeb i letos vzrostl o 10 tis\u00edc zam\u011bstnanc\u016f. Vzhledem k pl\u00e1n\u016fm expanze 59 % center oborov\u00e1 asociace ABSL o\u010dek\u00e1v\u00e1, \u017ee v roce 2025 dos\u00e1hne obor kulat\u00fdch 200 tis\u00edc zam\u011bstnanc\u016f. Nejrychleji rostouc\u00edmi oblastmi podnikov\u00fdch a IT slu\u017eeb byly letos slu\u017eby kybernetick\u00e9 a informa\u010dn\u00ed bezpe\u010dnosti, IT podpora a datov\u00e1 analytika. Vypl\u00fdv\u00e1 to z nejnov\u011bj\u0161\u00edho pr\u016fzkumu ABSL, kter\u00fd asociace prezentovala na sv\u00e9 10. v\u00fdro\u010dn\u00ed konferenci za\u010d\u00e1tkem listopadu v Brn\u011b.<\/strong><\/p>\n<blockquote>\n<p class=\"m26artc\">\u201eI navzdory vyprahlosti trhu pr\u00e1ce, kriz\u00edm, inflaci \u010di geopolitick\u00fdm ot\u0159es\u016fm n\u00e1\u0161 obor pokra\u010duje v rozmachu. Pova\u017eujeme to za velk\u00fd \u00fasp\u011bch, proto\u017ee za uplynul\u00fdch deset neprok\u00e1zal \u017e\u00e1dn\u00fd jin\u00fd obor \u010desk\u00e9 ekonomiky takovou odolnost a konzistentn\u00ed r\u016fst jako ten n\u00e1\u0161,\u201d<\/p>\n<\/blockquote>\n<p class=\"m26artc\">vysv\u011btluje Jonathan Appleton, \u0159editel oborov\u00e9 asociace ABSL, a dod\u00e1v\u00e1:<\/p>\n<blockquote>\n<p class=\"m26artc\">\u201eO\u010dek\u00e1v\u00e1me, \u017ee v p\u0159\u00ed\u0161t\u00edch dvou letech v oboru vznikne dal\u0161\u00edch 25 tis\u00edc pracovn\u00edch m\u00edst, a to nap\u0159\u00ed\u010d celou \u010cR, zejm\u00e9na v dynamick\u00fdch lokalit\u00e1ch, jako jsou Brno, Liberec, Hradec Kr\u00e1lov\u00e9 a \u010cesk\u00e9 Bud\u011bjovice. P\u016fjde o inovativn\u00ed, digit\u00e1ln\u00ed a glob\u00e1ln\u00ed pozice s vysokou p\u0159idanou hodnotou, kter\u00e9 p\u0159edstavuj\u00ed v\u00fdznamn\u00fd p\u0159\u00edsp\u011bvek k vizi zem\u011b jako digit\u00e1ln\u00edho a inovativn\u00edho l\u00eddra v glob\u00e1ln\u00edm podnik\u00e1n\u00ed.\u201d<\/p>\n<\/blockquote>\n<p class=\"m26artc\">V n\u00e1sleduj\u00edc\u00edm obdob\u00ed pl\u00e1nuje dle pr\u016fzkumu ABSL d\u00e1le expandovat a r\u016fst 59 % \u010desk\u00fdch center podnikov\u00fdch a IT slu\u017eeb. Aby firmy mohly nad\u00e1le roz\u0161i\u0159ovat sv\u016fj z\u00e1b\u011br a poskytovat sv\u00fdm mate\u0159sk\u00fdm spole\u010dnostem inova\u010dn\u00ed slu\u017eby a podporu v takov\u00e9 \u0161\u00ed\u0159i a kvalit\u011b, jak je od nich vy\u017eadov\u00e1no, musely kv\u016fli nedostatku lidsk\u00fdch zdroj\u016f, kter\u00fd mimo jin\u00e9 zp\u016fsobuj\u00ed i m\u00e1lo pru\u017en\u00e9 strategie ekonomick\u00e9 migrace, zintenzivnit adopci technologi\u00ed, kter\u00e9 umo\u017e\u0148uj\u00ed automatizovat a zjednodu\u0161ovat \u0159adu \u010dinnost\u00ed. V pr\u016fm\u011bru pak tyto technologie zastanou v ka\u017ed\u00e9m centru tolik pr\u00e1ce jako 53 lidsk\u00fdch pracovn\u00edk\u016f na pln\u00fd \u00favazek.<\/p>\n<blockquote>\n<p class=\"m26artc\">\u201eJsou to pr\u00e1v\u011b technologie jako robotick\u00e1 automatizace proces\u016f, um\u011bl\u00e1 inteligence, OCR \u010di n\u00e1stroje pro vizualizaci dat, kter\u00e9 umo\u017e\u0148uj\u00ed dal\u0161\u00ed r\u016fst z\u00e1b\u011bru center, stejn\u011b jako jejich produktivity a ekonomick\u00e9ho v\u00fdkonu. Dle na\u0161ich odhad\u016f ekonomice zem\u011b ro\u010dn\u011b p\u0159isp\u00edv\u00e1me \u010d\u00e1stkou p\u0159es 20 miliard usd,\u201c<\/p>\n<\/blockquote>\n<p class=\"m26artc\">dopl\u0148uje Jonathan Appleton. Rostouc\u00ed p\u0159\u00ednos \u010desk\u00e9 ekonomice pak vypl\u00fdv\u00e1 i ze st\u00e1le v\u011bt\u0161\u00ed kvalifikace pr\u00e1ce, kterou m\u00edstn\u00ed centra odv\u00e1d\u00ed. Dle aktu\u00e1ln\u00ed pr\u016fzkumu ABSL jsou nejrychleji rostouc\u00edmi oblastmi oboru slu\u017eby kybertnetick\u00e9 a informa\u010dn\u00ed bezpe\u010dnosti, IT podpora a datov\u00e1 analytika.<\/p>\n<p class=\"m26artc\">Krom\u011b vyprahl\u00e9ho trhu pr\u00e1ce mus\u00ed \u010desk\u00e1 centra \u010delit i rostouc\u00edm n\u00e1klad\u016fm, kter\u00e9 by mohly do budoucna ohrozit konkurenceschopnost \u010cesk\u00e9 republiky jako destinace pro zakl\u00e1d\u00e1n\u00ed a provoz center podnikov\u00fdch a IT slu\u017eeb. Dle OECD \u010d\u00edn\u00ed v \u010cR zdan\u011bn\u00ed pr\u00e1ce 39,82 %, v konkuren\u010dn\u00edm Polsku v\u0161ak jen 33,62 % a v Irsku, dal\u0161\u00ed zemi, kter\u00e1 je takt\u00e9\u017e dlouhodob\u011b v hled\u00e1\u010dku investor\u016f 34,72 %. Jedn\u00e1 se o procentn\u00ed vyj\u00e1d\u0159en\u00ed n\u00e1klad\u016f, kter\u00e9 odv\u00e1d\u00ed st\u00e1tu ka\u017ed\u00fd zam\u011bstnanec na dan\u00edch v\u010detn\u011b soci\u00e1ln\u00edho a zdravotn\u00edho poji\u0161t\u011bn\u00ed k celkov\u00fdm mzdov\u00fdm n\u00e1klad\u016fm ze strany zam\u011bstnavatele.<\/p>\n<blockquote>\n<p class=\"m26artc\">\u201eAby m\u00edstn\u00ed centra podnikov\u00fdch a IT slu\u017eeb odvr\u00e1tila riziko p\u0159\u00edpadn\u00e9ho p\u0159esunu do levn\u011bj\u0161\u00edch lokalit, mus\u00ed se sna\u017eit o maxim\u00e1ln\u00ed n\u00e1kladovou efektivitu. A i k t\u00e9 mohou do zna\u010dn\u00e9 m\u00edry p\u0159isp\u011bt technologie. Aktu\u00e1ln\u00ed trendy a p\u0159\u00edpadov\u00e9 studie jsou hojn\u011b diskutov\u00e1ny na na\u0161\u00ed leto\u0161n\u00ed konferenci, kter\u00e1 pr\u00e1v\u011b dnes za\u010d\u00edn\u00e1,\u201c<\/p>\n<\/blockquote>\n<p class=\"m26artc\">\u0159\u00edk\u00e1 na z\u00e1v\u011br Jonathan Appleton a dod\u00e1v\u00e1:<\/p>\n<blockquote>\n<p class=\"m26artc\">\u201eV\u011b\u0159\u00edm, \u017ee bohat\u00fd program, na kter\u00e9m jsme spolupracovali se stovkou prezentuj\u00edc\u00edch, nast\u00ednil, jak d\u00e1l udr\u017eet tento vysoce kvalifikovan\u00fd obor v r\u016fstu a p\u0159isp\u00edvat z na\u0161\u00ed zem\u011b k inovac\u00edm sv\u011btov\u00e9ho byznysu.\u201c<\/p>\n<\/blockquote>\n<\/div><div ><a class=\"fusion-button button-flat fusion-button-default-size button-default fusion-button-default button-1 fusion-button-default-span fusion-button-default-type\" target=\"_self\" href=\"https:\/\/www.businessit.cz\/cz1\/ekonomicky-prinos-podnikovych-a-it-sluzeb-stoupa-i-diky-zrychlene-adopci-technologii.php\"><span class=\"fusion-button-text\">Origin\u00e1ln\u00ed \u010cl\u00e1nek<\/span><\/a><\/div><\/div><\/div><\/div><\/div>\n","protected":false},"excerpt":{"rendered":"","protected":false},"author":6,"featured_media":7932,"menu_order":0,"comment_status":"open","ping_status":"closed","template":"","format":"standard","meta":{"_acf_changed":false,"footnotes":""},"portfolio_category":[35],"portfolio_skills":[],"portfolio_tags":[],"class_list":["post-7931","avada_portfolio","type-avada_portfolio","status-publish","format-standard","has-post-thumbnail","hentry","portfolio_category-absl-v-mediich"],"acf":[],"yoast_head":"<!-- This site is optimized with the Yoast SEO plugin v27.4 - https:\/\/yoast.com\/product\/yoast-seo-wordpress\/ -->\n<title>Ekonomick\u00fd p\u0159\u00ednos podnikov\u00fdch a IT slu\u017eeb stoup\u00e1 i d\u00edky zrychlen\u00e9 adopci technologi\u00ed - absl<\/title>\n<meta name=\"robots\" content=\"index, follow, max-snippet:-1, max-image-preview:large, max-video-preview:-1\" \/>\n<link rel=\"canonical\" href=\"https:\/\/absl.cz\/cs\/news\/ekonomicky-prinos-podnikovych-a-it-sluzeb-stoupa-i-diky-zrychlene-adopci-technologii\/\" \/>\n<meta property=\"og:locale\" content=\"cs_CZ\" \/>\n<meta property=\"og:type\" content=\"article\" \/>\n<meta property=\"og:title\" content=\"Ekonomick\u00fd p\u0159\u00ednos podnikov\u00fdch a IT slu\u017eeb stoup\u00e1 i d\u00edky zrychlen\u00e9 adopci technologi\u00ed - absl\" \/>\n<meta property=\"og:url\" content=\"https:\/\/absl.cz\/cs\/news\/ekonomicky-prinos-podnikovych-a-it-sluzeb-stoupa-i-diky-zrychlene-adopci-technologii\/\" \/>\n<meta property=\"og:site_name\" content=\"absl\" \/>\n<meta property=\"article:modified_time\" content=\"2024-02-01T10:21:54+00:00\" \/>\n<meta property=\"og:image\" content=\"https:\/\/absl.cz\/wp-content\/uploads\/2024\/02\/Future-of-4-generations.png\" \/>\n\t<meta property=\"og:image:width\" content=\"560\" \/>\n\t<meta property=\"og:image:height\" content=\"560\" \/>\n\t<meta property=\"og:image:type\" content=\"image\/png\" \/>\n<meta name=\"twitter:card\" content=\"summary_large_image\" \/>\n<meta name=\"twitter:label1\" content=\"Odhadovan\u00e1 doba \u010dten\u00ed\" \/>\n\t<meta name=\"twitter:data1\" content=\"2 minuty\" \/>\n<script type=\"application\/ld+json\" class=\"yoast-schema-graph\">{\"@context\":\"https:\\\/\\\/schema.org\",\"@graph\":[{\"@type\":\"WebPage\",\"@id\":\"https:\\\/\\\/absl.cz\\\/cs\\\/news\\\/ekonomicky-prinos-podnikovych-a-it-sluzeb-stoupa-i-diky-zrychlene-adopci-technologii\\\/\",\"url\":\"https:\\\/\\\/absl.cz\\\/cs\\\/news\\\/ekonomicky-prinos-podnikovych-a-it-sluzeb-stoupa-i-diky-zrychlene-adopci-technologii\\\/\",\"name\":\"Ekonomick\u00fd p\u0159\u00ednos podnikov\u00fdch a IT slu\u017eeb stoup\u00e1 i d\u00edky zrychlen\u00e9 adopci technologi\u00ed - absl\",\"isPartOf\":{\"@id\":\"https:\\\/\\\/absl.cz\\\/cs\\\/#website\"},\"primaryImageOfPage\":{\"@id\":\"https:\\\/\\\/absl.cz\\\/cs\\\/news\\\/ekonomicky-prinos-podnikovych-a-it-sluzeb-stoupa-i-diky-zrychlene-adopci-technologii\\\/#primaryimage\"},\"image\":{\"@id\":\"https:\\\/\\\/absl.cz\\\/cs\\\/news\\\/ekonomicky-prinos-podnikovych-a-it-sluzeb-stoupa-i-diky-zrychlene-adopci-technologii\\\/#primaryimage\"},\"thumbnailUrl\":\"https:\\\/\\\/absl.cz\\\/wp-content\\\/uploads\\\/2024\\\/02\\\/Future-of-4-generations.png\",\"datePublished\":\"2023-12-13T10:15:04+00:00\",\"dateModified\":\"2024-02-01T10:21:54+00:00\",\"breadcrumb\":{\"@id\":\"https:\\\/\\\/absl.cz\\\/cs\\\/news\\\/ekonomicky-prinos-podnikovych-a-it-sluzeb-stoupa-i-diky-zrychlene-adopci-technologii\\\/#breadcrumb\"},\"inLanguage\":\"cs\",\"potentialAction\":[{\"@type\":\"ReadAction\",\"target\":[\"https:\\\/\\\/absl.cz\\\/cs\\\/news\\\/ekonomicky-prinos-podnikovych-a-it-sluzeb-stoupa-i-diky-zrychlene-adopci-technologii\\\/\"]}]},{\"@type\":\"ImageObject\",\"inLanguage\":\"cs\",\"@id\":\"https:\\\/\\\/absl.cz\\\/cs\\\/news\\\/ekonomicky-prinos-podnikovych-a-it-sluzeb-stoupa-i-diky-zrychlene-adopci-technologii\\\/#primaryimage\",\"url\":\"https:\\\/\\\/absl.cz\\\/wp-content\\\/uploads\\\/2024\\\/02\\\/Future-of-4-generations.png\",\"contentUrl\":\"https:\\\/\\\/absl.cz\\\/wp-content\\\/uploads\\\/2024\\\/02\\\/Future-of-4-generations.png\",\"width\":560,\"height\":560},{\"@type\":\"BreadcrumbList\",\"@id\":\"https:\\\/\\\/absl.cz\\\/cs\\\/news\\\/ekonomicky-prinos-podnikovych-a-it-sluzeb-stoupa-i-diky-zrychlene-adopci-technologii\\\/#breadcrumb\",\"itemListElement\":[{\"@type\":\"ListItem\",\"position\":1,\"name\":\"Portfolio\",\"item\":\"https:\\\/\\\/absl.cz\\\/portfolio-items\\\/\"},{\"@type\":\"ListItem\",\"position\":2,\"name\":\"Ekonomick\u00fd p\u0159\u00ednos podnikov\u00fdch a IT slu\u017eeb stoup\u00e1 i d\u00edky zrychlen\u00e9 adopci technologi\u00ed\"}]},{\"@type\":\"WebSite\",\"@id\":\"https:\\\/\\\/absl.cz\\\/cs\\\/#website\",\"url\":\"https:\\\/\\\/absl.cz\\\/cs\\\/\",\"name\":\"absl\",\"description\":\"\",\"potentialAction\":[{\"@type\":\"SearchAction\",\"target\":{\"@type\":\"EntryPoint\",\"urlTemplate\":\"https:\\\/\\\/absl.cz\\\/cs\\\/?s={search_term_string}\"},\"query-input\":{\"@type\":\"PropertyValueSpecification\",\"valueRequired\":true,\"valueName\":\"search_term_string\"}}],\"inLanguage\":\"cs\"}]}<\/script>\n<!-- \/ Yoast SEO plugin. -->","yoast_head_json":{"title":"Ekonomick\u00fd p\u0159\u00ednos podnikov\u00fdch a IT slu\u017eeb stoup\u00e1 i d\u00edky zrychlen\u00e9 adopci technologi\u00ed - absl","robots":{"index":"index","follow":"follow","max-snippet":"max-snippet:-1","max-image-preview":"max-image-preview:large","max-video-preview":"max-video-preview:-1"},"canonical":"https:\/\/absl.cz\/cs\/news\/ekonomicky-prinos-podnikovych-a-it-sluzeb-stoupa-i-diky-zrychlene-adopci-technologii\/","og_locale":"cs_CZ","og_type":"article","og_title":"Ekonomick\u00fd p\u0159\u00ednos podnikov\u00fdch a IT slu\u017eeb stoup\u00e1 i d\u00edky zrychlen\u00e9 adopci technologi\u00ed - absl","og_url":"https:\/\/absl.cz\/cs\/news\/ekonomicky-prinos-podnikovych-a-it-sluzeb-stoupa-i-diky-zrychlene-adopci-technologii\/","og_site_name":"absl","article_modified_time":"2024-02-01T10:21:54+00:00","og_image":[{"width":560,"height":560,"url":"https:\/\/absl.cz\/wp-content\/uploads\/2024\/02\/Future-of-4-generations.png","type":"image\/png"}],"twitter_card":"summary_large_image","twitter_misc":{"Odhadovan\u00e1 doba \u010dten\u00ed":"2 minuty"},"schema":{"@context":"https:\/\/schema.org","@graph":[{"@type":"WebPage","@id":"https:\/\/absl.cz\/cs\/news\/ekonomicky-prinos-podnikovych-a-it-sluzeb-stoupa-i-diky-zrychlene-adopci-technologii\/","url":"https:\/\/absl.cz\/cs\/news\/ekonomicky-prinos-podnikovych-a-it-sluzeb-stoupa-i-diky-zrychlene-adopci-technologii\/","name":"Ekonomick\u00fd p\u0159\u00ednos podnikov\u00fdch a IT slu\u017eeb stoup\u00e1 i d\u00edky zrychlen\u00e9 adopci technologi\u00ed - absl","isPartOf":{"@id":"https:\/\/absl.cz\/cs\/#website"},"primaryImageOfPage":{"@id":"https:\/\/absl.cz\/cs\/news\/ekonomicky-prinos-podnikovych-a-it-sluzeb-stoupa-i-diky-zrychlene-adopci-technologii\/#primaryimage"},"image":{"@id":"https:\/\/absl.cz\/cs\/news\/ekonomicky-prinos-podnikovych-a-it-sluzeb-stoupa-i-diky-zrychlene-adopci-technologii\/#primaryimage"},"thumbnailUrl":"https:\/\/absl.cz\/wp-content\/uploads\/2024\/02\/Future-of-4-generations.png","datePublished":"2023-12-13T10:15:04+00:00","dateModified":"2024-02-01T10:21:54+00:00","breadcrumb":{"@id":"https:\/\/absl.cz\/cs\/news\/ekonomicky-prinos-podnikovych-a-it-sluzeb-stoupa-i-diky-zrychlene-adopci-technologii\/#breadcrumb"},"inLanguage":"cs","potentialAction":[{"@type":"ReadAction","target":["https:\/\/absl.cz\/cs\/news\/ekonomicky-prinos-podnikovych-a-it-sluzeb-stoupa-i-diky-zrychlene-adopci-technologii\/"]}]},{"@type":"ImageObject","inLanguage":"cs","@id":"https:\/\/absl.cz\/cs\/news\/ekonomicky-prinos-podnikovych-a-it-sluzeb-stoupa-i-diky-zrychlene-adopci-technologii\/#primaryimage","url":"https:\/\/absl.cz\/wp-content\/uploads\/2024\/02\/Future-of-4-generations.png","contentUrl":"https:\/\/absl.cz\/wp-content\/uploads\/2024\/02\/Future-of-4-generations.png","width":560,"height":560},{"@type":"BreadcrumbList","@id":"https:\/\/absl.cz\/cs\/news\/ekonomicky-prinos-podnikovych-a-it-sluzeb-stoupa-i-diky-zrychlene-adopci-technologii\/#breadcrumb","itemListElement":[{"@type":"ListItem","position":1,"name":"Portfolio","item":"https:\/\/absl.cz\/portfolio-items\/"},{"@type":"ListItem","position":2,"name":"Ekonomick\u00fd p\u0159\u00ednos podnikov\u00fdch a IT slu\u017eeb stoup\u00e1 i d\u00edky zrychlen\u00e9 adopci technologi\u00ed"}]},{"@type":"WebSite","@id":"https:\/\/absl.cz\/cs\/#website","url":"https:\/\/absl.cz\/cs\/","name":"absl","description":"","potentialAction":[{"@type":"SearchAction","target":{"@type":"EntryPoint","urlTemplate":"https:\/\/absl.cz\/cs\/?s={search_term_string}"},"query-input":{"@type":"PropertyValueSpecification","valueRequired":true,"valueName":"search_term_string"}}],"inLanguage":"cs"}]}},"_links":{"self":[{"href":"https:\/\/absl.cz\/cs\/wp-json\/wp\/v2\/avada_portfolio\/7931","targetHints":{"allow":["GET"]}}],"collection":[{"href":"https:\/\/absl.cz\/cs\/wp-json\/wp\/v2\/avada_portfolio"}],"about":[{"href":"https:\/\/absl.cz\/cs\/wp-json\/wp\/v2\/types\/avada_portfolio"}],"author":[{"embeddable":true,"href":"https:\/\/absl.cz\/cs\/wp-json\/wp\/v2\/users\/6"}],"replies":[{"embeddable":true,"href":"https:\/\/absl.cz\/cs\/wp-json\/wp\/v2\/comments?post=7931"}],"version-history":[{"count":1,"href":"https:\/\/absl.cz\/cs\/wp-json\/wp\/v2\/avada_portfolio\/7931\/revisions"}],"predecessor-version":[{"id":7934,"href":"https:\/\/absl.cz\/cs\/wp-json\/wp\/v2\/avada_portfolio\/7931\/revisions\/7934"}],"wp:featuredmedia":[{"embeddable":true,"href":"https:\/\/absl.cz\/cs\/wp-json\/wp\/v2\/media\/7932"}],"wp:attachment":[{"href":"https:\/\/absl.cz\/cs\/wp-json\/wp\/v2\/media?parent=7931"}],"wp:term":[{"taxonomy":"portfolio_category","embeddable":true,"href":"https:\/\/absl.cz\/cs\/wp-json\/wp\/v2\/portfolio_category?post=7931"},{"taxonomy":"portfolio_skills","embeddable":true,"href":"https:\/\/absl.cz\/cs\/wp-json\/wp\/v2\/portfolio_skills?post=7931"},{"taxonomy":"portfolio_tags","embeddable":true,"href":"https:\/\/absl.cz\/cs\/wp-json\/wp\/v2\/portfolio_tags?post=7931"}],"curies":[{"name":"wp","href":"https:\/\/api.w.org\/{rel}","templated":true}]}}