{"id":7975,"date":"2024-01-23T12:19:44","date_gmt":"2024-01-23T11:19:44","guid":{"rendered":"https:\/\/absl.cz\/?post_type=avada_portfolio&#038;p=7975"},"modified":"2024-02-01T14:55:36","modified_gmt":"2024-02-01T13:55:36","slug":"technologicky-vyplach-pokracuje-jak-jsme-na-tom-s-propoustenim-v-cesku","status":"publish","type":"avada_portfolio","link":"https:\/\/absl.cz\/cs\/news\/technologicky-vyplach-pokracuje-jak-jsme-na-tom-s-propoustenim-v-cesku\/","title":{"rendered":"Technologick\u00fd v\u00fdplach pokra\u010duje. Jak jsme na tom s propou\u0161t\u011bn\u00edm v \u010cesku?"},"content":{"rendered":"<div class=\"fusion-fullwidth fullwidth-box fusion-builder-row-1 fusion-flex-container has-pattern-background has-mask-background nonhundred-percent-fullwidth non-hundred-percent-height-scrolling\" style=\"--awb-border-radius-top-left:0px;--awb-border-radius-top-right:0px;--awb-border-radius-bottom-right:0px;--awb-border-radius-bottom-left:0px;--awb-flex-wrap:wrap;\" ><div class=\"fusion-builder-row fusion-row fusion-flex-align-items-flex-start fusion-flex-content-wrap\" style=\"max-width:1123.2px;margin-left: calc(-4% \/ 2 );margin-right: calc(-4% \/ 2 );\"><div class=\"fusion-layout-column fusion_builder_column fusion-builder-column-0 fusion_builder_column_1_1 1_1 fusion-flex-column\" style=\"--awb-bg-size:cover;--awb-width-large:100%;--awb-margin-top-large:0px;--awb-spacing-right-large:1.92%;--awb-margin-bottom-large:20px;--awb-spacing-left-large:1.92%;--awb-width-medium:100%;--awb-order-medium:0;--awb-spacing-right-medium:1.92%;--awb-spacing-left-medium:1.92%;--awb-width-small:100%;--awb-order-small:0;--awb-spacing-right-small:1.92%;--awb-spacing-left-small:1.92%;\"><div class=\"fusion-column-wrapper fusion-column-has-shadow fusion-flex-justify-content-flex-start fusion-content-layout-column\"><div class=\"fusion-text fusion-text-1\"><p><strong>Hladk\u00e9 ekonomick\u00e9 p\u0159ist\u00e1n\u00ed? I\u00a0kdy\u017e si americk\u00e1 centr\u00e1ln\u00ed banka m\u016f\u017ee \u0159\u00edkat, co chce, l\u00edd\u0159i technologick\u00e9ho sektoru maj\u00ed sv\u016fj n\u00e1zor. Posledn\u00ed dva roky se v\u00a0n\u011bm ve velk\u00e9m propou\u0161t\u011blo a\u00a0v\u00fdjimkou nem\u00e1 b\u00fdt ani leto\u0161ek.<\/strong><\/p>\n<p>Zvr\u00e1til se tak mnohalet\u00fd trend, kdy technologick\u00e9 firmy doslova luxovaly pracovn\u00ed trh a\u00a0neust\u00e1le se nab\u00eddkou poh\u00e1dkov\u00fdch plat\u016f a\u00a0je\u0161t\u011b poh\u00e1dkov\u011bj\u0161\u00edch benefit\u016f navz\u00e1jem p\u0159etahovaly o\u00a0kvalifikovan\u00e9 zam\u011bstnance. Trend vyvrcholil v\u00a0roce 2021 n\u00e1borovou hore\u010dkou, kter\u00e1 si moc nezadala s\u00a0tou zlatou na Divok\u00e9m z\u00e1pad\u011b.<\/p>\n<p>D\u0159\u00edve bobtnaj\u00edc\u00ed pracovn\u00ed trh ale od roku 2022 proch\u00e1z\u00ed odtu\u010d\u0148ovac\u00ed k\u00farou \u2013 a\u00a0ta pokra\u010duje i\u00a0v\u00a0prvn\u00edch t\u00fddnech leto\u0161n\u00edho roku. Bude stejn\u011b nemilosrdn\u00fd jako ten lo\u0148sk\u00fd?<\/p>\n<p>Technologick\u00e9 firmy podle trackeru v\u00fdpov\u011bd\u00ed Layoffs propustily do za\u010d\u00e1tku \u010dtvrt\u00e9ho lednov\u00e9ho t\u00fddne 9500 zam\u011bstnanc\u016f. Ve srovn\u00e1n\u00ed s\u00a0lednem lo\u0148sk\u00e9ho roku, kdy do\u0161lo k\u00a0zat\u00edm nejv\u011bt\u0161\u00edmu masakru zam\u011bstnaneck\u00fdch pom\u011br\u016f v\u00a0sektoru, vypad\u00e1 leto\u0161n\u00ed leden je\u0161t\u011b docela optimisticky: tehdy muselo v\u00a0technologick\u00e9m sektoru nedobrovoln\u011b opustit sv\u00e9 pozice devades\u00e1t tis\u00edc lid\u00ed.<\/p>\n<p>Dva roky propou\u0161t\u011bn\u00ed v\u00a0d\u0159\u00edve nedotknuteln\u00e9 oblasti nicm\u00e9n\u011b zm\u011bnily vn\u00edm\u00e1n\u00ed toho, kdo ze zam\u011bstnavatel\u016f p\u0159edstavuje pro uchaze\u010de skute\u010dn\u00fd jackpot. Zat\u00edmco dlouh\u00e1 l\u00e9ta byla opravdovou v\u00fdhrou nap\u0159\u00edklad technick\u00e1 pozice u\u00a0gigant\u016f jako Google, Meta \u010di\u00a0Microsoft, ob\u0159\u00ed vlny propou\u0161t\u011bn\u00ed v\u00a0t\u011bchto spole\u010dnostech vedly u\u00a0\u0159ady uchaze\u010d\u016f k\u00a0p\u0159ehodnocen\u00ed priorit.<\/p>\n<div class=\"forbes-widget forbes-widget--quote \">\n<div class=\"forbes-widget-in\">\n<blockquote>\n<div class=\"forbes-widget-quote\">Duolingo odst\u0159ihlo deset procent dodavetel\u016f obsahu.<\/div>\n<\/blockquote>\n<\/div>\n<\/div>\n<p>Jen p\u0159edminul\u00fd t\u00fdden Google ozn\u00e1mil, \u017ee propust\u00ed n\u011bkolik set lid\u00ed ze sv\u00e9ho odd\u011blen\u00ed prodeje reklamy a\u00a0sto pozic v\u00a0YouTube. V\u00a0intern\u00edm dopise zam\u011bstnanc\u016fm pak CEO Sundar Pichai zam\u011bstnanc\u016fm ozn\u00e1mil, \u017ee dal\u0161\u00ed propou\u0161t\u011bn\u00ed je v\u00a0po\u0159adn\u00edku.<\/p>\n<p>Google nen\u00ed zdaleka jedin\u00fd. Amazon ozn\u00e1mil pl\u00e1n na \u010d\u00e1ste\u010dnou redukci zam\u011bstnanc\u016f t\u00fdmu Buy with Prime, softwarov\u00e1 spole\u010dnost Veeam, jeden z\u00a0glob\u00e1ln\u00edch hr\u00e1\u010d\u016f v\u00a0z\u00e1lohov\u00e1n\u00ed a\u00a0obnov\u011b dat, ru\u0161\u00ed zat\u00edm t\u0159i sta pracovn\u00edch m\u00edst, a\u00a0sv\u00e9ho \u010dasu nad\u011bjn\u00fd startup Frontdesk propou\u0161t\u00ed sv\u016fj kompletn\u00ed t\u00fdm o\u00a0zhruba dvou stech zam\u011bstnanc\u00edch.<\/p>\n<p>Asijsk\u00e1 Lazada Group, sou\u010d\u00e1st \u010d\u00ednsk\u00e9ho e-commerce hegemona Alibaba Group, propustila sto lid\u00ed, burzovn\u011b obchodovan\u00e1 biotech spole\u010dnost NanoString se zbavuje deseti procent zam\u011bstnanc\u016f, a\u00a0spole\u010dnosti tak\u00e9 hroz\u00ed delistov\u00e1n\u00ed z\u00a0burzy Nasdaq. Spolupr\u00e1ce rozvazovala i\u00a0popul\u00e1rn\u00ed jazykov\u00e1 aplikace Duolingo, kter\u00e1 odst\u0159ihla deset procent dodavatel\u016f obsahu.<\/p>\n<p>Jednoro\u017eec InVision, kolaborativn\u00ed startup, jako konkurence Adobe sv\u00e9ho \u010dasu trhem ocen\u011bn\u00fd na dv\u011b miliardy dolar\u016f, to pro jistotou rovnou bal\u00ed \u00fapln\u011b. E-commerce je tvrd\u00fd byznys, o\u00a0\u010dem\u017e se p\u0159esv\u011bd\u010dil tak\u00e9 indick\u00fd Flipkart, kter\u00fd byl letos donucen zbavit se rovnou 1100 zam\u011bstnanc\u016f.<\/p>\n<p>Loni vlna propou\u0161t\u011bn\u00ed dorazila i\u00a0do hern\u00edho byznysu. Sanfrancisk\u00e1 Unity, stoj\u00edc\u00ed za popul\u00e1rn\u00edm softwarem pro tvorbu her, se letos musela zbavit p\u011btadvaceti procent zam\u011bstnanc\u016f, tedy 1800\u00a0lid\u00ed. Amazonem vlastn\u011bn\u00e1 streamovac\u00ed platforma Twitch se v\u00a0lednu rozlou\u010dila s\u00a0p\u011bti stovkami zam\u011bstnanc\u016f a\u00a0konkuren\u010dn\u00ed Discord pro zm\u011bnu propust\u00ed sedmn\u00e1ct procent zam\u011bstnanc\u016f.<\/p>\n<p>Ani spole\u010dnosti, kter\u00e9 ve velk\u00e9m nepropou\u0161t\u00ed, se ji\u017e ale se zam\u011bstnanci tolik nemazl\u00ed. Apple nap\u0159\u00edklad zav\u00edr\u00e1 v\u00edce ne\u017e sto\u010dlennou kancel\u00e1\u0159 v\u00a0San Diegu, kde maj\u00ed zam\u011bstnanci na v\u00fdb\u011br ze dvou mo\u017enost\u00ed: p\u0159esunout se z\u00a0Kalifornie do Texasu, nebo si doj\u00edt pro v\u00fdpov\u011b\u010f.<\/p>\n<p>Vypad\u00e1 situace v\u00a0\u010cesku podobn\u011b, nebo se na\u0161emu st\u0159edoevropsk\u00e9mu ostr\u016fvku, or\u00e1movan\u00e9mu t\u00e9m\u011b\u0159 ze v\u0161ech stran pohrani\u010dn\u00edm poho\u0159\u00edm, propou\u0161t\u011bn\u00ed vyhnulo jako v\u00a0l\u00e9t\u011b sr\u00e1\u017eky?<\/p>\n<p>Martin Malo, \u0159editel nadn\u00e1rodn\u00ed person\u00e1ln\u00ed konzulta\u010dn\u00ed agentury Grafton Recruitment, p\u0159ipou\u0161t\u00ed m\u00edrn\u00fd \u00fabytek pozic. \u201eZejm\u00e9na kv\u016fli p\u0159ehodnocov\u00e1n\u00ed n\u00e1pln\u011b jednotliv\u00fdch rol\u00ed, centralizaci kompetenc\u00ed a\u00a0slu\u010dov\u00e1n\u00ed pracovn\u00edch pozic,\u201c vysv\u011btluje.<\/p>\n<blockquote>\n<p>\u201eFirmy za\u010daly vy\u017eadovat \u010dast\u011bj\u0161\u00ed doch\u00e1zku na pracovi\u0161t\u011b a\u00a0zv\u00fd\u0161ily i\u00a0preferenci n\u00e1boru do stavu oproti smlouv\u00e1m s\u00a0OSV\u010c. Hlad po\u00a0lidech nicm\u00e9n\u011b trv\u00e1. Mzdy v\u00a0Praze dosahuj\u00ed na \u0161edes\u00e1ti sedmi procentech IT pozic v\u00a0horn\u00edm rozp\u011bt\u00ed \u0161esticifern\u00fdch hodnot, v\u00a0Brn\u011b na sto tis\u00edc a\u00a0v\u00edce dos\u00e1hne pades\u00e1t sedm procent pozic. Meziro\u010dn\u011b rostly mzdy o\u00a0osm a\u017e deset procent,\u201c<\/p>\n<\/blockquote>\n<p>vypo\u010d\u00edt\u00e1v\u00e1 Malo.<\/p>\n<p>Jonathan Appleton, \u0159editel asociace ABSL, kter\u00e1 u\u00a0n\u00e1s sdru\u017euje centra IT a\u00a0podnikov\u00fdch slu\u017eeb, pokles z\u00e1jmu o\u00a0IT pozice nevn\u00edm\u00e1.<\/p>\n<blockquote>\n<p>\u201eIT slu\u017eby jsou nejrychleji rostouc\u00ed oblast\u00ed na\u0161eho oboru \u2013 meziro\u010dn\u011b vyrostou zhruba o\u00a0dvacet procent \u2013 a\u00a0firmy tedy intenzivn\u011b popt\u00e1vaj\u00ed \u0161irokou \u0161k\u00e1lu pozic, od v\u00fdvoj\u00e1\u0159\u016f p\u0159es experty na automatizaci a\u00a0robotizaci a\u017e po\u00a0specialisty na IT bezpe\u010dnost, um\u011blou inteligenci a\u00a0datovou analytiku,\u201c<\/p>\n<\/blockquote>\n<p>konstatuje Appleton.<\/p>\n<p>Ness Czech, \u010desk\u00e1 pobo\u010dka na Nasdaqu kotovan\u00e9ho izraelsk\u00e9ho giganta v\u00a0oblasti poskytov\u00e1n\u00ed IT slu\u017eeb, m\u00e1 zat\u00edm sp\u00ed\u0161e opa\u010dn\u00fd probl\u00e9m, ne\u017e \u017ee by pot\u0159ebovala propou\u0161t\u011bt. \u201ePropou\u0161t\u011bn\u00ed v\u00a0pl\u00e1nu nem\u00e1me, da\u0159\u00ed se n\u00e1m st\u00e1le r\u016fst. Popt\u00e1vek je dostatek, a\u00a0proto kontinu\u00e1ln\u011b pokra\u010dujeme s\u00a0n\u00e1borem nov\u00fdch zam\u011bstnanc\u016f. Nejv\u00fdznamn\u011bj\u0161\u00ed roz\u0161i\u0159ov\u00e1n\u00ed \u0159ad na\u0161ich koleg\u016f pl\u00e1nujeme v\u00a0oblasti SAP,\u201c p\u0159ibli\u017euje \u0161\u00e9fka n\u00e1bor\u016f Petra Andrlov\u00e1.<\/p>\n<p>Firma nicm\u00e9n\u011b pro vykon\u00e1van\u00e9 profese pot\u0159ebuje p\u0159ev\u00e1\u017en\u011b m\u00edstn\u00ed specialisty, a\u00a0nen\u00ed zde tud\u00ed\u017e takov\u00e1 konkurence zahrani\u010dn\u00edch pracovn\u00edk\u016f. \u201eV\u011bt\u0161ina na\u0161ich projekt\u016f je lok\u00e1ln\u00edch, a\u00a0tud\u00ed\u017e je klientem vy\u017eadov\u00e1n i\u00a0lok\u00e1ln\u00ed jazyk, tedy \u010de\u0161tina. V\u00a0posledn\u00ed dob\u011b se n\u00e1m ale poda\u0159ilo v\u00edcekr\u00e1t s\u00e1hnout po\u00a0kandid\u00e1tech ze Slovenska, kde m\u00e1 Ness sv\u00e9 pobo\u010dky,\u201c dod\u00e1v\u00e1 Andrlov\u00e1.<\/p>\n<p>Ani Paul Melmon, \u0159editel \u010desk\u00e9ho v\u00fdzkumn\u00e9ho a\u00a0v\u00fdvojov\u00e9ho centra firmy Pure Storage, tlak z\u00a0trhu p\u0159\u00edli\u0161 nevn\u00edm\u00e1 \u2013 op\u011bt je to ale d\u00e1no sp\u00ed\u0161e etablovanou pozic\u00ed spole\u010dnosti.<\/p>\n<blockquote>\n<p>\u201eOd zalo\u017een\u00ed v\u00fdzkumn\u00e9ho a\u00a0v\u00fdvojov\u00e9ho centra v\u00a0Praze v\u00a0roce 2020 se dlouhodob\u011b dr\u017e\u00edme strategie naj\u00edm\u00e1n\u00ed nejlep\u0161\u00edch talent\u016f v\u00a0\u010cesk\u00e9 republice. V\u00a0n\u011bkter\u00fdch p\u0159\u00edpadech se zam\u011b\u0159ujeme i\u00a0na p\u0159esun talent\u016f ze z\u00e1mo\u0159\u00ed, ale obecn\u011b jsme se zdej\u0161\u00ed dostupnost\u00ed spokojeni,\u201c<\/p>\n<\/blockquote>\n<p>pochvaluje si.<\/p>\n<p>Jinak se ale m\u016f\u017ee situace jevit, pokud zaost\u0159\u00edme na men\u0161\u00ed spole\u010dnosti a\u00a0startupy. \u201eMnoho technologick\u00fdch startup\u016f u\u00a0n\u00e1s st\u00e1le propou\u0161t\u00ed a\u00a0my to vn\u00edm\u00e1me zejm\u00e9na podle vln z\u00e1jemc\u016f o\u00a0pr\u00e1ci na trhu,\u201c konstatuje Jan \u010curn, gener\u00e1ln\u00ed \u0159editel a\u00a0spoluzakladatel platformy Apify.<\/p>\n<p>\u201e\u010casto se jedn\u00e1 o\u00a0velk\u00e9 startupy, kter\u00e9 v\u00a0obdob\u00ed p\u0159emr\u0161t\u011bn\u00fdch valuac\u00ed v\u00a0letech 2020\u20132022 z\u00edskaly hodn\u011b pen\u011bz nebo nab\u00edraly mnoho lid\u00ed za vysok\u00e9 odm\u011bny. Ty se nyn\u00ed mus\u00ed st\u00e1t profitabiln\u00edmi, a\u00a0tedy i\u00a0d\u00e1le tvrd\u011b sni\u017eovat n\u00e1klady,\u201c vysv\u011btluje.<\/p>\n<p>Firma samotn\u00e1 nicm\u00e9n\u011b pokra\u010duje v n\u00e1borech a uvoln\u011bn\u00ed nov\u00fdch lid\u00ed na trh j\u00ed v tom zna\u010dn\u011b pom\u00e1h\u00e1. \u201eMnoho zahrani\u010dn\u00edch firem se vrac\u00ed z home officu zp\u011bt do kancel\u00e1\u0159\u00ed. Sni\u017euje se po\u010det remote rol\u00ed a zvy\u0161uje konkurence mezi kandid\u00e1ty. Celkov\u011b tak na na\u0161em pracovn\u00edm trhu vn\u00edm\u00e1me v\u011bt\u0161\u00ed po\u010det kvalitn\u00edch kandid\u00e1t\u016f, kte\u0159\u00ed nav\u00edc maj\u00ed realisti\u010dt\u011bj\u0161\u00ed p\u0159edstavy o odm\u011bn\u011b, ne\u017e tomu bylo zhruba p\u0159ed dv\u011bma lety,\u201c dod\u00e1v\u00e1.<\/p>\n<div class=\"forbes-widget forbes-widget--quote \">\n<div class=\"forbes-widget-in\">\n<div class=\"forbes-widget-quote\">N\u00e1ladu na trhu vn\u00edm\u00e1m pozitivn\u011b.<\/div>\n<\/div>\n<\/div>\n<p>Podobn\u011b bere situaci i\u00a0Pavel Bulowski, spoluzakladatel a\u00a0produktov\u00fd \u0159editel mezin\u00e1rodn\u00edho datov\u00e9ho startupu Meiro. \u201eN\u00e1ladu na trhu z\u00a0pohledu zam\u011bstnavatele vn\u00edm\u00e1m pozitivn\u011b. V\u00a0oblasti IT se normalizuje ji\u017e od za\u010d\u00e1tku roku 2023 a\u00a0je zn\u00e1t z\u00e1sadn\u00ed obrat a\u00a0v\u011bt\u0161\u00ed dostupnost kvalitn\u00edch kandid\u00e1t\u016f. Na druhou stranu je u\u00a0nich zn\u00e1t v\u011bt\u0161\u00ed m\u00edra averze k\u00a0riziku, spojen\u00e9mu se zm\u011bnou pr\u00e1ce,\u201c popisuje.<\/p>\n<p>I v\u00a0Meiru se ale zam\u011b\u0159uj\u00ed hlavn\u011b na r\u016fst a\u00a0dal\u0161\u00ed expanzi. Spole\u010dnost nav\u00edc t\u011b\u017e\u00ed z\u00a0rozkro\u010den\u00ed mezi st\u0159edem Evropy a\u00a0Singapurem. \u201eNa dom\u00e1c\u00ed trh spol\u00e9h\u00e1me v\u00a0men\u0161\u00ed m\u00ed\u0159e, tohle nastaven\u00ed n\u00e1m dob\u0159e pom\u00e1h\u00e1 vykr\u00fdvat lok\u00e1ln\u00ed turbulence \u2013 nap\u0159\u00edklad vysokou inflaci, kter\u00e1 se projevila v\u00a0Evrop\u011b v\u00a0mnohem v\u011bt\u0161\u00ed m\u00ed\u0159e ne\u017e v\u00a0jihov\u00fdchodn\u00ed Asii,\u201c up\u0159es\u0148uje Bulowski.<\/p>\n<p>S v\u011bt\u0161\u00edm narovn\u00e1n\u00edm vztahu mezi IT uchaze\u010di a\u00a0firmami souhlas\u00ed i\u00a0Mark\u00e9ta Tindel, HR mana\u017eerka spole\u010dnosti Onlio. \u201eAktu\u00e1ln\u011b registrujeme lep\u0161\u00ed situaci ne\u017e v\u00a0p\u0159edchoz\u00edch letech. Na trhu je v\u011bt\u0161\u00ed po\u010det dostupn\u00fdch IT specialist\u016f,\u201c potvrzuje.<\/p>\n<p>\u201eNab\u00edr\u00e1me nov\u00e9 zam\u011bstnance na vybran\u00e9 pozice a\u00a0u\u00a0st\u00e1vaj\u00edc\u00edch na dobu ur\u010ditou pe\u010dliv\u011b zva\u017eujeme, zda smlouvy prodlou\u017e\u00edme. V\u00a0r\u00e1mci na\u0161\u00ed strategie lidsk\u00fdch zdroj\u016f bereme v\u00a0\u00favahu vyu\u017eit\u00ed aktu\u00e1ln\u00ed situace na trhu k\u00a0akvizici talent\u016f, kte\u0159\u00ed d\u0159\u00edve nemuseli b\u00fdt dostupn\u00ed.\u201c<\/p>\n<p>Zv\u00fd\u0161en\u00fd po\u010det doned\u00e1vna nedostupn\u00fdch \u00fazkoprofilov\u00fdch expert\u016f na trhu registruje i\u00a0Dita Hor\u00e1kov\u00e1, HR mana\u017eerka \u010desko-slovensk\u00e9 spole\u010dnosti Citadelo, zam\u011b\u0159uj\u00edc\u00ed se na etick\u00fd hacking, red teaming a\u00a0penetra\u010dn\u00ed testov\u00e1n\u00ed.<\/p>\n<blockquote>\n<p>\u201eOd lo\u0148sk\u00e9ho velk\u00e9ho boomu AI, kdy na jedn\u00e9 stran\u011b za\u010daly kl\u00e1st spole\u010dnosti na informa\u010dn\u00ed bezpe\u010dnost vy\u0161\u0161\u00ed d\u016fraz, z\u00e1rove\u0148 registrujeme i\u00a0zv\u00fd\u0161en\u00fd po\u010det dostupn\u00fdch kandid\u00e1t\u016f ze segmentu IT se z\u00e1jmem o\u00a0kari\u00e9rn\u00ed rozvoj v\u00a0t\u00e9to oblasti. Prim\u00e1rn\u00ed c\u00edl na\u0161\u00ed n\u00e1borov\u00e9 strategie pro rok 2024 je r\u016fst t\u00fdm\u016f etick\u00fdch hacker\u016f,\u201c<\/p>\n<\/blockquote>\n<p>uv\u00e1d\u00ed Hor\u00e1kov\u00e1.<\/p>\n<p>\u201eC\u00edt\u00edme, \u017ee se na person\u00e1ln\u00edm IT trhu situace pozvolna m\u011bn\u00ed. Spole\u010dnosti zefektiv\u0148uj\u00ed pr\u00e1ci, restrukturalizuj\u00ed a\u00a0mnohdy propou\u0161t\u011bj\u00ed cel\u00e9 t\u00fdmy odborn\u00edk\u016f. I\u00a0s\u00a0t\u011bmito uchaze\u010di v\u00a0r\u00e1mci na\u0161\u00ed person\u00e1ln\u00ed strategie po\u010d\u00edt\u00e1me,\u201c \u0159\u00edk\u00e1 mana\u017eerka, podle n\u00ed\u017e \u010cesko i\u00a0Slovensko pat\u0159\u00ed mezi regiony se \u0161pi\u010dkov\u00fdm zastoupen\u00edm odborn\u00edk\u016f v\u00a0oblasti etick\u00e9ho hackingu.<\/p>\n<p>\u201eBohu\u017eel vzhledem k\u00a0jejich omezen\u00e9 kapacit\u011b se mus\u00edme postupn\u011b rozv\u00edjet i\u00a0mimo na\u0161e hranice,\u201c dod\u00e1v\u00e1. Zv\u00fd\u0161enou nejistotu na trhu pak registruje Zuzana Bro\u017eov\u00e1, mana\u017eerka technologick\u00fdch n\u00e1bor\u016f ze spole\u010dnosti Omio.<\/p>\n<p>\u201eTrh je napjat\u011bj\u0161\u00ed a\u00a0nejist\u011bj\u0161\u00ed. Kv\u016fli vln\u00e1m propou\u0161t\u011bn\u00ed se zvy\u0161uje po\u010det kandid\u00e1t\u016f, kte\u0159\u00ed sami aktivn\u011b hledaj\u00ed zam\u011bstn\u00e1n\u00ed. K\u00a0tomu se na pohovorech \u010d\u00edm d\u00e1l v\u00edce opakuj\u00ed ot\u00e1zky sm\u011b\u0159uj\u00edc\u00ed na stabilitu byznysu, kandid\u00e1ti v\u00edce kladou d\u016fraz na jistotu. To d\u0159\u00edve nebylo zvykem,\u201c uzav\u00edr\u00e1.<\/p>\n<\/div><div ><a class=\"fusion-button button-flat fusion-button-default-size button-default fusion-button-default button-1 fusion-button-default-span fusion-button-default-type\" target=\"_self\" href=\"https:\/\/forbes.cz\/technologicky-vyplach-pokracuje-jak-jsme-na-tom-s-propoustenim-v-cesku\/\"><span class=\"fusion-button-text\">Origin\u00e1ln\u00ed \u010cl\u00e1nek<\/span><\/a><\/div><\/div><\/div><\/div><\/div>\n","protected":false},"excerpt":{"rendered":"","protected":false},"author":6,"featured_media":7976,"menu_order":0,"comment_status":"open","ping_status":"closed","template":"","format":"standard","meta":{"_acf_changed":false,"footnotes":""},"portfolio_category":[35],"portfolio_skills":[],"portfolio_tags":[],"class_list":["post-7975","avada_portfolio","type-avada_portfolio","status-publish","format-standard","has-post-thumbnail","hentry","portfolio_category-absl-v-mediich"],"acf":[],"yoast_head":"<!-- This site is optimized with the Yoast SEO plugin v27.4 - https:\/\/yoast.com\/product\/yoast-seo-wordpress\/ -->\n<title>Technologick\u00fd v\u00fdplach pokra\u010duje. Jak jsme na tom s propou\u0161t\u011bn\u00edm v \u010cesku? - absl<\/title>\n<meta name=\"robots\" content=\"index, follow, max-snippet:-1, max-image-preview:large, max-video-preview:-1\" \/>\n<link rel=\"canonical\" href=\"https:\/\/absl.cz\/cs\/news\/technologicky-vyplach-pokracuje-jak-jsme-na-tom-s-propoustenim-v-cesku\/\" \/>\n<meta property=\"og:locale\" content=\"cs_CZ\" \/>\n<meta property=\"og:type\" content=\"article\" \/>\n<meta property=\"og:title\" content=\"Technologick\u00fd v\u00fdplach pokra\u010duje. Jak jsme na tom s propou\u0161t\u011bn\u00edm v \u010cesku? - absl\" \/>\n<meta property=\"og:url\" content=\"https:\/\/absl.cz\/cs\/news\/technologicky-vyplach-pokracuje-jak-jsme-na-tom-s-propoustenim-v-cesku\/\" \/>\n<meta property=\"og:site_name\" content=\"absl\" \/>\n<meta property=\"article:modified_time\" content=\"2024-02-01T13:55:36+00:00\" \/>\n<meta property=\"og:image\" content=\"https:\/\/absl.cz\/wp-content\/uploads\/2024\/02\/Screenshot-2024-02-01-14.54.37.png\" \/>\n\t<meta property=\"og:image:width\" content=\"1469\" \/>\n\t<meta property=\"og:image:height\" content=\"658\" \/>\n\t<meta property=\"og:image:type\" content=\"image\/png\" \/>\n<meta name=\"twitter:card\" content=\"summary_large_image\" \/>\n<meta name=\"twitter:label1\" content=\"Odhadovan\u00e1 doba \u010dten\u00ed\" \/>\n\t<meta name=\"twitter:data1\" content=\"6 minut\" \/>\n<script type=\"application\/ld+json\" class=\"yoast-schema-graph\">{\"@context\":\"https:\\\/\\\/schema.org\",\"@graph\":[{\"@type\":\"WebPage\",\"@id\":\"https:\\\/\\\/absl.cz\\\/cs\\\/news\\\/technologicky-vyplach-pokracuje-jak-jsme-na-tom-s-propoustenim-v-cesku\\\/\",\"url\":\"https:\\\/\\\/absl.cz\\\/cs\\\/news\\\/technologicky-vyplach-pokracuje-jak-jsme-na-tom-s-propoustenim-v-cesku\\\/\",\"name\":\"Technologick\u00fd v\u00fdplach pokra\u010duje. Jak jsme na tom s propou\u0161t\u011bn\u00edm v \u010cesku? - absl\",\"isPartOf\":{\"@id\":\"https:\\\/\\\/absl.cz\\\/cs\\\/#website\"},\"primaryImageOfPage\":{\"@id\":\"https:\\\/\\\/absl.cz\\\/cs\\\/news\\\/technologicky-vyplach-pokracuje-jak-jsme-na-tom-s-propoustenim-v-cesku\\\/#primaryimage\"},\"image\":{\"@id\":\"https:\\\/\\\/absl.cz\\\/cs\\\/news\\\/technologicky-vyplach-pokracuje-jak-jsme-na-tom-s-propoustenim-v-cesku\\\/#primaryimage\"},\"thumbnailUrl\":\"https:\\\/\\\/absl.cz\\\/wp-content\\\/uploads\\\/2024\\\/02\\\/Screenshot-2024-02-01-14.54.37.png\",\"datePublished\":\"2024-01-23T11:19:44+00:00\",\"dateModified\":\"2024-02-01T13:55:36+00:00\",\"breadcrumb\":{\"@id\":\"https:\\\/\\\/absl.cz\\\/cs\\\/news\\\/technologicky-vyplach-pokracuje-jak-jsme-na-tom-s-propoustenim-v-cesku\\\/#breadcrumb\"},\"inLanguage\":\"cs\",\"potentialAction\":[{\"@type\":\"ReadAction\",\"target\":[\"https:\\\/\\\/absl.cz\\\/cs\\\/news\\\/technologicky-vyplach-pokracuje-jak-jsme-na-tom-s-propoustenim-v-cesku\\\/\"]}]},{\"@type\":\"ImageObject\",\"inLanguage\":\"cs\",\"@id\":\"https:\\\/\\\/absl.cz\\\/cs\\\/news\\\/technologicky-vyplach-pokracuje-jak-jsme-na-tom-s-propoustenim-v-cesku\\\/#primaryimage\",\"url\":\"https:\\\/\\\/absl.cz\\\/wp-content\\\/uploads\\\/2024\\\/02\\\/Screenshot-2024-02-01-14.54.37.png\",\"contentUrl\":\"https:\\\/\\\/absl.cz\\\/wp-content\\\/uploads\\\/2024\\\/02\\\/Screenshot-2024-02-01-14.54.37.png\",\"width\":1469,\"height\":658},{\"@type\":\"BreadcrumbList\",\"@id\":\"https:\\\/\\\/absl.cz\\\/cs\\\/news\\\/technologicky-vyplach-pokracuje-jak-jsme-na-tom-s-propoustenim-v-cesku\\\/#breadcrumb\",\"itemListElement\":[{\"@type\":\"ListItem\",\"position\":1,\"name\":\"Portfolio\",\"item\":\"https:\\\/\\\/absl.cz\\\/portfolio-items\\\/\"},{\"@type\":\"ListItem\",\"position\":2,\"name\":\"Technologick\u00fd v\u00fdplach pokra\u010duje. Jak jsme na tom s propou\u0161t\u011bn\u00edm v \u010cesku?\"}]},{\"@type\":\"WebSite\",\"@id\":\"https:\\\/\\\/absl.cz\\\/cs\\\/#website\",\"url\":\"https:\\\/\\\/absl.cz\\\/cs\\\/\",\"name\":\"absl\",\"description\":\"\",\"potentialAction\":[{\"@type\":\"SearchAction\",\"target\":{\"@type\":\"EntryPoint\",\"urlTemplate\":\"https:\\\/\\\/absl.cz\\\/cs\\\/?s={search_term_string}\"},\"query-input\":{\"@type\":\"PropertyValueSpecification\",\"valueRequired\":true,\"valueName\":\"search_term_string\"}}],\"inLanguage\":\"cs\"}]}<\/script>\n<!-- \/ Yoast SEO plugin. -->","yoast_head_json":{"title":"Technologick\u00fd v\u00fdplach pokra\u010duje. Jak jsme na tom s propou\u0161t\u011bn\u00edm v \u010cesku? - absl","robots":{"index":"index","follow":"follow","max-snippet":"max-snippet:-1","max-image-preview":"max-image-preview:large","max-video-preview":"max-video-preview:-1"},"canonical":"https:\/\/absl.cz\/cs\/news\/technologicky-vyplach-pokracuje-jak-jsme-na-tom-s-propoustenim-v-cesku\/","og_locale":"cs_CZ","og_type":"article","og_title":"Technologick\u00fd v\u00fdplach pokra\u010duje. Jak jsme na tom s propou\u0161t\u011bn\u00edm v \u010cesku? - absl","og_url":"https:\/\/absl.cz\/cs\/news\/technologicky-vyplach-pokracuje-jak-jsme-na-tom-s-propoustenim-v-cesku\/","og_site_name":"absl","article_modified_time":"2024-02-01T13:55:36+00:00","og_image":[{"width":1469,"height":658,"url":"https:\/\/absl.cz\/wp-content\/uploads\/2024\/02\/Screenshot-2024-02-01-14.54.37.png","type":"image\/png"}],"twitter_card":"summary_large_image","twitter_misc":{"Odhadovan\u00e1 doba \u010dten\u00ed":"6 minut"},"schema":{"@context":"https:\/\/schema.org","@graph":[{"@type":"WebPage","@id":"https:\/\/absl.cz\/cs\/news\/technologicky-vyplach-pokracuje-jak-jsme-na-tom-s-propoustenim-v-cesku\/","url":"https:\/\/absl.cz\/cs\/news\/technologicky-vyplach-pokracuje-jak-jsme-na-tom-s-propoustenim-v-cesku\/","name":"Technologick\u00fd v\u00fdplach pokra\u010duje. Jak jsme na tom s propou\u0161t\u011bn\u00edm v \u010cesku? - absl","isPartOf":{"@id":"https:\/\/absl.cz\/cs\/#website"},"primaryImageOfPage":{"@id":"https:\/\/absl.cz\/cs\/news\/technologicky-vyplach-pokracuje-jak-jsme-na-tom-s-propoustenim-v-cesku\/#primaryimage"},"image":{"@id":"https:\/\/absl.cz\/cs\/news\/technologicky-vyplach-pokracuje-jak-jsme-na-tom-s-propoustenim-v-cesku\/#primaryimage"},"thumbnailUrl":"https:\/\/absl.cz\/wp-content\/uploads\/2024\/02\/Screenshot-2024-02-01-14.54.37.png","datePublished":"2024-01-23T11:19:44+00:00","dateModified":"2024-02-01T13:55:36+00:00","breadcrumb":{"@id":"https:\/\/absl.cz\/cs\/news\/technologicky-vyplach-pokracuje-jak-jsme-na-tom-s-propoustenim-v-cesku\/#breadcrumb"},"inLanguage":"cs","potentialAction":[{"@type":"ReadAction","target":["https:\/\/absl.cz\/cs\/news\/technologicky-vyplach-pokracuje-jak-jsme-na-tom-s-propoustenim-v-cesku\/"]}]},{"@type":"ImageObject","inLanguage":"cs","@id":"https:\/\/absl.cz\/cs\/news\/technologicky-vyplach-pokracuje-jak-jsme-na-tom-s-propoustenim-v-cesku\/#primaryimage","url":"https:\/\/absl.cz\/wp-content\/uploads\/2024\/02\/Screenshot-2024-02-01-14.54.37.png","contentUrl":"https:\/\/absl.cz\/wp-content\/uploads\/2024\/02\/Screenshot-2024-02-01-14.54.37.png","width":1469,"height":658},{"@type":"BreadcrumbList","@id":"https:\/\/absl.cz\/cs\/news\/technologicky-vyplach-pokracuje-jak-jsme-na-tom-s-propoustenim-v-cesku\/#breadcrumb","itemListElement":[{"@type":"ListItem","position":1,"name":"Portfolio","item":"https:\/\/absl.cz\/portfolio-items\/"},{"@type":"ListItem","position":2,"name":"Technologick\u00fd v\u00fdplach pokra\u010duje. Jak jsme na tom s propou\u0161t\u011bn\u00edm v \u010cesku?"}]},{"@type":"WebSite","@id":"https:\/\/absl.cz\/cs\/#website","url":"https:\/\/absl.cz\/cs\/","name":"absl","description":"","potentialAction":[{"@type":"SearchAction","target":{"@type":"EntryPoint","urlTemplate":"https:\/\/absl.cz\/cs\/?s={search_term_string}"},"query-input":{"@type":"PropertyValueSpecification","valueRequired":true,"valueName":"search_term_string"}}],"inLanguage":"cs"}]}},"_links":{"self":[{"href":"https:\/\/absl.cz\/cs\/wp-json\/wp\/v2\/avada_portfolio\/7975","targetHints":{"allow":["GET"]}}],"collection":[{"href":"https:\/\/absl.cz\/cs\/wp-json\/wp\/v2\/avada_portfolio"}],"about":[{"href":"https:\/\/absl.cz\/cs\/wp-json\/wp\/v2\/types\/avada_portfolio"}],"author":[{"embeddable":true,"href":"https:\/\/absl.cz\/cs\/wp-json\/wp\/v2\/users\/6"}],"replies":[{"embeddable":true,"href":"https:\/\/absl.cz\/cs\/wp-json\/wp\/v2\/comments?post=7975"}],"version-history":[{"count":1,"href":"https:\/\/absl.cz\/cs\/wp-json\/wp\/v2\/avada_portfolio\/7975\/revisions"}],"predecessor-version":[{"id":7978,"href":"https:\/\/absl.cz\/cs\/wp-json\/wp\/v2\/avada_portfolio\/7975\/revisions\/7978"}],"wp:featuredmedia":[{"embeddable":true,"href":"https:\/\/absl.cz\/cs\/wp-json\/wp\/v2\/media\/7976"}],"wp:attachment":[{"href":"https:\/\/absl.cz\/cs\/wp-json\/wp\/v2\/media?parent=7975"}],"wp:term":[{"taxonomy":"portfolio_category","embeddable":true,"href":"https:\/\/absl.cz\/cs\/wp-json\/wp\/v2\/portfolio_category?post=7975"},{"taxonomy":"portfolio_skills","embeddable":true,"href":"https:\/\/absl.cz\/cs\/wp-json\/wp\/v2\/portfolio_skills?post=7975"},{"taxonomy":"portfolio_tags","embeddable":true,"href":"https:\/\/absl.cz\/cs\/wp-json\/wp\/v2\/portfolio_tags?post=7975"}],"curies":[{"name":"wp","href":"https:\/\/api.w.org\/{rel}","templated":true}]}}